{"id":13903,"date":"2022-09-12T16:53:00","date_gmt":"2022-09-12T14:53:00","guid":{"rendered":"https:\/\/www.bdesign-floors.com\/rolunk\/adatvedelem\/"},"modified":"2022-10-17T10:49:32","modified_gmt":"2022-10-17T08:49:32","slug":"adatvedelem","status":"publish","type":"page","link":"https:\/\/www.bdesign-floors.com\/hu\/rolunk\/adatvedelem\/","title":{"rendered":"Adatv\u00e9delem"},"content":{"rendered":"<div id=\"bdesign2022_spacer_block_63061d222b814\" class=\"bdesign2022_block bdesign2022_block--bdesign2022_spacer\">\n    <div class=\"bdesign2022_block--wrapper\">\n        <div class=\"spacer\" style=\"height: 100px\"><\/div>\n    <\/div>\n<\/div>\n<div id=\"bdesign2022_customcontent_block_63061cc72b813\" class=\"bdesign2022_block bdesign2022_block--bdesign2022_customcontent\">\n    <div class=\"bdesign2022_block--wrapper\">\n        <div class=\"container\">\n            <div class=\"row\">\n                \n                    <div class=\"col-0 col-sm-2\"><\/div>\n                    <div class=\"col-12 col-sm-10 my-4\">\n                        <h1>Adatv\u00e9delmi szab\u00e1lyzat<\/h1>\n<p>Az \u00d6n adatv\u00e9delme fontos sz\u00e1munkra. Szeretn\u00e9nk, ha biztons\u00e1gban \u00e9rezn\u00e9 mag\u00e1t n\u00e1lunk. Ez\u00e9rt mi \u00e9s adatv\u00e9delmi tisztvisel\u0151nk gondoskodunk az adatv\u00e9delmi el\u0151\u00edr\u00e1sok, k\u00fcl\u00f6n\u00f6sen az eur\u00f3pai adatv\u00e9delmi rendelet (DSGVO) \u00e9s a n\u00e9met sz\u00f6vets\u00e9gi adatv\u00e9delmi t\u00f6rv\u00e9ny (BDSG) betart\u00e1s\u00e1r\u00f3l. Az al\u00e1bbiakban szeretn\u00e9nk t\u00e1j\u00e9koztatni \u00d6nt arr\u00f3l, hogy milyen c\u00e9lb\u00f3l kezelj\u00fck az \u00d6n adatait, \u00e9s hogyan gyakorolhatja jogait. Az adatv\u00e9delmi nyilatkozatot b\u00e1rmikor el\u00e9rheti az egyes oldalak alj\u00e1n tal\u00e1lhat\u00f3 &#8222;Adatv\u00e9delem&#8221; f\u00fcl\u00f6n kereszt\u00fcl.<\/p>\n<h4>A felel\u0151s szem\u00e9ly neve \u00e9s el\u00e9rhet\u0151s\u00e9gei<\/h4>\n<p>B! A design a BAUHAUS aj\u00e1nlata. Az \u00fcgyf\u00e9lszolg\u00e1latot a BAUHAUS t\u00e1rsas\u00e1gok<a href=\"https:\/\/www.bauhaus.info\/gesellschaften\" target=\"_blank\" rel=\"noopener noreferrer\">(https:\/\/www.bauhaus.info\/gesellschaften<\/a>) v\u00e9gzik a 26. cikk (1) bekezd\u00e9se szerinti k\u00f6z\u00f6s felel\u0151s\u00f6kr\u0151l sz\u00f3l\u00f3 meg\u00e1llapod\u00e1s alapj\u00e1n. 1 P. 1 GDPR. Az \u00fcgyfelekt\u0151l vagy \u00e9rintettekt\u0151l \u00e9rkez\u0151, adatv\u00e9delemmel kapcsolatos megkeres\u00e9sek k\u00f6zponti kapcsolattart\u00f3ja a k\u00f6vetkez\u0151<\/p>\n<p><strong>BAUHAUS AG<\/strong><br \/>\nMannheim Branch<br \/>\nGutenbergstra\u00dfe 21<br \/>\n68167 Mannheim<br \/>\nN\u00e9metorsz\u00e1g<br \/>\nTelefon: 0800 3905 000<br \/>\nE-mail: <a href=\"mailto:datenschutz@bauhaus.info\">datenschutz@bauhaus.info<\/a>.<\/p>\n<p>A BAUHAUS AG v\u00e1llalja az \u00e9rintettek GDPR szerinti jogainak teljes\u00edt\u00e9s\u00e9t (l\u00e1sd al\u00e1bb az \u00e9rintettek jogait).<br \/>\nA BAUHAUS v\u00e1llalatok az \u00fcgyfelek \u00e9s harmadik felek minden, az adatv\u00e9delemmel kapcsolatos megkeres\u00e9s\u00e9t a BAUHAUS AG-nak tov\u00e1bb\u00edtj\u00e1k. Ez nem \u00e9rinti az adatv\u00e9delmi tisztvisel\u0151h\u00f6z int\u00e9zett k\u00f6zvetlen k\u00e9relmeket. A 26. cikk (1) bekezd\u00e9se \u00e9rtelm\u00e9ben a k\u00f6z\u00f6sen felel\u0151s szem\u00e9lyek meg\u00e1llapod\u00e1s\u00e1nak l\u00e9nyeges tartalma. 1 S. 1 DSGVO megtal\u00e1lhat\u00f3 a k\u00f6vetkez\u0151 c\u00edmen: <a href=\"https:\/\/www.bauhaus.info\/gemeinsam_verantwortliche\" target=\"_blank\" rel=\"noopener noreferrer\">www.bauhaus.info\/gemeinsam_verantwortliche<\/a>.<\/p>\n<h4>Az adatv\u00e9delmi tisztvisel\u0151 el\u00e9rhet\u0151s\u00e9gei<\/h4>\n<p>Ha \u00d6nnek mint \u00e9rintettnek k\u00e9rd\u00e9sei vannak az adatainak az adatv\u00e9delmi jogszab\u00e1lyok szerinti kezel\u00e9s\u00e9vel kapcsolatban, k\u00e9tf\u00e9le m\u00f3don teheti fel k\u00e9rd\u00e9seit, vagy jelezheti agg\u00e1lyait:<\/p>\n<ul>\n<li>Az adatv\u00e9delemmel \u00e9s az \u00e9rintettek jogainak \u00e9rv\u00e9nyes\u00edt\u00e9s\u00e9vel kapcsolatos \u00e1ltal\u00e1nos k\u00e9rd\u00e9sekkel, p\u00e9ld\u00e1ul inform\u00e1ci\u00f3k\u00e9r\u00e9ssel kapcsolatban, k\u00e9rj\u00fck, forduljon a BAUHAUS adatv\u00e9delemhez a k\u00f6vetkez\u0151 c\u00edmen: datenschutz@bauhaus.info; \u00e9s<\/li>\n<li>Konkr\u00e9t k\u00e9rd\u00e9sekkel b\u00e1rmikor k\u00f6zvetlen\u00fcl is fordulhat a kijel\u00f6lt adatv\u00e9delmi tisztvisel\u0151h\u00f6z a k\u00f6vetkez\u0151 c\u00edmen: <a href=\"mailto:datenschutzbeauftragter@bauhaus.info.\">datenschutzbeauftragter@bauhaus.info<\/a>.<\/li>\n<\/ul>\n<h4>Az adatfeldolgoz\u00e1s c\u00e9lja \u00e9s jogalapja<\/h4>\n<h6>Szerver napl\u00f3f\u00e1jlok<\/h6>\n<p>A www.bdesign-vinyl.de oldal megl\u00e1togat\u00e1sakor a webszerver automatikusan r\u00f6gz\u00edti ezt az \u00fagynevezett szervernapl\u00f3f\u00e1jlokban. Ezek az adatok tartalmazz\u00e1k a haszn\u00e1lt b\u00f6ng\u00e9sz\u0151t, az oper\u00e1ci\u00f3s rendszert \u00e9s a hozz\u00e1f\u00e9r\u00e9si id\u0151t. Ezeket az adatokat kiz\u00e1r\u00f3lag statisztikai ki\u00e9rt\u00e9kel\u00e9s c\u00e9lj\u00e1b\u00f3l \u00e9s biztons\u00e1gi okokb\u00f3l (pl. vissza\u00e9l\u00e9sek vagy csal\u00e1sok felder\u00edt\u00e9se), valamint a weboldal m\u0171k\u00f6dtet\u00e9se c\u00e9lj\u00e1b\u00f3l haszn\u00e1ljuk fel. Az adatfeldolgoz\u00e1s jogalapja a 6. cikk (1) bek. 1 S. 1 lit. f) GDPR. Jogos \u00e9rdek\u00fcnk a weboldalunk m\u0171k\u00f6dtet\u00e9se \u00e9s bemutat\u00e1sa, valamint stabilit\u00e1s\u00e1nak \u00e9s funkcionalit\u00e1s\u00e1nak jav\u00edt\u00e1sa.<\/p>\n<p>A fent eml\u00edtett szem\u00e9lyes adatok \u00d6n \u00e1ltali megad\u00e1sa sem jogilag, sem szerz\u0151d\u00e9sileg nem k\u00f6telez\u0151. A szervernapl\u00f3f\u00e1jlok feldolgoz\u00e1sa n\u00e9lk\u00fcl azonban a weboldalunk szolg\u00e1ltat\u00e1sa \u00e9s m\u0171k\u00f6d\u00e9se nem garant\u00e1lhat\u00f3. Ezenk\u00edv\u00fcl el\u0151fordulhat, hogy egyes szolg\u00e1ltat\u00e1sok nem \u00e1llnak rendelkez\u00e9sre vagy korl\u00e1tozottak.<\/p>\n<h6>S\u00fctik haszn\u00e1lata<\/h6>\n<p>A s\u00fctiket az \u00d6n sz\u00e1m\u00edt\u00f3g\u00e9p\u00e9n t\u00e1roljuk, amikor a weboldalunkat haszn\u00e1lja. A cookie-k olyan kis sz\u00f6veges f\u00e1jlok, amelyek az \u00d6n merevlemez\u00e9n t\u00e1rol\u00f3dnak, az \u00d6n \u00e1ltal haszn\u00e1lt b\u00f6ng\u00e9sz\u0151h\u00f6z vannak rendelve, \u00e9s amelyeken kereszt\u00fcl bizonyos inform\u00e1ci\u00f3k a cookie-t be\u00e1ll\u00edt\u00f3 szervhez jutnak el.<\/p>\n<p>A s\u00fctik nem tudnak programokat futtatni vagy v\u00edrusokat tov\u00e1bb\u00edtani a sz\u00e1m\u00edt\u00f3g\u00e9p\u00e9re. Ezek az internetes k\u00edn\u00e1lat eg\u00e9sz\u00e9nek felhaszn\u00e1l\u00f3bar\u00e1tabb\u00e1 \u00e9s hat\u00e9konyabb\u00e1 t\u00e9tel\u00e9t szolg\u00e1lj\u00e1k. Ezen a weboldalon s\u00fctiket haszn\u00e1lunk, p\u00e9ld\u00e1ul a l\u00e1togat\u00f3k weboldalon val\u00f3 viselked\u00e9s\u00e9nek \u00e9rt\u00e9kel\u00e9s\u00e9re. B\u00f6ng\u00e9sz\u0151j\u00e9nek be\u00e1ll\u00edt\u00e1sait az \u00d6n preferenci\u00e1inak megfelel\u0151en konfigur\u00e1lhatja, \u00e9s p\u00e9ld\u00e1ul elutas\u00edthatja a harmadik f\u00e9lt\u0151l sz\u00e1rmaz\u00f3 s\u00fctik vagy az \u00f6sszes s\u00fcti elfogad\u00e1s\u00e1t. Felh\u00edvjuk figyelm\u00e9t, hogy ezut\u00e1n el\u0151fordulhat, hogy nem tudja haszn\u00e1lni a weboldal \u00f6sszes funkci\u00f3j\u00e1t.<\/p>\n<h6>Google Analytics<\/h6>\n<p>A Google Ireland Limited, Gordon House, Barrow Street, Dublin 4, \u00cdrorsz\u00e1g (&#8222;Google&#8221;) \u00e1ltal ny\u00fajtott Google Analytics webanalitikai szolg\u00e1ltat\u00e1st haszn\u00e1ljuk. A Google s\u00fctiket haszn\u00e1l. A cookie \u00e1ltal gener\u00e1lt, a felhaszn\u00e1l\u00f3 \u00e1ltal az online aj\u00e1nlat haszn\u00e1lat\u00e1ra vonatkoz\u00f3 inform\u00e1ci\u00f3kat \u00e1ltal\u00e1ban a Google egyik USA-beli szerver\u00e9re tov\u00e1bb\u00edtj\u00e1k \u00e9s ott t\u00e1rolj\u00e1k.<\/p>\n<p>A Google rendelkezik az Adatv\u00e9delmi Pajzs tan\u00fas\u00edtv\u00e1ny\u00e1val, \u00e9s ez\u00e1ltal garanci\u00e1t ny\u00fajt az eur\u00f3pai adatv\u00e9delmi t\u00f6rv\u00e9nyeknek val\u00f3 megfelel\u00e9sre<a href=\"https:\/\/www.privacyshield.gov\/participant?id=a2zt000000001L5AAI&amp;status=Active\" target=\"_blank\" rel=\"noopener noreferrer\">(https:\/\/www.privacyshield.gov\/participant?id=a2zt000000001L5AAI&amp;status=Active<\/a>).<\/p>\n<p>A Google ezeket az inform\u00e1ci\u00f3kat a mi megb\u00edz\u00e1sunkb\u00f3l arra haszn\u00e1lja fel, hogy \u00e9rt\u00e9kelje a weboldalunk haszn\u00e1lat\u00e1t, jelent\u00e9seket \u00e1ll\u00edtson \u00f6ssze a weboldal aktivit\u00e1s\u00e1r\u00f3l a weboldal \u00fczemeltet\u0151i sz\u00e1m\u00e1ra, \u00e9s egy\u00e9b, a weboldal aktivit\u00e1s\u00e1val \u00e9s az internethaszn\u00e1lattal kapcsolatos szolg\u00e1ltat\u00e1sokat ny\u00fajtson. A feldolgozott adatokb\u00f3l \u00e1ln\u00e9vtelen felhaszn\u00e1l\u00f3i profilok hozhat\u00f3k l\u00e9tre. Az adatfeldolgoz\u00e1s az \u00d6n hozz\u00e1j\u00e1rul\u00e1s\u00e1n alapul a 6. cikk (1) bekezd\u00e9se szerint. 1 S. 1 lit. a) GDPR. Az ehhez adott hozz\u00e1j\u00e1rul\u00e1s\u00e1t b\u00e1rmikor visszavonhatja a j\u00f6v\u0151re n\u00e9zve. Az al\u00e1bbiakban ismertetj\u00fck az \u00d6n sz\u00e1m\u00e1ra e c\u00e9lb\u00f3l rendelkez\u00e9sre \u00e1ll\u00f3 visszavon\u00e1si lehet\u0151s\u00e9geket.<\/p>\n<p>A Google Analytics szolg\u00e1ltat\u00e1st csak IP-anonimiz\u00e1l\u00e1s aktiv\u00e1l\u00e1s\u00e1val haszn\u00e1ljuk. Ez azt jelenti, hogy a felhaszn\u00e1l\u00f3 IP-c\u00edm\u00e9t a Google az Eur\u00f3pai Uni\u00f3 tag\u00e1llamaiban vagy az Eur\u00f3pai Gazdas\u00e1gi T\u00e9rs\u00e9gr\u0151l sz\u00f3l\u00f3 meg\u00e1llapod\u00e1s m\u00e1s szerz\u0151d\u0151 \u00e1llamaiban ler\u00f6vid\u00edti. A teljes IP-c\u00edm csak kiv\u00e9teles esetekben ker\u00fcl tov\u00e1bb\u00edt\u00e1sra a Google egyik USA-beli szerver\u00e9re, ahol ler\u00f6vid\u00edtik.<\/p>\n<p>A felhaszn\u00e1l\u00f3 b\u00f6ng\u00e9sz\u0151je \u00e1ltal tov\u00e1bb\u00edtott IP-c\u00edm nem ker\u00fcl \u00f6sszevon\u00e1sra a Google egy\u00e9b adataival. A felhaszn\u00e1l\u00f3k a b\u00f6ng\u00e9sz\u0151szoftver\u00fck megfelel\u0151 be\u00e1ll\u00edt\u00e1s\u00e1val megakad\u00e1lyozhatj\u00e1k a cookie-k t\u00e1rol\u00e1s\u00e1t; a felhaszn\u00e1l\u00f3k a cookie-k \u00e1ltal gener\u00e1lt \u00e9s a Google online aj\u00e1nlat\u00e1nak haszn\u00e1lat\u00e1val kapcsolatos adatok gy\u0171jt\u00e9s\u00e9t, valamint ezen adatok Google \u00e1ltali feldolgoz\u00e1s\u00e1t is megakad\u00e1lyozhatj\u00e1k a k\u00f6vetkez\u0151 linken el\u00e9rhet\u0151 b\u00f6ng\u00e9sz\u0151b\u0151v\u00edtm\u00e9ny let\u00f6lt\u00e9s\u00e9vel \u00e9s telep\u00edt\u00e9s\u00e9vel:  <a href=\"http:\/\/tools.google.com\/dlpage\/gaoptout?hl=de\" target=\"_blank\" rel=\"noopener noreferrer\">http:\/\/tools.google.com\/dlpage\/gaoptout?hl=de<\/a>.<\/p>\n<p>A Google \u00e1ltali adathaszn\u00e1latr\u00f3l, a be\u00e1ll\u00edt\u00e1sokr\u00f3l \u00e9s a lemond\u00e1si lehet\u0151s\u00e9gekr\u0151l tov\u00e1bbi inform\u00e1ci\u00f3kat a Google adatv\u00e9delmi szab\u00e1lyzat\u00e1ban<a href=\"https:\/\/policies.google.com\/technologies\/ads\" target=\"_blank\" rel=\"noopener noreferrer\">(https:\/\/policies.google.com\/technologies\/ads)<\/a> \u00e9s a Google \u00e1ltal megjelen\u00edtett hirdet\u00e9sek be\u00e1ll\u00edt\u00e1saiban<a href=\"https:\/\/adssettings.google.com\/authenticated\" target=\"_blank\" rel=\"noopener noreferrer\">(https:\/\/adssettings.google.com\/authenticated<\/a>) tal\u00e1l.<\/p>\n<p>A b\u00f6ng\u00e9sz\u0151-kieg\u00e9sz\u00edt\u0151 alternat\u00edv\u00e1jak\u00e9nt vagy a mobileszk\u00f6z\u00f6k b\u00f6ng\u00e9sz\u0151in bel\u00fcl, k\u00e9rj\u00fck, kattintson erre a linkre, hogy a j\u00f6v\u0151ben megakad\u00e1lyozza a Google Analytics \u00e1ltali adatgy\u0171jt\u00e9st ezen a weboldalon bel\u00fcl:<\/p>\n<h6>Analitika Opt-Out<\/h6>\n<p>Ez egy opt-out cookie-t helyez el az \u00d6n eszk\u00f6z\u00e9n. Ha t\u00f6rli a cookie-kat, \u00fajra r\u00e1 kell kattintania erre a linkre.<br \/>\nA fent eml\u00edtett szem\u00e9lyes adatok megad\u00e1sa sem jogilag, sem szerz\u0151d\u00e9sileg nem k\u00f6telez\u0151. Ezen adatok n\u00e9lk\u00fcl azonban online aj\u00e1nlatunk elemz\u00e9se, optimaliz\u00e1l\u00e1sa \u00e9s gazdas\u00e1gos m\u0171k\u00f6dtet\u00e9se nem lehets\u00e9ges.<\/p>\n<h6>Cookie hozz\u00e1j\u00e1rul\u00e1s a Borlabs Cookie-val<\/h6>\n<p>Weboldalunk a Borlabs Cookie s\u00fcti hozz\u00e1j\u00e1rul\u00e1si technol\u00f3gi\u00e1j\u00e1t haszn\u00e1lja az \u00d6n hozz\u00e1j\u00e1rul\u00e1s\u00e1nak megszerz\u00e9s\u00e9hez, hogy bizonyos s\u00fctiket a b\u00f6ng\u00e9sz\u0151j\u00e9ben t\u00e1rolhassunk, \u00e9s ezt az adatv\u00e9delmi t\u00f6rv\u00e9nyeknek megfelel\u0151en dokument\u00e1ljuk. A technol\u00f3gia szolg\u00e1ltat\u00f3ja a Borlabs &#8211; Benjamin A. Bornschein, Georg-Wilhelm-Str. 17, 21107 Hamburg (a tov\u00e1bbiakban: Borlabs).<br \/>\nAmikor \u00d6n bel\u00e9p a weboldalunkra, egy Borlabs cookie-t t\u00e1rolunk az \u00d6n b\u00f6ng\u00e9sz\u0151j\u00e9ben, amely az \u00d6n \u00e1ltal adott hozz\u00e1j\u00e1rul\u00e1sokat vagy azok visszavon\u00e1s\u00e1t t\u00e1rolja. Ezeket az adatokat nem osztjuk meg a Borlabs cookie-szolg\u00e1ltat\u00f3j\u00e1val.<br \/>\nAz \u00f6sszegy\u0171jt\u00f6tt adatokat mindaddig t\u00e1roljuk, am\u00edg \u00d6n nem k\u00e9ri t\u0151l\u00fcnk azok t\u00f6rl\u00e9s\u00e9t, vagy am\u00edg \u00d6n maga nem t\u00f6rli a Borlabs cookie-t, vagy am\u00edg az adatok t\u00e1rol\u00e1s\u00e1nak c\u00e9lja nem sz\u0171nik meg. A k\u00f6telez\u0151, jogszab\u00e1lyban el\u0151\u00edrt meg\u0151rz\u00e9si id\u0151szakok v\u00e1ltozatlanul fennmaradnak. A Borlabs Cookie adatfeldolgoz\u00e1s\u00e1nak r\u00e9szletei a <a href=\"https:\/\/de.borlabs.io\/kb\/welche-daten-speichert-borlabs-cookie\/\">https:\/\/de.borlabs.io\/kb\/welche-daten-speichert-borlabs-cookie\/<\/a> oldalon tal\u00e1lhat\u00f3k.<br \/>\nA Borlabs cookie-k hozz\u00e1j\u00e1rul\u00e1si technol\u00f3gi\u00e1j\u00e1nak haszn\u00e1lata annak \u00e9rdek\u00e9ben t\u00f6rt\u00e9nik, hogy a cookie-k haszn\u00e1lat\u00e1hoz a t\u00f6rv\u00e9ny \u00e1ltal el\u0151\u00edrt hozz\u00e1j\u00e1rul\u00e1sokat megszerezz\u00fck. Ennek jogalapja a 6. cikk (1) bekezd\u00e9se. 1 S. 1 lit. c GDPR.<br \/>\n<span class=\"borlabs-cookie-open-dialog-preferences brlbs-cmpnt-container\" data-borlabs-cookie-title=\"Cookie be\u00e1ll\u00edt\u00e1sok m\u00f3dos\u00edt\u00e1sa\" data-borlabs-cookie-type=\"button\" ><\/span><\/p>\n<h6>YouTube<\/h6>\n<p>Oldalunk a YouTube LLC , 901 Cherry Avenue, San Bruno, CA 94066, USA, a Google Inc., 1600 Amphitheatre Parkway, Mountain View, CA 94043, USA \u00e1ltal k\u00e9pviselt szolg\u00e1ltat\u00f3t haszn\u00e1lja a vide\u00f3k integr\u00e1l\u00e1s\u00e1hoz. Norm\u00e1lis esetben, amikor egy be\u00e1gyazott vide\u00f3kat tartalmaz\u00f3 oldalt h\u00edv meg, az IP-c\u00edm\u00e9t m\u00e1r elk\u00fcldi a YouTube-nak, \u00e9s cookie-kat telep\u00edt a sz\u00e1m\u00edt\u00f3g\u00e9p\u00e9re.<\/p>\n<p>YouTube-vide\u00f3inkat azonban a kiterjesztett adatv\u00e9delmi m\u00f3ddal \u00e1gyaztuk be (ebben az esetben a YouTube tov\u00e1bbra is kapcsolatba l\u00e9p a Google Double Klick szolg\u00e1ltat\u00e1s\u00e1val, de a Google adatv\u00e9delmi ir\u00e1nyelvei szerint a szem\u00e9lyes adatok \u00e9rt\u00e9kel\u00e9se nem t\u00f6rt\u00e9nik meg). Ez azt jelenti, hogy a YouTube nem t\u00e1rol t\u00f6bb\u00e9 inform\u00e1ci\u00f3kat a l\u00e1togat\u00f3kr\u00f3l, hacsak nem n\u00e9zik meg a vide\u00f3t. Amikor r\u00e1kattint a vide\u00f3ra, az \u00d6n IP-c\u00edme tov\u00e1bb\u00edt\u00e1sra ker\u00fcl a YouTube-nak, \u00e9s a YouTube megtudja, hogy \u00d6n megtekintette a vide\u00f3t. Ha \u00d6n be van jelentkezve a YouTube-ra, ez az inform\u00e1ci\u00f3 az \u00d6n felhaszn\u00e1l\u00f3i fi\u00f3kj\u00e1hoz is hozz\u00e1rendel\u0151dik (ezt megakad\u00e1lyozhatja, ha a vide\u00f3 megtekint\u00e9se el\u0151tt kijelentkezik a YouTube-r\u00f3l).<\/p>\n<p>A YouTube \u00e1ltal v\u00e9gzett adatgy\u0171jt\u00e9s \u00e9s -feldolgoz\u00e1s c\u00e9lj\u00e1r\u00f3l \u00e9s terjedelm\u00e9r\u0151l tov\u00e1bbi inform\u00e1ci\u00f3kat az adatv\u00e9delmi szab\u00e1lyzatban tal\u00e1l. Itt tov\u00e1bbi inform\u00e1ci\u00f3kat tal\u00e1l a jogair\u00f3l \u00e9s a mag\u00e1n\u00e9let v\u00e9delm\u00e9t szolg\u00e1l\u00f3 be\u00e1ll\u00edt\u00e1si lehet\u0151s\u00e9gekr\u0151l: <a href=\"https:\/\/www.google.de\/intl\/de\/policies\/privacy\" target=\"_blank\" rel=\"noopener noreferrer\">https:\/\/www.google.de\/intl\/de\/policies\/privacy<\/a>. A Google az \u00d6n szem\u00e9lyes adatait az Egyes\u00fclt \u00c1llamokban is kezeli, \u00e9s csatlakozott az EU-USA adatv\u00e9delmi pajzshoz, <a href=\"https:\/\/www.privacyshield.gov\/EU-US-Framework\" target=\"_blank\" rel=\"noopener noreferrer\">https:\/\/www.privacyshield.gov\/EU-US-Framework.&#8221;<\/a><\/p>\n<h6>A szem\u00e9lyes adatok c\u00edmzettjei<\/h6>\n<p>A t\u00f6rv\u00e9ny \u00e1ltal megengedett m\u00f3don az \u00d6n szem\u00e9lyes adatait az EU-n bel\u00fcl a k\u00f6vetkez\u0151 v\u00e1llalatoknak adjuk \u00e1t:<br \/>\nM\u00e1s BAUHAUS v\u00e1llalatok<a href=\"https:\/\/www.bauhaus.info\/gesellschaften\" target=\"_blank\" rel=\"noopener noreferrer\">(https:\/\/www.bauhaus.info\/gesellschaften)<\/a> \u00e9s azok megb\u00edz\u00e1sfeldolgoz\u00f3i, ha sz\u00fcks\u00e9ges, tov\u00e1bbi konzult\u00e1ci\u00f3, a k\u00edv\u00e1nt szerz\u0151d\u00e9sek megk\u00f6t\u00e9se vagy m\u00e1s szolg\u00e1ltat\u00e1s ny\u00fajt\u00e1sa c\u00e9lj\u00e1b\u00f3l, valamint a BAUHAUS AG megb\u00edz\u00e1sfeldolgoz\u00f3i informatikai szolg\u00e1ltat\u00e1sok \u00e9s a weboldal backendj\u00e9nek adminisztr\u00e1ci\u00f3ja c\u00e9lj\u00e1b\u00f3l.<\/p>\n<h6>Az adatt\u00e1rol\u00e1s id\u0151tartama<\/h6>\n<p>Az \u00d6n adatait addig t\u00e1roljuk, ameddig az adott c\u00e9l megk\u00f6veteli:<\/p>\n<ul>\n<li>Szerver napl\u00f3f\u00e1jlok: 30 nap<\/li>\n<li>Google Analytics cookie: 2. \u00e9v<\/li>\n<\/ul>\n<h4>Az \u00e9rintettek jogai<\/h4>\n<p>A BAUHAUS v\u00e1llalatok teljes k\u00f6r\u0171en garant\u00e1lj\u00e1k az \u00d6n, mint \u00e9rintett szem\u00e9ly jogait.<\/p>\n<h6>A hozz\u00e1j\u00e1rul\u00e1s visszavon\u00e1sa<\/h6>\n<p>Amennyiben \u00d6n a weboldal haszn\u00e1lat\u00e1val \u00f6sszef\u00fcgg\u00e9sben beleegyez\u00e9s\u00e9t adta a szem\u00e9lyes adatok feldolgoz\u00e1s\u00e1hoz, ezt a hozz\u00e1j\u00e1rul\u00e1s\u00e1t a 7. cikk (1) bekezd\u00e9s\u00e9nek megfelel\u0151en visszavonhatja. 3 DSGVO b\u00e1rmikor. A visszavon\u00e1s elk\u00fcldhet\u0151 e-mailben a <a href=\"mailto:datenschutz@bauhaus.info\" target=\"_blank\" rel=\"noopener noreferrer\">datenschutz@bauhaus.info<\/a> c\u00edmre vagy \u00edr\u00e1sban a fenti c\u00edmre. A visszavon\u00e1s hat\u00e1sai arra korl\u00e1toz\u00f3dnak, hogy az \u00e9rintett szem\u00e9lyes adatokat a j\u00f6v\u0151ben nem kezelik tov\u00e1bb. Az ilyen visszavon\u00e1s teh\u00e1t befoly\u00e1solja az \u00d6n szem\u00e9lyes adatai feldolgoz\u00e1s\u00e1nak megengedhet\u0151s\u00e9g\u00e9t, miut\u00e1n \u00d6n ezt nek\u00fcnk nyilatkozta. Felh\u00edvjuk figyelm\u00e9t, hogy ebben az esetben azonban el\u0151fordulhat, hogy az \u00e9rintett adatok feldolgoz\u00e1sa a j\u00f6v\u0151ben m\u00e1r nem lehets\u00e9ges.<\/p>\n<h6>Az adatkezel\u00e9s elleni tiltakoz\u00e1s joga a 6. cikk (1) bekezd\u00e9se alapj\u00e1n. 1 S. 1 lit. f) DSGVO<\/h6>\n<p>A 21. cikk (1) bekezd\u00e9se szerint. 1 p. 1 DSGVO 6. cikk (1) bekezd\u00e9se alapj\u00e1n b\u00e1rmikor tiltakozhat szem\u00e9lyes adatainak a DSGVO 6. cikk (1) bekezd\u00e9se alapj\u00e1n t\u00f6rt\u00e9n\u0151 feldolgoz\u00e1sa ellen az \u00d6n k\u00fcl\u00f6nleges helyzet\u00e9b\u0151l ered\u0151 okokb\u00f3l. 1 S. 1 lit. f) DSGVO.<\/p>\n<p>Ha \u00d6n tiltakozik, a tov\u00e1bbiakban nem kezelj\u00fck szem\u00e9lyes adatait, kiv\u00e9ve, ha bizony\u00edtani tudjuk, hogy a feldolgoz\u00e1snak olyan k\u00e9nyszer\u00edt\u0151 erej\u0171 jogos okai vannak, amelyek els\u0151bbs\u00e9get \u00e9lveznek az \u00d6n \u00e9rdekeivel, jogaival \u00e9s szabads\u00e1gaival szemben, vagy ha a feldolgoz\u00e1s jogi ig\u00e9nyek \u00e9rv\u00e9nyes\u00edt\u00e9s\u00e9t, gyakorl\u00e1s\u00e1t vagy v\u00e9delm\u00e9t szolg\u00e1lja.<\/p>\n<h6>Egy\u00e9b jogok<\/h6>\n<p>A feldolgozott szem\u00e9lyes adatokkal kapcsolatban \u00d6nt a k\u00f6vetkez\u0151 tov\u00e1bbi jogok illetik meg, amennyiben az adatkezel\u0151vel szemben teljes\u00fclnek a vonatkoz\u00f3 k\u00fcl\u00f6nleges felt\u00e9telek:<\/p>\n<ul>\n<li>Az \u00e9rintett hozz\u00e1f\u00e9r\u00e9si joga, GDPR 15. cikk;<\/li>\n<li>A helyesb\u00edt\u00e9shez val\u00f3 jog, GDPR 16. cikk;<\/li>\n<li>T\u00f6rl\u00e9shez val\u00f3 jog, DSGVO 17. cikk;<\/li>\n<li>az adatkezel\u00e9s korl\u00e1toz\u00e1s\u00e1hoz val\u00f3 jog, GDPR 18. cikk; \u00e9s<\/li>\n<li>Az adatok hordozhat\u00f3s\u00e1g\u00e1hoz val\u00f3 jog a DSGVO 20. cikke szerint.<\/li>\n<li>\u00d6nnek joga van panaszt tenni egy fel\u00fcgyeleti hat\u00f3s\u00e1gn\u00e1l, ha \u00fagy v\u00e9li, hogy az \u00d6nre vonatkoz\u00f3 szem\u00e9lyes adatok feldolgoz\u00e1sa s\u00e9rti a GDPR-t.<\/li>\n<\/ul>\n<h6>Friss\u00edt\u00e9s \u00e9s m\u00f3dos\u00edt\u00e1s<\/h6>\n<p>Az adatv\u00e9delmi politik\u00e1t id\u0151r\u0151l id\u0151re a t\u00e9nyleges k\u00f6r\u00fclm\u00e9nyekhez \u00e9s a jogi helyzethez kell igaz\u00edtani. K\u00e9rj\u00fck, hogy aj\u00e1nlatunk haszn\u00e1lata el\u0151tt ellen\u0151rizze az adatv\u00e9delmi nyilatkozatot, hogy naprak\u00e9szen \u00e9rtes\u00fclj\u00f6n az esetleges v\u00e1ltoz\u00e1sokr\u00f3l vagy friss\u00edt\u00e9sekr\u0151l.<\/p>\n<p>Stand: 15.08.2019<\/p>\n                    <\/div>\n\n                                <\/div>\n        <\/div>\n    <\/div>\n<\/div>\n<div id=\"bdesign2022_spacer_block_630ccf3392a76\" class=\"bdesign2022_block bdesign2022_block--bdesign2022_spacer\">\n    <div class=\"bdesign2022_block--wrapper\">\n        <div class=\"spacer\" style=\"height: 100px\"><\/div>\n    <\/div>\n<\/div>\n","protected":false},"excerpt":{"rendered":"","protected":false},"author":8,"featured_media":0,"parent":13887,"menu_order":3,"comment_status":"closed","ping_status":"closed","template":"","meta":{"_acf_changed":false,"footnotes":""},"class_list":["post-13903","page","type-page","status-publish","hentry"],"acf":[],"yoast_head":"<!-- This site is optimized with the Yoast SEO plugin v24.2 - https:\/\/yoast.com\/wordpress\/plugins\/seo\/ -->\n<title>Adatv\u00e9delem | b!design<\/title>\n<meta name=\"description\" content=\"Adatv\u00e9delem - az al\u00e1bbiakban t\u00e1j\u00e9koztatjuk \u00d6nt a szem\u00e9lyes adatok gy\u0171jt\u00e9s\u00e9r\u0151l a weboldalunk haszn\u00e1lata sor\u00e1n.\" \/>\n<meta name=\"robots\" content=\"index, follow, max-snippet:-1, max-image-preview:large, max-video-preview:-1\" \/>\n<link rel=\"canonical\" href=\"https:\/\/www.bdesign-floors.com\/hu\/rolunk\/adatvedelem\/\" \/>\n<meta property=\"og:locale\" content=\"hu_HU\" \/>\n<meta property=\"og:type\" content=\"article\" \/>\n<meta property=\"og:title\" content=\"Adatv\u00e9delem | b!design\" \/>\n<meta property=\"og:description\" content=\"Adatv\u00e9delem - az al\u00e1bbiakban t\u00e1j\u00e9koztatjuk \u00d6nt a szem\u00e9lyes adatok gy\u0171jt\u00e9s\u00e9r\u0151l a weboldalunk haszn\u00e1lata sor\u00e1n.\" \/>\n<meta property=\"og:url\" content=\"https:\/\/www.bdesign-floors.com\/hu\/rolunk\/adatvedelem\/\" \/>\n<meta property=\"og:site_name\" content=\"b!design\" \/>\n<meta property=\"article:modified_time\" content=\"2022-10-17T08:49:32+00:00\" \/>\n<meta name=\"twitter:card\" content=\"summary_large_image\" \/>\n<script type=\"application\/ld+json\" class=\"yoast-schema-graph\">{\"@context\":\"https:\/\/schema.org\",\"@graph\":[{\"@type\":\"WebPage\",\"@id\":\"https:\/\/www.bdesign-floors.com\/hu\/rolunk\/adatvedelem\/\",\"url\":\"https:\/\/www.bdesign-floors.com\/hu\/rolunk\/adatvedelem\/\",\"name\":\"Adatv\u00e9delem | b!design\",\"isPartOf\":{\"@id\":\"https:\/\/bdesign.wp.factory.blim-dev.com\/#website\"},\"datePublished\":\"2022-09-12T14:53:00+00:00\",\"dateModified\":\"2022-10-17T08:49:32+00:00\",\"description\":\"Adatv\u00e9delem - az al\u00e1bbiakban t\u00e1j\u00e9koztatjuk \u00d6nt a szem\u00e9lyes adatok gy\u0171jt\u00e9s\u00e9r\u0151l a weboldalunk haszn\u00e1lata sor\u00e1n.\",\"breadcrumb\":{\"@id\":\"https:\/\/www.bdesign-floors.com\/hu\/rolunk\/adatvedelem\/#breadcrumb\"},\"inLanguage\":\"hu\",\"potentialAction\":[{\"@type\":\"ReadAction\",\"target\":[\"https:\/\/www.bdesign-floors.com\/hu\/rolunk\/adatvedelem\/\"]}]},{\"@type\":\"BreadcrumbList\",\"@id\":\"https:\/\/www.bdesign-floors.com\/hu\/rolunk\/adatvedelem\/#breadcrumb\",\"itemListElement\":[{\"@type\":\"ListItem\",\"position\":1,\"name\":\"Home\",\"item\":\"https:\/\/www.bdesign-floors.com\/hu\/\"},{\"@type\":\"ListItem\",\"position\":2,\"name\":\"R\u00f3lunk\",\"item\":\"https:\/\/bdesign.wp.factory.blim-dev.com\/rolunk\/\"},{\"@type\":\"ListItem\",\"position\":3,\"name\":\"Adatv\u00e9delem\"}]},{\"@type\":\"WebSite\",\"@id\":\"https:\/\/bdesign.wp.factory.blim-dev.com\/#website\",\"url\":\"https:\/\/bdesign.wp.factory.blim-dev.com\/\",\"name\":\"b!design\",\"description\":\"Just another WordPress site\",\"potentialAction\":[{\"@type\":\"SearchAction\",\"target\":{\"@type\":\"EntryPoint\",\"urlTemplate\":\"https:\/\/bdesign.wp.factory.blim-dev.com\/?s={search_term_string}\"},\"query-input\":{\"@type\":\"PropertyValueSpecification\",\"valueRequired\":true,\"valueName\":\"search_term_string\"}}],\"inLanguage\":\"hu\"}]}<\/script>\n<!-- \/ Yoast SEO plugin. -->","yoast_head_json":{"title":"Adatv\u00e9delem | b!design","description":"Adatv\u00e9delem - az al\u00e1bbiakban t\u00e1j\u00e9koztatjuk \u00d6nt a szem\u00e9lyes adatok gy\u0171jt\u00e9s\u00e9r\u0151l a weboldalunk haszn\u00e1lata sor\u00e1n.","robots":{"index":"index","follow":"follow","max-snippet":"max-snippet:-1","max-image-preview":"max-image-preview:large","max-video-preview":"max-video-preview:-1"},"canonical":"https:\/\/www.bdesign-floors.com\/hu\/rolunk\/adatvedelem\/","og_locale":"hu_HU","og_type":"article","og_title":"Adatv\u00e9delem | b!design","og_description":"Adatv\u00e9delem - az al\u00e1bbiakban t\u00e1j\u00e9koztatjuk \u00d6nt a szem\u00e9lyes adatok gy\u0171jt\u00e9s\u00e9r\u0151l a weboldalunk haszn\u00e1lata sor\u00e1n.","og_url":"https:\/\/www.bdesign-floors.com\/hu\/rolunk\/adatvedelem\/","og_site_name":"b!design","article_modified_time":"2022-10-17T08:49:32+00:00","twitter_card":"summary_large_image","schema":{"@context":"https:\/\/schema.org","@graph":[{"@type":"WebPage","@id":"https:\/\/www.bdesign-floors.com\/hu\/rolunk\/adatvedelem\/","url":"https:\/\/www.bdesign-floors.com\/hu\/rolunk\/adatvedelem\/","name":"Adatv\u00e9delem | b!design","isPartOf":{"@id":"https:\/\/bdesign.wp.factory.blim-dev.com\/#website"},"datePublished":"2022-09-12T14:53:00+00:00","dateModified":"2022-10-17T08:49:32+00:00","description":"Adatv\u00e9delem - az al\u00e1bbiakban t\u00e1j\u00e9koztatjuk \u00d6nt a szem\u00e9lyes adatok gy\u0171jt\u00e9s\u00e9r\u0151l a weboldalunk haszn\u00e1lata sor\u00e1n.","breadcrumb":{"@id":"https:\/\/www.bdesign-floors.com\/hu\/rolunk\/adatvedelem\/#breadcrumb"},"inLanguage":"hu","potentialAction":[{"@type":"ReadAction","target":["https:\/\/www.bdesign-floors.com\/hu\/rolunk\/adatvedelem\/"]}]},{"@type":"BreadcrumbList","@id":"https:\/\/www.bdesign-floors.com\/hu\/rolunk\/adatvedelem\/#breadcrumb","itemListElement":[{"@type":"ListItem","position":1,"name":"Home","item":"https:\/\/www.bdesign-floors.com\/hu\/"},{"@type":"ListItem","position":2,"name":"R\u00f3lunk","item":"https:\/\/bdesign.wp.factory.blim-dev.com\/rolunk\/"},{"@type":"ListItem","position":3,"name":"Adatv\u00e9delem"}]},{"@type":"WebSite","@id":"https:\/\/bdesign.wp.factory.blim-dev.com\/#website","url":"https:\/\/bdesign.wp.factory.blim-dev.com\/","name":"b!design","description":"Just another WordPress site","potentialAction":[{"@type":"SearchAction","target":{"@type":"EntryPoint","urlTemplate":"https:\/\/bdesign.wp.factory.blim-dev.com\/?s={search_term_string}"},"query-input":{"@type":"PropertyValueSpecification","valueRequired":true,"valueName":"search_term_string"}}],"inLanguage":"hu"}]}},"_links":{"self":[{"href":"https:\/\/www.bdesign-floors.com\/hu\/wp-json\/wp\/v2\/pages\/13903","targetHints":{"allow":["GET"]}}],"collection":[{"href":"https:\/\/www.bdesign-floors.com\/hu\/wp-json\/wp\/v2\/pages"}],"about":[{"href":"https:\/\/www.bdesign-floors.com\/hu\/wp-json\/wp\/v2\/types\/page"}],"author":[{"embeddable":true,"href":"https:\/\/www.bdesign-floors.com\/hu\/wp-json\/wp\/v2\/users\/8"}],"replies":[{"embeddable":true,"href":"https:\/\/www.bdesign-floors.com\/hu\/wp-json\/wp\/v2\/comments?post=13903"}],"version-history":[{"count":1,"href":"https:\/\/www.bdesign-floors.com\/hu\/wp-json\/wp\/v2\/pages\/13903\/revisions"}],"predecessor-version":[{"id":13904,"href":"https:\/\/www.bdesign-floors.com\/hu\/wp-json\/wp\/v2\/pages\/13903\/revisions\/13904"}],"up":[{"embeddable":true,"href":"https:\/\/www.bdesign-floors.com\/hu\/wp-json\/wp\/v2\/pages\/13887"}],"wp:attachment":[{"href":"https:\/\/www.bdesign-floors.com\/hu\/wp-json\/wp\/v2\/media?parent=13903"}],"curies":[{"name":"wp","href":"https:\/\/api.w.org\/{rel}","templated":true}]}}