{"id":13930,"date":"2022-09-12T16:54:24","date_gmt":"2022-09-12T14:54:24","guid":{"rendered":"https:\/\/www.bdesign-floors.com\/naedi\/"},"modified":"2022-10-17T10:49:32","modified_gmt":"2022-10-17T08:49:32","slug":"naedi","status":"publish","type":"page","link":"https:\/\/www.bdesign-floors.com\/is\/um-okkur\/naedi\/","title":{"rendered":"n\u00e6\u00f0i"},"content":{"rendered":"<div id=\"bdesign2022_spacer_block_63061d222b814\" class=\"bdesign2022_block bdesign2022_block--bdesign2022_spacer\">\n    <div class=\"bdesign2022_block--wrapper\">\n        <div class=\"spacer\" style=\"height: 100px\"><\/div>\n    <\/div>\n<\/div>\n<div id=\"bdesign2022_customcontent_block_63061cc72b813\" class=\"bdesign2022_block bdesign2022_block--bdesign2022_customcontent\">\n    <div class=\"bdesign2022_block--wrapper\">\n        <div class=\"container\">\n            <div class=\"row\">\n                \n                    <div class=\"col-0 col-sm-2\"><\/div>\n                    <div class=\"col-12 col-sm-10 my-4\">\n                        <h1>Pers\u00f3nuvernd<\/h1>\n<p>Pers\u00f3nuvernd \u00fe\u00edn er okkur mikilv\u00e6g. \u00de\u00fa \u00e6ttir a\u00f0 vera \u00f6ruggur hj\u00e1 okkur. \u00deess vegna tryggum vi\u00f0 og gagnaverndarfulltr\u00fai okkar a\u00f0 fari\u00f0 s\u00e9 a\u00f0 reglum um gagnavernd, einkum evr\u00f3psku almennu gagnaverndarregluger\u00f0ina (GDPR) og alr\u00edkisl\u00f6g um gagnavernd (BDSG). H\u00e9r a\u00f0 ne\u00f0an viljum vi\u00f0 uppl\u00fdsa \u00feig um tilganginn me\u00f0 vinnslu gagna \u00feinna og hvernig \u00fe\u00fa getur n\u00fdtt r\u00e9ttindi \u00fe\u00edn. \u00de\u00fa getur kalla\u00f0 fram gagnaverndaryfirl\u00fdsinguna hven\u00e6r sem er \u00ed gegnum flipann \u201eGagnavernd\u201c ne\u00f0st \u00e1 hverri s\u00ed\u00f0u.<\/p>\n<h4>Nafn og samskiptauppl\u00fdsingar \u00e1byrg\u00f0armanns<\/h4>\n<p>B! H\u00f6nnun er tilbo\u00f0 fr\u00e1 BAUHAUS. \u00dej\u00f3nustudeild er veitt af BAUHAUS-fyrirt\u00e6kjum ( <a href=\"https:\/\/www.bauhaus.info\/gesellschaften\" target=\"_blank\" rel=\"noopener noreferrer\">https:\/\/www.bauhaus.info\/gesellschaft<\/a> ) \u00e1 grundvelli samkomulags um sameiginlega \u00e1byrg\u00f0 i. s.d. 26. gr. 1 setning 1 GDPR. A\u00f0al tengili\u00f0ur fyrir fyrirspurnir um gagnavernd fr\u00e1 vi\u00f0skiptavinum e\u00f0a skr\u00e1\u00f0um einstaklingum er<\/p>\n<p><strong>BAUHAUS AG<\/strong><br \/>\n\u00datib\u00fa \u00ed Mannheim<br \/>\nGutenbergstrasse 21<br \/>\n68167 Mannheim<br \/>\n\u00de\u00fdskalandi<br \/>\nS\u00edmi: 0800 3905 000<br \/>\nNetfang: <a href=\"mailto:datenschutz@bauhaus.info\">datenschutz@bauhaus.info<\/a> .<\/p>\n<p>BAUHAUS AG gerir r\u00e1\u00f0 fyrir uppfyllingu r\u00e9ttinda hins skr\u00e1\u00f0a \u00ed samr\u00e6mi vi\u00f0 GDPR (sj\u00e1 h\u00e9r a\u00f0 ne\u00f0an: r\u00e9ttindi hins skr\u00e1\u00f0a).<br \/>\nBAUHAUS fyrirt\u00e6kin senda allar fyrirspurnir fr\u00e1 vi\u00f0skiptavinum og \u00feri\u00f0ja a\u00f0ila um gagnavernd til BAUHAUS AG. Beinar fyrirspurnir til pers\u00f3nuverndarfulltr\u00faa eru \u00f3breyttar. Meginefni samnings sameiginlegra \u00e1byrg\u00f0ara\u00f0ila i. s.d. 26. gr. 1 S. 1 GDPR m\u00e1 finna \u00e1: <a href=\"https:\/\/www.bauhaus.info\/gemeinsam_verantwortliche\" target=\"_blank\" rel=\"noopener noreferrer\">www.bauhaus.info\/gemeinsam_behinderte<\/a> .<\/p>\n<h4>Samskiptauppl\u00fdsingar pers\u00f3nuverndarfulltr\u00faa<\/h4>\n<p>Ef \u00fe\u00fa, sem skr\u00e1\u00f0ur einstaklingur, hefur spurningar um hvernig fari\u00f0 er me\u00f0 g\u00f6gnin \u00fe\u00edn \u00ed samr\u00e6mi vi\u00f0 pers\u00f3nuverndarl\u00f6g, hefur \u00fe\u00fa tv\u00e6r lei\u00f0ir til a\u00f0 spyrja spurninga \u00feinna e\u00f0a leggja fram bei\u00f0ni \u00fe\u00edna:<\/p>\n<ul>\n<li>Fyrir almennar fyrirspurnir um pers\u00f3nuvernd og framsal r\u00e9ttinda skr\u00e1\u00f0ra einstaklinga, s.s B. bei\u00f0ni um uppl\u00fdsingar, vinsamlegast haf\u00f0u samband vi\u00f0 BAUHAUS gagnavernd \u00e1: datenschutz@bauhaus.info, tilgreini\u00f0 bei\u00f0ni \u00fe\u00edna og tengili\u00f0sfang; og<\/li>\n<li>Fyrir s\u00e9rstakar fyrirspurnir er \u00fe\u00e9r einnig velkomi\u00f0 a\u00f0 hafa beint samband vi\u00f0 skipa\u00f0an gagnaverndarfulltr\u00faa hven\u00e6r sem er \u00e1: <a href=\"mailto:datenschutzbeauftragter@bauhaus.info.\">datenschutzbeauftragter@bauhaus.info.<\/a><\/li>\n<\/ul>\n<h4>Tilgangur og lagagrundv\u00f6llur gagnavinnslu<\/h4>\n<h6>notendaskr\u00e1r<\/h6>\n<p>\u00deegar \u00fe\u00fa heims\u00e6kir vefs\u00ed\u00f0una www.bdesign-vinyl.de skr\u00e1ir vef\u00fej\u00f3nn \u00feetta sj\u00e1lfkrafa \u00ed svokalla\u00f0ar net\u00fej\u00f3naskr\u00e1r. \u00deessi g\u00f6gn innihalda vafra sem nota\u00f0ur er, st\u00fdrikerfi og a\u00f0gangst\u00edmi. \u00deessi g\u00f6gn eru a\u00f0eins notu\u00f0 \u00ed \u00feeim tilgangi a\u00f0 t\u00f6lfr\u00e6\u00f0ilega mati og af \u00f6ryggis\u00e1st\u00e6\u00f0um (t.d. til a\u00f0 sk\u00fdra misnotkun e\u00f0a svik) og til a\u00f0 reka vefs\u00ed\u00f0una. Lagagrundv\u00f6llur gagnavinnslu er 6. gr. 1 bls 1 lit. f) GDPR. L\u00f6gm\u00e6tir hagsmunir okkar liggja \u00ed rekstri, framsetningu og endurb\u00f3tum \u00e1 st\u00f6\u00f0ugleika og virkni vefs\u00ed\u00f0u okkar.<\/p>\n<p>\u00dea\u00f0 er hvorki lagalega n\u00e9 samningsbundi\u00f0 a\u00f0 veita \u00fe\u00e9r fyrrgreindar pers\u00f3nuuppl\u00fdsingar. \u00c1n \u00feess a\u00f0 vinna \u00far notendaskr\u00e1m \u00fej\u00f3nsins er hins vegar ekki h\u00e6gt a\u00f0 tryggja \u00fej\u00f3nustu og virkni vefs\u00ed\u00f0u okkar. \u00dear a\u00f0 auki getur veri\u00f0 a\u00f0 einst\u00f6k \u00fej\u00f3nusta s\u00e9 ekki tilt\u00e6k e\u00f0a takm\u00f6rku\u00f0.<\/p>\n<h6>Notkun \u00e1 vafrak\u00f6kum<\/h6>\n<p>\u00deegar \u00fe\u00fa notar vefs\u00ed\u00f0u okkar eru vafrak\u00f6kur geymdar \u00e1 t\u00f6lvunni \u00feinni. Vafrak\u00f6kur eru litlar textaskr\u00e1r sem eru geymdar \u00e1 har\u00f0a disknum \u00fe\u00ednum, tengdar vafranum sem \u00fe\u00fa ert a\u00f0 nota og \u00ed gegnum \u00fe\u00e6r streyma tilteknar uppl\u00fdsingar \u00e1 sta\u00f0inn sem setur k\u00f6kuna.<\/p>\n<p>Vafrak\u00f6kur geta ekki keyrt forrit e\u00f0a sent v\u00edrusa \u00ed t\u00f6lvuna \u00fe\u00edna. \u00deeir \u00fej\u00f3na til a\u00f0 gera interneti\u00f0 notendav\u00e6nna og skilvirkara \u00ed heildina. Vafrak\u00f6kur eru nota\u00f0ar \u00e1 \u00feessari vefs\u00ed\u00f0u, til d\u00e6mis til a\u00f0 geta meti\u00f0 heg\u00f0un gesta \u00e1 vefs\u00ed\u00f0unni. \u00de\u00fa getur stillt vafrastillingar \u00fe\u00ednar eftir \u00fe\u00ednum \u00f3skum og t.d. B. neita a\u00f0 sam\u00feykkja vafrak\u00f6kur fr\u00e1 \u00feri\u00f0ja a\u00f0ila e\u00f0a allar vafrak\u00f6kur. Vi\u00f0 viljum benda \u00fe\u00e9r \u00e1 a\u00f0 \u00fe\u00fa g\u00e6tir \u00fe\u00e1 ekki nota\u00f0 allar a\u00f0ger\u00f0ir \u00feessarar vefs\u00ed\u00f0u.<\/p>\n<h6>Google Analytics<\/h6>\n<p>Vi\u00f0 notum Google Analytics, vefgreiningar\u00fej\u00f3nustu sem er veitt af Google Ireland Limited, Gordon House, Barrow Street, Dublin 4, \u00cdrlandi (&#8222;Google&#8220;). Google notar vafrak\u00f6kur. Uppl\u00fdsingarnar sem kexi\u00f0 myndar um notkun notandans \u00e1 nettilbo\u00f0inu eru venjulega sendar til Google net\u00fej\u00f3ns \u00ed Bandar\u00edkjunum og geymdar \u00fear.<\/p>\n<p>Google er votta\u00f0 undir Privacy Shield og b\u00fd\u00f0ur \u00feannig tryggingu fyrir a\u00f0 fara a\u00f0 evr\u00f3pskum gagnaverndarl\u00f6gum ( <a href=\"https:\/\/www.privacyshield.gov\/participant?id=a2zt000000001L5AAI&amp;status=Active\" target=\"_blank\" rel=\"noopener noreferrer\">https:\/\/www.privacyshield.gov\/participant?id=a2zt000000001L5AAI&amp;status=Active<\/a> ).<\/p>\n<p>Google mun nota \u00feessar uppl\u00fdsingar fyrir okkar h\u00f6nd til a\u00f0 meta notkun gesta \u00e1 netinu \u00e1 tilbo\u00f0i okkar, taka saman sk\u00fdrslur um starfsemina innan \u00feessa nettilbo\u00f0s og til a\u00f0 veita okkur a\u00f0ra \u00fej\u00f3nustu sem tengist notkun \u00feessa nettilbo\u00f0s og netnotkun. H\u00e6gt er a\u00f0 b\u00faa til dulnefnisnotendasni\u00f0 \u00far unnin g\u00f6gn. Gagnavinnslan fer fram \u00e1 grundvelli sam\u00feykkis \u00fe\u00edns \u00ed samr\u00e6mi vi\u00f0 6. gr. 1 bls 1 lit. a) GDPR. \u00de\u00fa getur afturkalla\u00f0 sam\u00feykki \u00feitt fyrir \u00feessu hven\u00e6r sem er me\u00f0 gildi til framt\u00ed\u00f0ar. H\u00e9r a\u00f0 ne\u00f0an er l\u00fdsing \u00e1 afb\u00f3kunarm\u00f6guleikum sem eru \u00ed bo\u00f0i fyrir \u00feig.<\/p>\n<p>Vi\u00f0 notum a\u00f0eins Google Analytics me\u00f0 virkja\u00f0ri IP nafnleynd. \u00deetta \u00fe\u00fd\u00f0ir a\u00f0 IP-tala notandans er stytt af Google innan a\u00f0ildarr\u00edkja Evr\u00f3pusambandsins e\u00f0a \u00ed \u00f6\u00f0rum samningsr\u00edkjum samningsins um Evr\u00f3pska efnahagssv\u00e6\u00f0i\u00f0. A\u00f0eins \u00ed undantekningartilvikum ver\u00f0ur allt IP-talan sent \u00e1 Google net\u00fej\u00f3n \u00ed Bandar\u00edkjunum og stytt \u00fear.<\/p>\n<p>IP-talan sem vafra notandans sendir er ekki sameinu\u00f0 \u00f6\u00f0rum Google g\u00f6gnum. Notendur geta komi\u00f0 \u00ed veg fyrir geymslu \u00e1 vafrak\u00f6kum me\u00f0 \u00fev\u00ed a\u00f0 stilla vafrahugb\u00fana\u00f0inn \u00ed samr\u00e6mi vi\u00f0 \u00fea\u00f0; A\u00f0 auki geta notendur komi\u00f0 \u00ed veg fyrir a\u00f0 g\u00f6gnin sem myndast af vafrak\u00f6ku og tengjast notkun \u00feeirra \u00e1 nettilbo\u00f0inu s\u00e9 safna\u00f0 af Google og vinnslu \u00feessara gagna af Google me\u00f0 \u00fev\u00ed a\u00f0 hla\u00f0a ni\u00f0ur og setja upp vafravi\u00f0b\u00f3tina sem er f\u00e1anleg undir eftirfarandi hlekk: <a href=\"http:\/\/tools.google.com\/dlpage\/gaoptout?hl=de\" target=\"_blank\" rel=\"noopener noreferrer\">http:\/\/tools.google.com\/dlpage\/gaoptout?hl=de<\/a> .<\/p>\n<p>\u00de\u00fa getur fundi\u00f0 frekari uppl\u00fdsingar um gagnanotkun Google, stillingar og andm\u00e6li \u00ed gagnaverndaryfirl\u00fdsingu Google ( <a href=\"https:\/\/policies.google.com\/technologies\/ads\" target=\"_blank\" rel=\"noopener noreferrer\">https:\/\/policies.google.com\/technologies\/ads<\/a> ) og \u00ed stillingum fyrir birtingu augl\u00fdsinga fr\u00e1 Google ( <a href=\"https:\/\/adssettings.google.com\/authenticated\" target=\"_blank\" rel=\"noopener noreferrer\">https:\/ \/ adssettings.google.com\/authenticated<\/a> ).<\/p>\n<p>Sem valkostur vi\u00f0 vafravi\u00f0b\u00f3tina e\u00f0a \u00ed vafra \u00ed fart\u00e6kjum, vinsamlegast smelltu \u00e1 \u00feennan tengil til a\u00f0 koma \u00ed veg fyrir framt\u00ed\u00f0aruppg\u00f6tvun Google Analytics \u00e1 \u00feessari vefs\u00ed\u00f0u:<\/p>\n<h6>Af\u00feakka greiningu<\/h6>\n<p>Af\u00fe\u00f6kkunarkaka er geymd \u00ed t\u00e6kinu \u00fe\u00ednu. Ef \u00fe\u00fa ey\u00f0ir k\u00f6kunum \u00fe\u00ednum ver\u00f0ur \u00fe\u00fa a\u00f0 smella aftur \u00e1 \u00feennan tengil.<br \/>\nVeiting fyrrgreindra pers\u00f3nuuppl\u00fdsinga er hvorki skylda samkv\u00e6mt l\u00f6gum n\u00e9 samningi. \u00c1n \u00feessara gagna er hins vegar greining, hagr\u00e6\u00f0ing og hagkv\u00e6m rekstur nettilbo\u00f0s okkar ekki m\u00f6guleg.<\/p>\n<h6>Vafrak\u00f6kusam\u00feykki me\u00f0 Borlabs vafrak\u00f6ku<\/h6>\n<p>Vefs\u00ed\u00f0an okkar notar sam\u00feykkist\u00e6kni Borlabs Cookies til a\u00f0 f\u00e1 sam\u00feykki \u00feitt fyrir geymslu \u00e1 tilteknum vafrak\u00f6kum \u00ed vafranum \u00fe\u00ednum og til a\u00f0 skjalfesta \u00feetta \u00ed samr\u00e6mi vi\u00f0 reglur um gagnavernd. \u00datgefandi \u00feessarar t\u00e6kni er Borlabs &#8211; Benjamin A. Bornschein, Georg-Wilhelm-Str. 17, 21107 Hamborg (h\u00e9r eftir Borlabs).<br \/>\n\u00deegar \u00fe\u00fa fer\u00f0 inn \u00e1 vefs\u00ed\u00f0una okkar er Borlabs-kaka geymd \u00ed vafranum \u00fe\u00ednum, sem geymir sam\u00feykki\u00f0 sem \u00fe\u00fa hefur gefi\u00f0 e\u00f0a afturk\u00f6llun \u00feessa sam\u00feykkis. \u00deessi g\u00f6gn eru ekki send til veitanda Borlabs Cookie.<br \/>\nS\u00f6fnu\u00f0u g\u00f6gnin eru geymd \u00fear til \u00fe\u00fa bi\u00f0ur okkur um a\u00f0 ey\u00f0a \u00feeim e\u00f0a ey\u00f0ir Borlabs-k\u00f6kunni sj\u00e1lfur e\u00f0a tilgangurinn me\u00f0 a\u00f0 geyma g\u00f6gnin \u00e1 ekki lengur vi\u00f0. L\u00f6gbo\u00f0nir var\u00f0veislut\u00edmar haldast \u00f3breyttir. Uppl\u00fdsingar um gagnavinnslu Borlabs Cookie m\u00e1 finna \u00e1 <a href=\"https:\/\/de.borlabs.io\/kb\/welche-daten-speichert-borlabs-cookie\/\">https:\/\/de.borlabs.io\/kb\/which-data-stores-borlabs-cookie\/<\/a><br \/>\nBorlabs vafrak\u00f6kusam\u00feykkist\u00e6kni er notu\u00f0 til a\u00f0 f\u00e1 l\u00f6gbundi\u00f0 sam\u00feykki fyrir notkun \u00e1 vafrak\u00f6kum. Lagagrundv\u00f6llur \u00feessa er 6. gr. 1 bls 1 lit. c GDPR.<br \/>\n<span class=\"borlabs-cookie-open-dialog-preferences brlbs-cmpnt-container\" data-borlabs-cookie-title=\"Breyttu stillingum \u00e1 k\u00f6kum\" data-borlabs-cookie-type=\"button\" ><\/span><\/p>\n<h6>Youtube<\/h6>\n<p>S\u00ed\u00f0an okkar notar \u00fej\u00f3nustuveituna YouTube LLC, 901 Cherry Avenue, San Bruno, CA 94066, Bandar\u00edkjunum, fulltr\u00faa Google Inc., 1600 Amphitheatre Parkway, Mountain View, CA 94043, Bandar\u00edkjunum fyrir sam\u00fe\u00e6ttingu myndskei\u00f0a. Venjulega, \u00feegar \u00fe\u00fa kallar upp s\u00ed\u00f0u me\u00f0 innbygg\u00f0um myndb\u00f6ndum, er IP-talan \u00fe\u00edn send \u00e1 YouTube og vafrak\u00f6kur settar upp \u00e1 t\u00f6lvunni \u00feinni.<\/p>\n<p>Hins vegar h\u00f6fum vi\u00f0 sam\u00fe\u00e6tt YouTube myndb\u00f6ndin okkar me\u00f0 aukinni gagnaverndarstillingu (\u00ed \u00feessu tilviki hefur YouTube enn samband vi\u00f0 DoubleClick \u00fej\u00f3nustu Google, en samkv\u00e6mt gagnaverndaryfirl\u00fdsingu Google eru pers\u00f3nuuppl\u00fdsingar ekki metnar). \u00dear af lei\u00f0andi geymir YouTube ekki lengur neinar uppl\u00fdsingar um gestina nema \u00feeir horfi \u00e1 myndbandi\u00f0. Ef \u00fe\u00fa smellir \u00e1 myndbandi\u00f0 ver\u00f0ur IP-talan \u00fe\u00edn send \u00e1 YouTube og YouTube mun vita a\u00f0 \u00fe\u00fa hefur sko\u00f0a\u00f0 myndbandi\u00f0. Ef \u00fe\u00fa ert skr\u00e1\u00f0ur inn \u00e1 YouTube ver\u00f0ur \u00feessum uppl\u00fdsingum einnig \u00fathluta\u00f0 \u00e1 notandareikninginn \u00feinn (\u00fe\u00fa getur komi\u00f0 \u00ed veg fyrir \u00feetta me\u00f0 \u00fev\u00ed a\u00f0 skr\u00e1 \u00feig \u00fat af YouTube \u00e1\u00f0ur en \u00fe\u00fa sko\u00f0ar myndbandi\u00f0).<\/p>\n<p>Frekari uppl\u00fdsingar um tilgang og umfang gagnas\u00f6fnunarinnar og vinnslu hennar hj\u00e1 YouTube er a\u00f0 finna \u00ed gagnaverndaryfirl\u00fdsingu \u00feeirra. \u00dear finnur \u00fe\u00fa einnig frekari uppl\u00fdsingar um r\u00e9ttindi \u00fe\u00edn og stillingarm\u00f6guleika til a\u00f0 vernda fri\u00f0helgi \u00fe\u00edna: <a href=\"https:\/\/www.google.de\/intl\/de\/policies\/privacy\" target=\"_blank\" rel=\"noopener noreferrer\">https:\/\/www.google.de\/intl\/de\/policies\/privacy<\/a> . Google vinnur einnig me\u00f0 pers\u00f3nuuppl\u00fdsingar \u00fe\u00ednar \u00ed Bandar\u00edkjunum og hefur sent til EU-US Privacy Shield, <a href=\"https:\/\/www.privacyshield.gov\/EU-US-Framework\" target=\"_blank\" rel=\"noopener noreferrer\">https:\/\/www.privacyshield.gov\/EU-US-Framework<\/a> .\u201c<\/p>\n<h6>Vi\u00f0takendur pers\u00f3nuuppl\u00fdsinganna<\/h6>\n<p>Pers\u00f3nuuppl\u00fdsingar \u00fe\u00ednar ver\u00f0a afhentar eftirfarandi fyrirt\u00e6kjum innan ESB innan ramma lagaheimilda:<br \/>\n\u00d6nnur BAUHAUS fyrirt\u00e6ki ( <a href=\"https:\/\/www.bauhaus.info\/gesellschaften\" target=\"_blank\" rel=\"noopener noreferrer\">https:\/\/www.bauhaus.info\/gesellschaft<\/a> ) og vinnslua\u00f0ilar \u00feeirra, ef \u00fe\u00f6rf krefur, fyrir frekari r\u00e1\u00f0gj\u00f6f, til a\u00f0 gera \u00e6skilega samninga e\u00f0a veita a\u00f0ra \u00fej\u00f3nustu og vinnslua\u00f0ila BAUHAUS AG fyrir uppl\u00fdsingat\u00e6kni\u00fej\u00f3nustu og ums\u00fdslu bakendi vefs\u00ed\u00f0unnar.<\/p>\n<h6>Lengd gagnageymslu<\/h6>\n<p>Vi\u00f0 geymum g\u00f6gnin \u00fe\u00edn eins lengi og vi\u00f0komandi tilgangur krefst:<\/p>\n<ul>\n<li>Notkunarskr\u00e1r net\u00fej\u00f3ns: 30 dagar<\/li>\n<li>Google Analytics Cookie: 2. \u00e1r<\/li>\n<\/ul>\n<h4>r\u00e9ttindi skr\u00e1\u00f0ra einstaklinga<\/h4>\n<p>R\u00e9ttur \u00feinn sem skr\u00e1\u00f0s einstaklings er alhli\u00f0a trygg\u00f0ur af BAUHAUS fyrirt\u00e6kjum.<\/p>\n<h6>afturk\u00f6llun sam\u00feykkis<\/h6>\n<p>Ef \u00fe\u00fa hefur gefi\u00f0 sam\u00feykki \u00feitt fyrir vinnslu pers\u00f3nuuppl\u00fdsinga vi\u00f0 notkun \u00feessarar vefs\u00ed\u00f0u getur\u00f0u afturkalla\u00f0 \u00feetta sam\u00feykki \u00ed samr\u00e6mi vi\u00f0 7. gr. 3 GDPR afturk\u00f6llu\u00f0 hven\u00e6r sem er. H\u00e6gt er a\u00f0 senda afturk\u00f6llunina me\u00f0 t\u00f6lvup\u00f3sti til <a href=\"mailto:datenschutz@bauhaus.info\" target=\"_blank\" rel=\"noopener noreferrer\">datenschutz@bauhaus.info<\/a> e\u00f0a skriflega \u00e1 ofangreint heimilisfang. \u00c1hrif afturk\u00f6llunarinnar takmarkast vi\u00f0 \u00fea\u00f0 a\u00f0 vi\u00f0komandi pers\u00f3nuuppl\u00fdsingar ver\u00f0a ekki lengur unnar \u00ed framt\u00ed\u00f0inni. Sl\u00edk afturk\u00f6llun hefur \u00fev\u00ed \u00e1hrif \u00e1 leyfilega vinnslu pers\u00f3nuuppl\u00fdsinga \u00feinna eftir a\u00f0 \u00fe\u00fa hefur veitt okkur \u00fe\u00e6r. Athugi\u00f0 a\u00f0 \u00ed \u00feessu tilviki er hugsanlega ekki lengur h\u00e6gt a\u00f0 vinna umr\u00e6dd g\u00f6gn \u00ed framt\u00ed\u00f0inni.<\/p>\n<h6>Andm\u00e6lar\u00e9ttur gegn vinnslu samkv\u00e6mt 6. gr. 1 bls 1 lit. f) GDPR<\/h6>\n<p>Samkv\u00e6mt 21. gr. 1 m\u00e1lsli\u00f0 1 GDPR, hefur \u00fe\u00fa r\u00e9tt til a\u00f0 andm\u00e6la vinnslu pers\u00f3nuuppl\u00fdsinga \u00feinna hven\u00e6r sem er af \u00e1st\u00e6\u00f0um sem stafa af s\u00e9rst\u00f6kum a\u00f0st\u00e6\u00f0um \u00fe\u00ednum \u00e1 grundvelli 6. gr. 1 bls 1 lit. f) GDPR.<\/p>\n<p>Ef \u00fe\u00fa leggur fram andm\u00e6li munum vi\u00f0 ekki lengur vinna \u00far pers\u00f3nuuppl\u00fdsingunum \u00fe\u00ednum nema vi\u00f0 getum s\u00fdnt fram \u00e1 sannf\u00e6randi l\u00f6gm\u00e6tar \u00e1st\u00e6\u00f0ur fyrir vinnslu sem vega \u00feyngra en hagsmunir \u00fe\u00ednir, r\u00e9ttindi og frelsi, e\u00f0a vinnslan er til \u00feess fallin a\u00f0 halda fram, beita e\u00f0a verja lagakr\u00f6fur.<\/p>\n<h6>\u00d6nnur r\u00e9ttindi<\/h6>\n<p>\u00de\u00fa hefur eftirfarandi vi\u00f0b\u00f3tarr\u00e9ttindi a\u00f0 \u00fev\u00ed er var\u00f0ar unnar pers\u00f3nuuppl\u00fdsingar \u00fe\u00ednar ef vi\u00f0komandi s\u00e9rkr\u00f6fur eru uppfylltar af \u00e1byrg\u00f0ara\u00f0ila:<\/p>\n<ul>\n<li>R\u00e9ttur til a\u00f0gangs hins skr\u00e1\u00f0a, 15. gr. GDPR;<\/li>\n<li>R\u00e9ttur til lei\u00f0r\u00e9ttingar, 16. gr. GDPR;<\/li>\n<li>R\u00e9ttur til ey\u00f0ingar, 17. gr. GDPR;<\/li>\n<li>R\u00e9ttur til takm\u00f6rkunar \u00e1 vinnslu, 18. gr. GDPR; og<\/li>\n<li>R\u00e9ttur til gagnaflutnings samkv\u00e6mt 20. gr. GDPR.<\/li>\n<li>\u00de\u00fa \u00e1tt einnig r\u00e9tt \u00e1 a\u00f0 leggja fram kv\u00f6rtun til eftirlitsyfirvalds ef \u00fe\u00fa telur a\u00f0 vinnsla pers\u00f3nuuppl\u00fdsinga \u00feinna brj\u00f3ti gegn GDPR.<\/li>\n<\/ul>\n<h6>uppf\u00e6ra og breyta<\/h6>\n<p>Pers\u00f3nuverndaryfirl\u00fdsingin \u00fearf a\u00f0 a\u00f0laga a\u00f0 raunverulegum a\u00f0st\u00e6\u00f0um og r\u00e9ttar\u00e1standi \u00e1 hverjum t\u00edma. Vinsamlegast athuga\u00f0u gagnaverndaryfirl\u00fdsinguna \u00ed hverju tilviki \u00e1\u00f0ur en \u00fe\u00fa notar tilbo\u00f0 okkar til a\u00f0 vera uppf\u00e6r\u00f0ur me\u00f0 hugsanlegar breytingar e\u00f0a uppf\u00e6rslur.<\/p>\n<p>Sta\u00f0a: 15.08.2019<\/p>\n                    <\/div>\n\n                                <\/div>\n        <\/div>\n    <\/div>\n<\/div>\n<div id=\"bdesign2022_spacer_block_630ccf3392a76\" class=\"bdesign2022_block bdesign2022_block--bdesign2022_spacer\">\n    <div class=\"bdesign2022_block--wrapper\">\n        <div class=\"spacer\" style=\"height: 100px\"><\/div>\n    <\/div>\n<\/div>\n","protected":false},"excerpt":{"rendered":"","protected":false},"author":8,"featured_media":0,"parent":13955,"menu_order":3,"comment_status":"closed","ping_status":"closed","template":"","meta":{"_acf_changed":false,"footnotes":""},"class_list":["post-13930","page","type-page","status-publish","hentry"],"acf":[],"yoast_head":"<!-- This site is optimized with the Yoast SEO plugin v24.2 - https:\/\/yoast.com\/wordpress\/plugins\/seo\/ -->\n<title>Pers\u00f3nuverndarstefna | b!h\u00f6nnun<\/title>\n<meta name=\"description\" content=\"Pers\u00f3nuvernd - h\u00e9r \u00e1 eftir uppl\u00fdsum vi\u00f0 \u00feig um s\u00f6fnun pers\u00f3nuuppl\u00fdsinga \u00feegar \u00fe\u00fa notar vefs\u00ed\u00f0u okkar.\" \/>\n<meta name=\"robots\" content=\"index, follow, max-snippet:-1, max-image-preview:large, max-video-preview:-1\" \/>\n<link rel=\"canonical\" href=\"https:\/\/www.bdesign-floors.com\/is\/um-okkur\/naedi\/\" \/>\n<meta property=\"og:locale\" content=\"is_IS\" \/>\n<meta property=\"og:type\" content=\"article\" \/>\n<meta property=\"og:title\" content=\"Pers\u00f3nuverndarstefna | b!h\u00f6nnun\" \/>\n<meta property=\"og:description\" content=\"Pers\u00f3nuvernd - h\u00e9r \u00e1 eftir uppl\u00fdsum vi\u00f0 \u00feig um s\u00f6fnun pers\u00f3nuuppl\u00fdsinga \u00feegar \u00fe\u00fa notar vefs\u00ed\u00f0u okkar.\" \/>\n<meta property=\"og:url\" content=\"https:\/\/www.bdesign-floors.com\/is\/um-okkur\/naedi\/\" \/>\n<meta property=\"og:site_name\" content=\"b!design\" \/>\n<meta property=\"article:modified_time\" content=\"2022-10-17T08:49:32+00:00\" \/>\n<meta name=\"twitter:card\" content=\"summary_large_image\" \/>\n<script type=\"application\/ld+json\" class=\"yoast-schema-graph\">{\"@context\":\"https:\/\/schema.org\",\"@graph\":[{\"@type\":\"WebPage\",\"@id\":\"https:\/\/www.bdesign-floors.com\/is\/um-okkur\/naedi\/\",\"url\":\"https:\/\/www.bdesign-floors.com\/is\/um-okkur\/naedi\/\",\"name\":\"Pers\u00f3nuverndarstefna | b!h\u00f6nnun\",\"isPartOf\":{\"@id\":\"https:\/\/bdesign.wp.factory.blim-dev.com\/#website\"},\"datePublished\":\"2022-09-12T14:54:24+00:00\",\"dateModified\":\"2022-10-17T08:49:32+00:00\",\"description\":\"Pers\u00f3nuvernd - h\u00e9r \u00e1 eftir uppl\u00fdsum vi\u00f0 \u00feig um s\u00f6fnun pers\u00f3nuuppl\u00fdsinga \u00feegar \u00fe\u00fa notar vefs\u00ed\u00f0u okkar.\",\"breadcrumb\":{\"@id\":\"https:\/\/www.bdesign-floors.com\/is\/um-okkur\/naedi\/#breadcrumb\"},\"inLanguage\":\"is\",\"potentialAction\":[{\"@type\":\"ReadAction\",\"target\":[\"https:\/\/www.bdesign-floors.com\/is\/um-okkur\/naedi\/\"]}]},{\"@type\":\"BreadcrumbList\",\"@id\":\"https:\/\/www.bdesign-floors.com\/is\/um-okkur\/naedi\/#breadcrumb\",\"itemListElement\":[{\"@type\":\"ListItem\",\"position\":1,\"name\":\"Home\",\"item\":\"https:\/\/www.bdesign-floors.com\/is\/\"},{\"@type\":\"ListItem\",\"position\":2,\"name\":\"um okkur\",\"item\":\"https:\/\/bdesign.wp.factory.blim-dev.com\/um-okkur\/\"},{\"@type\":\"ListItem\",\"position\":3,\"name\":\"n\u00e6\u00f0i\"}]},{\"@type\":\"WebSite\",\"@id\":\"https:\/\/bdesign.wp.factory.blim-dev.com\/#website\",\"url\":\"https:\/\/bdesign.wp.factory.blim-dev.com\/\",\"name\":\"b!design\",\"description\":\"Just another WordPress site\",\"potentialAction\":[{\"@type\":\"SearchAction\",\"target\":{\"@type\":\"EntryPoint\",\"urlTemplate\":\"https:\/\/bdesign.wp.factory.blim-dev.com\/?s={search_term_string}\"},\"query-input\":{\"@type\":\"PropertyValueSpecification\",\"valueRequired\":true,\"valueName\":\"search_term_string\"}}],\"inLanguage\":\"is\"}]}<\/script>\n<!-- \/ Yoast SEO plugin. -->","yoast_head_json":{"title":"Pers\u00f3nuverndarstefna | b!h\u00f6nnun","description":"Pers\u00f3nuvernd - h\u00e9r \u00e1 eftir uppl\u00fdsum vi\u00f0 \u00feig um s\u00f6fnun pers\u00f3nuuppl\u00fdsinga \u00feegar \u00fe\u00fa notar vefs\u00ed\u00f0u okkar.","robots":{"index":"index","follow":"follow","max-snippet":"max-snippet:-1","max-image-preview":"max-image-preview:large","max-video-preview":"max-video-preview:-1"},"canonical":"https:\/\/www.bdesign-floors.com\/is\/um-okkur\/naedi\/","og_locale":"is_IS","og_type":"article","og_title":"Pers\u00f3nuverndarstefna | b!h\u00f6nnun","og_description":"Pers\u00f3nuvernd - h\u00e9r \u00e1 eftir uppl\u00fdsum vi\u00f0 \u00feig um s\u00f6fnun pers\u00f3nuuppl\u00fdsinga \u00feegar \u00fe\u00fa notar vefs\u00ed\u00f0u okkar.","og_url":"https:\/\/www.bdesign-floors.com\/is\/um-okkur\/naedi\/","og_site_name":"b!design","article_modified_time":"2022-10-17T08:49:32+00:00","twitter_card":"summary_large_image","schema":{"@context":"https:\/\/schema.org","@graph":[{"@type":"WebPage","@id":"https:\/\/www.bdesign-floors.com\/is\/um-okkur\/naedi\/","url":"https:\/\/www.bdesign-floors.com\/is\/um-okkur\/naedi\/","name":"Pers\u00f3nuverndarstefna | b!h\u00f6nnun","isPartOf":{"@id":"https:\/\/bdesign.wp.factory.blim-dev.com\/#website"},"datePublished":"2022-09-12T14:54:24+00:00","dateModified":"2022-10-17T08:49:32+00:00","description":"Pers\u00f3nuvernd - h\u00e9r \u00e1 eftir uppl\u00fdsum vi\u00f0 \u00feig um s\u00f6fnun pers\u00f3nuuppl\u00fdsinga \u00feegar \u00fe\u00fa notar vefs\u00ed\u00f0u okkar.","breadcrumb":{"@id":"https:\/\/www.bdesign-floors.com\/is\/um-okkur\/naedi\/#breadcrumb"},"inLanguage":"is","potentialAction":[{"@type":"ReadAction","target":["https:\/\/www.bdesign-floors.com\/is\/um-okkur\/naedi\/"]}]},{"@type":"BreadcrumbList","@id":"https:\/\/www.bdesign-floors.com\/is\/um-okkur\/naedi\/#breadcrumb","itemListElement":[{"@type":"ListItem","position":1,"name":"Home","item":"https:\/\/www.bdesign-floors.com\/is\/"},{"@type":"ListItem","position":2,"name":"um okkur","item":"https:\/\/bdesign.wp.factory.blim-dev.com\/um-okkur\/"},{"@type":"ListItem","position":3,"name":"n\u00e6\u00f0i"}]},{"@type":"WebSite","@id":"https:\/\/bdesign.wp.factory.blim-dev.com\/#website","url":"https:\/\/bdesign.wp.factory.blim-dev.com\/","name":"b!design","description":"Just another WordPress site","potentialAction":[{"@type":"SearchAction","target":{"@type":"EntryPoint","urlTemplate":"https:\/\/bdesign.wp.factory.blim-dev.com\/?s={search_term_string}"},"query-input":{"@type":"PropertyValueSpecification","valueRequired":true,"valueName":"search_term_string"}}],"inLanguage":"is"}]}},"_links":{"self":[{"href":"https:\/\/www.bdesign-floors.com\/is\/wp-json\/wp\/v2\/pages\/13930","targetHints":{"allow":["GET"]}}],"collection":[{"href":"https:\/\/www.bdesign-floors.com\/is\/wp-json\/wp\/v2\/pages"}],"about":[{"href":"https:\/\/www.bdesign-floors.com\/is\/wp-json\/wp\/v2\/types\/page"}],"author":[{"embeddable":true,"href":"https:\/\/www.bdesign-floors.com\/is\/wp-json\/wp\/v2\/users\/8"}],"replies":[{"embeddable":true,"href":"https:\/\/www.bdesign-floors.com\/is\/wp-json\/wp\/v2\/comments?post=13930"}],"version-history":[{"count":1,"href":"https:\/\/www.bdesign-floors.com\/is\/wp-json\/wp\/v2\/pages\/13930\/revisions"}],"predecessor-version":[{"id":13931,"href":"https:\/\/www.bdesign-floors.com\/is\/wp-json\/wp\/v2\/pages\/13930\/revisions\/13931"}],"up":[{"embeddable":true,"href":"https:\/\/www.bdesign-floors.com\/is\/wp-json\/wp\/v2\/pages\/13955"}],"wp:attachment":[{"href":"https:\/\/www.bdesign-floors.com\/is\/wp-json\/wp\/v2\/media?parent=13930"}],"curies":[{"name":"wp","href":"https:\/\/api.w.org\/{rel}","templated":true}]}}