{"id":19737,"date":"2023-07-05T14:15:04","date_gmt":"2023-07-05T12:15:04","guid":{"rendered":"https:\/\/www.bdesign-floors.com\/?page_id=19737"},"modified":"2023-07-05T14:15:06","modified_gmt":"2023-07-05T12:15:06","slug":"vegg","status":"publish","type":"page","link":"https:\/\/www.bdesign-floors.com\/no\/vegg\/","title":{"rendered":"vegg"},"content":{"rendered":"<div id=\"bdesign2022_pageheader_block_86c9cd7e6930332ae401161c4144da96\" class=\"bdesign2022_block bdesign2022_block--bdesign2022_pageheader\">\n    <div class=\"bdesign2022_block--wrapper\">\n                                    <div class=\"bdesign2022_ph-wrap is-single\">\n                    <div class=\"bdesign2022_ph-slide slidestyle-is-black orig-is-svart active\">\n                        <div class=\"slide-image\">\n                            <img decoding=\"async\" class=\"img-fluid logo\" src=\"https:\/\/www.bdesign-floors.com\/wp-content\/uploads\/2023\/02\/stilvolle-echtholz-wandverkleidung-b-design-wall.jpg\" srcset=\"https:\/\/www.bdesign-floors.com\/wp-content\/uploads\/2023\/02\/stilvolle-echtholz-wandverkleidung-b-design-wall.jpg 1110w, https:\/\/www.bdesign-floors.com\/wp-content\/uploads\/2023\/02\/stilvolle-echtholz-wandverkleidung-b-design-wall-768x521.jpg 768w, https:\/\/www.bdesign-floors.com\/wp-content\/uploads\/2023\/02\/stilvolle-echtholz-wandverkleidung-b-design-wall-442x300.jpg 442w\">                        <\/div>\n                        <div class=\"slide-area\">\n                            <div class=\"slide-area-wrapper\">\n                                <h1>Moderne design for mer boopplevelse<\/h1>\n                                <h6>Stilige lameller i moderne stil<\/h6>\n                                                                    <a class=\"cta_first btn btn-bdesign2022 btn-primary\" href=\"https:\/\/www.bdesign-floors.com\/wo-kaufen\/\">hvor kj\u00f8pes<\/a>\n                                                                                            <\/div>\n                            <div class=\"slide-image-mobile d-md-none\">\n                                <img decoding=\"async\" class=\"img-fluid logo\" src=\"https:\/\/www.bdesign-floors.com\/wp-content\/uploads\/2023\/02\/stilvolle-echtholz-wandverkleidung-b-design-wall.jpg\" srcset=\"https:\/\/www.bdesign-floors.com\/wp-content\/uploads\/2023\/02\/stilvolle-echtholz-wandverkleidung-b-design-wall.jpg 1110w, https:\/\/www.bdesign-floors.com\/wp-content\/uploads\/2023\/02\/stilvolle-echtholz-wandverkleidung-b-design-wall-768x521.jpg 768w, https:\/\/www.bdesign-floors.com\/wp-content\/uploads\/2023\/02\/stilvolle-echtholz-wandverkleidung-b-design-wall-442x300.jpg 442w\">                            <\/div>\n                        <\/div>\n                    <\/div>\n                <\/div>\n                        <\/div>\n<\/div>\n\n\n<div id=\"bdesign2022_headline_block_66bb667c2ce33534dd17f5b0245a0709\" class=\"bdesign2022_block bdesign2022_block--bdesign2022_headline\">\n    <div class=\"bdesign2022_block--wrapper\">\n        <div class=\"container my-4\">\n            \n                                     <div class=\"row\">\n                        <div class=\"col-6 col-md-4 col-lg-3\">\n                        <img decoding=\"async\" class=\"img-fluid logo\" src=\"https:\/\/www.bdesign-floors.com\/wp-content\/uploads\/2023\/02\/logo_bdesign_wall.jpg\" srcset=\"https:\/\/www.bdesign-floors.com\/wp-content\/uploads\/2023\/02\/logo_bdesign_wall.jpg 375w, https:\/\/www.bdesign-floors.com\/wp-content\/uploads\/2023\/02\/logo_bdesign_wall.jpg 375w, https:\/\/www.bdesign-floors.com\/wp-content\/uploads\/2023\/02\/logo_bdesign_wall.jpg 375w\">                        <\/div>\n                    <\/div>\n                                                                    <h2 class=\"h2 tekst-start mt-2 mb-4\">Stilige lameller i moderne stil<\/h2>\n                \n                    <\/div>\n    <\/div>\n<\/div>\n\n\n<div id=\"bdesign2022_2columntext_block_af04e3e9b1c6ea292e1e51b794886096\" class=\"bdesign2022_block bdesign2022_block--bdesign2022_2columntext\">\n    <div class=\"bdesign2022_block--wrapper\">\n        <div class=\"container my-4\">\n            <div class=\"row align-items-start\">\n                <div class=\"col-12 col-xxl-4 offset-0 offset-xxl-2 my-3\">\n                    <p>Med enkle og tidl\u00f8se design har b!design Veggpaneler raskt blitt en favoritt blant arkitekter fra hele verden innen vegg<\/p>\n                <\/div>\n                <div class=\"c0l-12 col-xxl-4 xxl-3 my-3\">\n                    <p>og takdesign etablert. B\u00e5de dens akustiske effekt og den b\u00f8rstede ekte trefineren s\u00f8rger for en hyggelig, hjemmekoselig atmosf\u00e6re.<\/p>\n                <\/div>\n            <\/div>\n        <\/div>\n    <\/div>\n<\/div>\n\n\n<div id=\"bdesign2022_imagetext_block_84a4ed12f67fc9933ce482aa1c532224\" class=\"bdesign2022_block bdesign2022_block--bdesign2022_imagetext\">\n    <div class=\"bdesign2022_block--wrapper\">\n        <div class=\"container\">\n            <div class=\"row align-items-center align-items-xxl-start align-items-xxxl-center\">\n                <div class=\"d-block d-md-block col-md-7 col-xl-4 col-xxl-5 col-xxxl-7 col-type-is-image col-count-is-1\"><img decoding=\"async\" class=\"img-fluid col-img\" src=\"https:\/\/www.bdesign-floors.com\/wp-content\/uploads\/2023\/02\/smart-wandverkleidung-b-design-wall.jpg\" srcset=\"https:\/\/www.bdesign-floors.com\/wp-content\/uploads\/2023\/02\/smart-wandverkleidung-b-design-wall.jpg 1110w, https:\/\/www.bdesign-floors.com\/wp-content\/uploads\/2023\/02\/smart-wandverkleidung-b-design-wall-768x510.jpg 768w, https:\/\/www.bdesign-floors.com\/wp-content\/uploads\/2023\/02\/smart-wandverkleidung-b-design-wall-452x300.jpg 452w\"><\/div><div class=\"col-12 col-xl-7 col-xxl-6 col-xxxl-4 col-type-is-imagetext col-count-is-2\"><h3>Smart<\/h3><p>Smart-kolleksjonen passer perfekt inn i ditt bomilj\u00f8. Ved \u00e5 montere individuelle trelameller direkte p\u00e5 veggen forblir bakgrunnen synlig og kan til og med kombineres med lysdioder. De er laget av h\u00f8ykvalitets, b\u00f8rstet ekte tre, FSC <sup>\u00ae<\/sup> -sertifisert (N001581) og 100 % resirkulerbare.<\/p>\n<\/div>            <\/div>\n        <\/div>\n    <\/div>\n<\/div>\n\n\n<div id=\"bdesign2022_imagetext_block_2409544dc4697189618721e1d3bb218b\" class=\"bdesign2022_block bdesign2022_block--bdesign2022_imagetext\">\n    <div class=\"bdesign2022_block--wrapper\">\n        <div class=\"container\">\n            <div class=\"row align-items-center align-items-xxl-start align-items-xxxl-center\">\n                <div class=\"col-12 col-xl-7 col-xxl-6 col-xxxl-4 col-type-is-imagetext col-count-is-1\"><h3>Smart Plus<\/h3><p>Skap perfekt romestetikk med et moderne og naturlig utseende \u2013 med Smart Plus veggpanel. Trelamellene er laget av h\u00f8ykvalitets, b\u00f8rstet ekte tre, FSC <sup>\u00ae<\/sup> -sertifisert (N001581) og 100 % resirkulerbare. De er montert p\u00e5 en 3 mm svart stabil HDF-st\u00f8tte.<\/p>\n<\/div><div class=\"d-block d-md-block col-md-7 col-xl-4 col-xxl-5 col-xxxl-7 col-type-is-image col-count-is-2\"><img decoding=\"async\" class=\"img-fluid col-img\" src=\"https:\/\/www.bdesign-floors.com\/wp-content\/uploads\/2023\/02\/smart-plus-wandverkleidung-b-design-wall.jpg\" srcset=\"https:\/\/www.bdesign-floors.com\/wp-content\/uploads\/2023\/02\/smart-plus-wandverkleidung-b-design-wall.jpg 1110w, https:\/\/www.bdesign-floors.com\/wp-content\/uploads\/2023\/02\/smart-plus-wandverkleidung-b-design-wall-768x510.jpg 768w, https:\/\/www.bdesign-floors.com\/wp-content\/uploads\/2023\/02\/smart-plus-wandverkleidung-b-design-wall-452x300.jpg 452w\"><\/div>            <\/div>\n        <\/div>\n    <\/div>\n<\/div>\n\n\n<div id=\"bdesign2022_imagetext_block_6ee29572352020d2431af5d5cf35d7f3\" class=\"bdesign2022_block bdesign2022_block--bdesign2022_imagetext\">\n    <div class=\"bdesign2022_block--wrapper\">\n        <div class=\"container\">\n            <div class=\"row align-items-center align-items-xxl-start align-items-xxxl-center\">\n                <div class=\"d-block d-md-block col-md-7 col-xl-4 col-xxl-5 col-xxxl-7 col-type-is-image col-count-is-1\"><img decoding=\"async\" class=\"img-fluid col-img\" src=\"https:\/\/www.bdesign-floors.com\/wp-content\/uploads\/2023\/02\/prime-wandverkleidung-b-design-wall.jpg\" srcset=\"https:\/\/www.bdesign-floors.com\/wp-content\/uploads\/2023\/02\/prime-wandverkleidung-b-design-wall.jpg 1110w, https:\/\/www.bdesign-floors.com\/wp-content\/uploads\/2023\/02\/prime-wandverkleidung-b-design-wall-768x510.jpg 768w, https:\/\/www.bdesign-floors.com\/wp-content\/uploads\/2023\/02\/prime-wandverkleidung-b-design-wall-452x300.jpg 452w\"><\/div><div class=\"col-12 col-xl-7 col-xxl-6 col-xxxl-4 col-type-is-imagetext col-count-is-2\"><h3>Prime<\/h3><p>Lag fantastiske effekter i hvert av rommene dine med Prime-samlingen. P\u00e5 grunn av h\u00f8ykvalitets, b\u00f8rstet ekte treoverflate, ser trelamellene ikke bare bra ut. De er festet til en 4 mm tykk gr\u00e5 filt akustisk st\u00f8tte, som har en effektiv lyddempende effekt.<\/p>\n<\/div>            <\/div>\n        <\/div>\n    <\/div>\n<\/div>\n\n\n<div id=\"bdesign2022_switchstyle_block_b3a817c6d24e7ad3f28c72d730e7fcdb\" class=\"bdesign2022_style bdesign2022_style--bdesign2022_switchstyle\" data-switchstyle=\"black\">\n\n\n<div id=\"bdesign2022_headline_block_c2054f01de8ff5a604252b83b3f595f7\" class=\"bdesign2022_block bdesign2022_block--bdesign2022_headline\">\n    <div class=\"bdesign2022_block--wrapper\">\n        <div class=\"container my-4\">\n            \n                                                    <h2 class=\"h2 tekst-start mt-2 mb-4\">Fordelene p\u00e5 et \u00f8yeblikk<\/h2>\n                                \n                        <\/div>\n    <\/div>\n<\/div>\n\n\n<div id=\"bdesign2022_customcontent_block_f7353b4cf9c23eefe0ee1fe399ca7616\" class=\"bdesign2022_block bdesign2022_block--bdesign2022_customcontent\">\n    <div class=\"bdesign2022_block--wrapper\">\n        <div class=\"container\">\n            <div class=\"row\">\n                \n                <div class=\"col-12 col-sm-10\" style=\"margin:0 auto;text-align: center;\">\n                    <div class=\"container-centered\">\n                        <div class=\"row\" style=\"text-align:left\">\n    <div class=\"col-12 col-lg-4 mb-3 mb-lg-0\">\n      <h3>Smart<\/h3>\n      <br>\n      \t<ul>\n \t<li>FSC <sup>\u00ae<\/sup> -sertifisert (N001581)<\/li>\n \t<li>Overflate i b\u00f8rstet ekte tre<\/li>\n \t<li>100 % resirkulerbar<\/li>\n \t<li><strong>Selvklebende strimler<\/strong><\/li>\n \t<li>Kan ideelt kombineres med LED<\/li>\n \t<li>bakgrunnen forblir synlig<\/li>\n \t<li>Passer til tak og vegg<\/li>\n    <li>34,5 mm brede lameller<\/li>\n    <li>Laget i Europa<\/li>\n\t\t<\/ul>   \n    <\/div>\n    <div class=\"col-12 col-lg-4 mb-3 mb-lg-0\">\n            <h3>Smart Plus<\/h3>\n            <br>\n      <ul>\n \t<li>FSC <sup>\u00ae<\/sup> -sertifisert (N001581)<\/li>\n \t<li>Overflate i b\u00f8rstet ekte tre<\/li>\n \t<li>100 % resirkulerbar<\/li>\n \t<li>Enkel \u00e5 montere<\/li>\n \t<li><strong>3 mm HDF-b\u00e6rer<\/strong><\/li>\n \t<li>34,5 mm brede lameller<\/li>\n    <li>15,5 mm avstand mellom lamellene<\/li>\n    <li>Laget i Europa<\/li>\n<\/ul>     \n    <\/div>\n    <div class=\"col-12 col-lg-4\">\n                  <h3>Prime<\/h3>\n            <br>\n<ul>\n \t<li>FSC <sup>\u00ae<\/sup> -sertifisert (N001581)<\/li>\n \t<li>Overflate i b\u00f8rstet ekte tre<\/li>\n \t<li>Enkel \u00e5 montere<\/li>\n \t<li><strong>4 mm filt akustisk b\u00e6rer<\/strong><\/li>\n \t<li>Ekstra lydabsorberende effekt<\/li>\n \t<li>Passer til tak og vegg<\/li>\n   \t<li>34,5 mm brede lameller<\/li>\n    <li>25,5 mm avstand mellom lamellene<\/li>\n    <li>Laget i Europa<\/li>\n<\/ul>\n    <\/div>\n<\/div>                    <\/div>\n                <\/div>\n\n                            <\/div>\n        <\/div>\n    <\/div>\n<\/div>\n\n\n<\/div>\n\n\n<div id=\"bdesign2022_switchstyle_block_60eb830e107be2d78c214e9d639a31c9\" class=\"bdesign2022_style bdesign2022_style--bdesign2022_switchstyle\" data-switchstyle=\"lightgray\">\n\n\n<div id=\"bdesign2022_headline_block_f01f8e347af299d99dade2e1ec96b420\" class=\"bdesign2022_block bdesign2022_block--bdesign2022_headline\">\n    <div class=\"bdesign2022_block--wrapper\">\n        <div class=\"container my-4\">\n            \n                                    <h5 class=\"h5 tekst-start mt-5 mb-3\">b!design Vegg<\/h5>\n                                                    <h2 class=\"h2 tekst-start mt-2 mb-4\">Produktene<br> p\u00e5 et \u00f8yeblikk<\/h2>\n                                \n                        <\/div>\n    <\/div>\n<\/div>\n\n\n<div id=\"bdesign2022_productslider_block_93786cdf63548ec9d965fdd20b99c040\" class=\"bdesign2022_block bdesign2022_block--bdesign2022_productslider\">\n    <div class=\"bdesign2022_block--wrapper\">\n        <div class=\"container\">\n            <div class=\"row align-items-stretch\">\n                <div class=\"productslider-wrapper\"  id=\"productslider-wrapper-block_93786cdf63548ec9d965fdd20b99c040\"><div class=\"container\"><div class=\"row\"><div class=\"productslider-carousel ps-is-lbox\" data-items=\"1,2,3,4\" data-interval=\"1000\" data-slide=\"1\" id=\"productslider-carousel-block_93786cdf63548ec9d965fdd20b99c040\"><button class=\"btn btn-primary leftLst\"><\/button><button class=\"btn btn-primary rightLst\"><\/button><div class=\"carousel-inner\"><div class=\"productcontent-item\"><a class=\"pci-inside pci-is-vegg ps-type-is-lbox\" type=\"button\" data-bs-toggle=\"modal\" data-bs-target=\"#pci-lbox-21228\"><img decoding=\"async\" class=\"img-fluid logo\" src=\"https:\/\/www.bdesign-floors.com\/wp-content\/uploads\/2023\/02\/smart-eiche-weiss-b-design-wall.jpg\" srcset=\"https:\/\/www.bdesign-floors.com\/wp-content\/uploads\/2023\/02\/smart-eiche-weiss-b-design-wall.jpg 1024w, https:\/\/www.bdesign-floors.com\/wp-content\/uploads\/2023\/02\/smart-eiche-weiss-b-design-wall-768x768.jpg 768w, https:\/\/www.bdesign-floors.com\/wp-content\/uploads\/2023\/02\/smart-eiche-weiss-b-design-wall-300x300.jpg 300w\"><h4><\/h4><p>Smart Eik Hvit<\/p>\n<\/a><div class=\"row justify-content-start\"><div class=\"col-auto\"><a class=\"btn btn-bdesign2022 btn-shop\" href=\"https:\/\/www.bauhaus.info\/holzpaneele\/bdesign-wandpaneel-wall-smart\/p\/30366499\" target=\"_blank\">Butikk<\/a><\/div><\/div><\/div><div class=\"productcontent-item\"><a class=\"pci-inside pci-is-vegg ps-type-is-lbox\" type=\"button\" data-bs-toggle=\"modal\" data-bs-target=\"#pci-lbox-21223\"><img decoding=\"async\" class=\"img-fluid logo\" src=\"https:\/\/www.bdesign-floors.com\/wp-content\/uploads\/2023\/02\/smart-eiche-hellbraun-b-design-wall.jpg\" srcset=\"https:\/\/www.bdesign-floors.com\/wp-content\/uploads\/2023\/02\/smart-eiche-hellbraun-b-design-wall.jpg 1024w, https:\/\/www.bdesign-floors.com\/wp-content\/uploads\/2023\/02\/smart-eiche-hellbraun-b-design-wall-768x768.jpg 768w, https:\/\/www.bdesign-floors.com\/wp-content\/uploads\/2023\/02\/smart-eiche-hellbraun-b-design-wall-300x300.jpg 300w\"><h4><\/h4><p>Smart eik lysebrun<\/p>\n<\/a><div class=\"row justify-content-start\"><div class=\"col-auto\"><a class=\"btn btn-bdesign2022 btn-shop\" href=\"https:\/\/www.bauhaus.info\/holzpaneele\/bdesign-wandpaneel-wall-smart\/p\/30438352\" target=\"_blank\">Butikk<\/a><\/div><\/div><\/div><div class=\"productcontent-item\"><a class=\"pci-inside pci-is-vegg ps-type-is-lbox\" type=\"button\" data-bs-toggle=\"modal\" data-bs-target=\"#pci-lbox-21246\"><img decoding=\"async\" class=\"img-fluid logo\" src=\"https:\/\/www.bdesign-floors.com\/wp-content\/uploads\/2023\/02\/smart-Plus-eiche-grau-b-design-wall.jpg\" srcset=\"https:\/\/www.bdesign-floors.com\/wp-content\/uploads\/2023\/02\/smart-Plus-eiche-grau-b-design-wall.jpg 1024w, https:\/\/www.bdesign-floors.com\/wp-content\/uploads\/2023\/02\/smart-Plus-eiche-grau-b-design-wall-768x768.jpg 768w, https:\/\/www.bdesign-floors.com\/wp-content\/uploads\/2023\/02\/smart-Plus-eiche-grau-b-design-wall-300x300.jpg 300w\"><h4><\/h4><p>Smart Plus Eik Gr\u00e5<\/p>\n<\/a><div class=\"row justify-content-start\"><div class=\"col-auto\"><a class=\"btn btn-bdesign2022 btn-shop\" href=\"https:\/\/www.bauhaus.info\/akustikpaneele\/bdesign-wandpaneel-wall-smart-plus\/p\/30303690\" target=\"_blank\">Butikk<\/a><\/div><\/div><\/div><div class=\"productcontent-item\"><a class=\"pci-inside pci-is-vegg ps-type-is-lbox\" type=\"button\" data-bs-toggle=\"modal\" data-bs-target=\"#pci-lbox-21262\"><img decoding=\"async\" class=\"img-fluid logo\" src=\"https:\/\/www.bdesign-floors.com\/wp-content\/uploads\/2023\/02\/smart-plus-eiche-hellbraun-b-design-wall.jpg\" srcset=\"https:\/\/www.bdesign-floors.com\/wp-content\/uploads\/2023\/02\/smart-plus-eiche-hellbraun-b-design-wall.jpg 1024w, https:\/\/www.bdesign-floors.com\/wp-content\/uploads\/2023\/02\/smart-plus-eiche-hellbraun-b-design-wall-768x768.jpg 768w, https:\/\/www.bdesign-floors.com\/wp-content\/uploads\/2023\/02\/smart-plus-eiche-hellbraun-b-design-wall-300x300.jpg 300w\"><h4><\/h4><p>Smart Plus eik lysebrun<\/p>\n<\/a><div class=\"row justify-content-start\"><div class=\"col-auto\"><a class=\"btn btn-bdesign2022 btn-shop\" href=\"https:\/\/www.bauhaus.info\/akustikpaneele\/bdesign-wandpaneel-wall-smart-plus\/p\/30303681\" target=\"_blank\">Butikk<\/a><\/div><\/div><\/div><div class=\"productcontent-item\"><a class=\"pci-inside pci-is-vegg ps-type-is-lbox\" type=\"button\" data-bs-toggle=\"modal\" data-bs-target=\"#pci-lbox-21208\"><img decoding=\"async\" class=\"img-fluid logo\" src=\"https:\/\/www.bdesign-floors.com\/wp-content\/uploads\/2023\/02\/prime-eiche-weiss-b-design-wall.jpg\" srcset=\"https:\/\/www.bdesign-floors.com\/wp-content\/uploads\/2023\/02\/prime-eiche-weiss-b-design-wall.jpg 1024w, https:\/\/www.bdesign-floors.com\/wp-content\/uploads\/2023\/02\/prime-eiche-weiss-b-design-wall-768x768.jpg 768w, https:\/\/www.bdesign-floors.com\/wp-content\/uploads\/2023\/02\/prime-eiche-weiss-b-design-wall-300x300.jpg 300w\"><h4><\/h4><p>Prime Oak White<\/p>\n<\/a><div class=\"row justify-content-start\"><div class=\"col-auto\"><a class=\"btn btn-bdesign2022 btn-shop\" href=\"https:\/\/www.bauhaus.info\/akustikpaneele\/bdesign-wandpaneel-wall-prime\/p\/30440719\" target=\"_blank\">Butikk<\/a><\/div><\/div><\/div><div class=\"productcontent-item\"><a class=\"pci-inside pci-is-vegg ps-type-is-lbox\" type=\"button\" data-bs-toggle=\"modal\" data-bs-target=\"#pci-lbox-21194\"><img decoding=\"async\" class=\"img-fluid logo\" src=\"https:\/\/www.bdesign-floors.com\/wp-content\/uploads\/2023\/02\/prime-eiche-hellbraun-b-design-wall_103-1.png\" srcset=\"https:\/\/www.bdesign-floors.com\/wp-content\/uploads\/2023\/02\/prime-eiche-hellbraun-b-design-wall_103-1.png 1024w, https:\/\/www.bdesign-floors.com\/wp-content\/uploads\/2023\/02\/prime-eiche-hellbraun-b-design-wall-768x768.jpg 768w, https:\/\/www.bdesign-floors.com\/wp-content\/uploads\/2023\/02\/prime-eiche-hellbraun-b-design-wall-300x300.jpg 300w\"><h4><\/h4><p>Prime eik lysebrun<\/p>\n<\/a><div class=\"row justify-content-start\"><div class=\"col-auto\"><a class=\"btn btn-bdesign2022 btn-shop\" href=\"https:\/\/www.bauhaus.info\/akustikpaneele\/bdesign-wandpaneel-wall-prime\/p\/30440700\" target=\"_blank\">Butikk<\/a><\/div><\/div><\/div><\/div><\/div><\/div><\/div><\/div>            <div class=\"modal fade bdesign2022-modal is-product\" id=\"pci-lbox-20269\" tabindex=\"-1\" aria-hidden=\"true\" aria-labelledby=\"pci-lbox-20269-label\">\n                <div class=\"modal-dialog modal-dialog-scrollable modal-dialog-centered\">\n                    <div class=\"modal-content\">\n                        <div class=\"modal-header\">\n                        <h5 class=\"modal-title\" id=\"pci-lbox-20269-label\">Smart Eiche Wei\u00df<\/h5>\n                        <button type=\"button\" class=\"btn-close\" data-bs-dismiss=\"modal\" aria-label=\"Close\"><\/button>\n                    <\/div>\n                    <div class=\"modal-body\">\n                        <div class=\"container\">\n                            <div class=\"row\">\n                                <div class=\"col-10 col-sm-6 offset-1 offset-sm-3\">\n                                    <div id=\"bdesign2022-productslider-20269\" class=\"carousel slide bdesign2022-productslider psi-is-wall\">\n                                        <div class=\"carousel-indicators\">\n                                            <button type=\"button\" data-bs-target=\"#bdesign2022-productslider-20269\" data-bs-slide-to=\"0\" class=\"active\" aria-current=\"true\" aria-label=\"Slide 0\"><\/button><button type=\"button\" data-bs-target=\"#bdesign2022-productslider-20269\" data-bs-slide-to=\"1\" aria-label=\"Slide 1\"><\/button>                                        <\/div>\n                                        <div class=\"carousel-inner\">\n                                            <div class=\"carousel-item active\"><img decoding=\"async\" class=\"img-fluid product-image\" src=\"https:\/\/www.bdesign-floors.com\/wp-content\/uploads\/2023\/02\/smart-eiche-weiss-b-design-wall.jpg\" srcset=\"https:\/\/www.bdesign-floors.com\/wp-content\/uploads\/2023\/02\/smart-eiche-weiss-b-design-wall.jpg 1024w, https:\/\/www.bdesign-floors.com\/wp-content\/uploads\/2023\/02\/smart-eiche-weiss-b-design-wall-768x768.jpg 768w, https:\/\/www.bdesign-floors.com\/wp-content\/uploads\/2023\/02\/smart-eiche-weiss-b-design-wall-300x300.jpg 300w\"><\/div><div class=\"carousel-item\"><img decoding=\"async\" class=\"img-fluid product-image\" src=\"https:\/\/www.bdesign-floors.com\/wp-content\/uploads\/2023\/02\/smart-eiche-weiss-wandverkleidung-b-design-wall.jpg.jpg\" srcset=\"https:\/\/www.bdesign-floors.com\/wp-content\/uploads\/2023\/02\/smart-eiche-weiss-wandverkleidung-b-design-wall.jpg.jpg 1024w, https:\/\/www.bdesign-floors.com\/wp-content\/uploads\/2023\/02\/smart-eiche-weiss-wandverkleidung-b-design-wall.jpg-768x768.jpg 768w, https:\/\/www.bdesign-floors.com\/wp-content\/uploads\/2023\/02\/smart-eiche-weiss-wandverkleidung-b-design-wall.jpg-300x300.jpg 300w\"><\/div>                                        <\/div>\n                                        <button class=\"carousel-control-prev\" type=\"button\" data-bs-target=\"#bdesign2022-productslider-20269\" data-bs-slide=\"prev\">\n                                            <span class=\"carousel-control-prev-icon\" aria-hidden=\"true\"><\/span>\n                                            <span class=\"visually-hidden\">Previous<\/span>\n                                        <\/button>\n                                        <button class=\"carousel-control-next\" type=\"button\" data-bs-target=\"#bdesign2022-productslider-20269\" data-bs-slide=\"next\">\n                                            <span class=\"carousel-control-next-icon\" aria-hidden=\"true\"><\/span>\n                                            <span class=\"visually-hidden\">Next<\/span>\n                                        <\/button>\n                                    <\/div>\n                                <\/div>\n                            <\/div>\n                        <\/div>\n                    <\/div>\n                <\/div>\n            <\/div>\n        <\/div>\n\n                <script>        (function ($) {            setTimeout(function(){                var myModalEl = document.getElementById(\"pci-lbox-20269\");                myModalEl.addEventListener(\"hidden.bs.modal\", function (event) {bdesign2022_modalMagic(\"hidden\")});                myModalEl.addEventListener(\"shown.bs.modal\", function (event) {bdesign2022_modalMagic(\"shown\")});            },500);        })(jQuery);        <\/script>                    <div class=\"modal fade bdesign2022-modal is-product\" id=\"pci-lbox-20267\" tabindex=\"-1\" aria-hidden=\"true\" aria-labelledby=\"pci-lbox-20267-label\">\n                <div class=\"modal-dialog modal-dialog-scrollable modal-dialog-centered\">\n                    <div class=\"modal-content\">\n                        <div class=\"modal-header\">\n                        <h5 class=\"modal-title\" id=\"pci-lbox-20267-label\">Smart Eiche Hellbraun<\/h5>\n                        <button type=\"button\" class=\"btn-close\" data-bs-dismiss=\"modal\" aria-label=\"Close\"><\/button>\n                    <\/div>\n                    <div class=\"modal-body\">\n                        <div class=\"container\">\n                            <div class=\"row\">\n                                <div class=\"col-10 col-sm-6 offset-1 offset-sm-3\">\n                                    <div id=\"bdesign2022-productslider-20267\" class=\"carousel slide bdesign2022-productslider psi-is-wall\">\n                                        <div class=\"carousel-indicators\">\n                                            <button type=\"button\" data-bs-target=\"#bdesign2022-productslider-20267\" data-bs-slide-to=\"0\" class=\"active\" aria-current=\"true\" aria-label=\"Slide 0\"><\/button><button type=\"button\" data-bs-target=\"#bdesign2022-productslider-20267\" data-bs-slide-to=\"1\" aria-label=\"Slide 1\"><\/button>                                        <\/div>\n                                        <div class=\"carousel-inner\">\n                                            <div class=\"carousel-item active\"><img decoding=\"async\" class=\"img-fluid product-image\" src=\"https:\/\/www.bdesign-floors.com\/wp-content\/uploads\/2023\/02\/smart-eiche-hellbraun-b-design-wall.jpg\" srcset=\"https:\/\/www.bdesign-floors.com\/wp-content\/uploads\/2023\/02\/smart-eiche-hellbraun-b-design-wall.jpg 1024w, https:\/\/www.bdesign-floors.com\/wp-content\/uploads\/2023\/02\/smart-eiche-hellbraun-b-design-wall-768x768.jpg 768w, https:\/\/www.bdesign-floors.com\/wp-content\/uploads\/2023\/02\/smart-eiche-hellbraun-b-design-wall-300x300.jpg 300w\"><\/div><div class=\"carousel-item\"><img decoding=\"async\" class=\"img-fluid product-image\" src=\"https:\/\/www.bdesign-floors.com\/wp-content\/uploads\/2023\/02\/smart-eiche-hellbraun-wandverkleidung-b-design-wall.jpg.jpg\" srcset=\"https:\/\/www.bdesign-floors.com\/wp-content\/uploads\/2023\/02\/smart-eiche-hellbraun-wandverkleidung-b-design-wall.jpg.jpg 1024w, https:\/\/www.bdesign-floors.com\/wp-content\/uploads\/2023\/02\/smart-eiche-hellbraun-wandverkleidung-b-design-wall.jpg-768x768.jpg 768w, https:\/\/www.bdesign-floors.com\/wp-content\/uploads\/2023\/02\/smart-eiche-hellbraun-wandverkleidung-b-design-wall.jpg-300x300.jpg 300w\"><\/div>                                        <\/div>\n                                        <button class=\"carousel-control-prev\" type=\"button\" data-bs-target=\"#bdesign2022-productslider-20267\" data-bs-slide=\"prev\">\n                                            <span class=\"carousel-control-prev-icon\" aria-hidden=\"true\"><\/span>\n                                            <span class=\"visually-hidden\">Previous<\/span>\n                                        <\/button>\n                                        <button class=\"carousel-control-next\" type=\"button\" data-bs-target=\"#bdesign2022-productslider-20267\" data-bs-slide=\"next\">\n                                            <span class=\"carousel-control-next-icon\" aria-hidden=\"true\"><\/span>\n                                            <span class=\"visually-hidden\">Next<\/span>\n                                        <\/button>\n                                    <\/div>\n                                <\/div>\n                            <\/div>\n                        <\/div>\n                    <\/div>\n                <\/div>\n            <\/div>\n        <\/div>\n\n                <script>        (function ($) {            setTimeout(function(){                var myModalEl = document.getElementById(\"pci-lbox-20267\");                myModalEl.addEventListener(\"hidden.bs.modal\", function (event) {bdesign2022_modalMagic(\"hidden\")});                myModalEl.addEventListener(\"shown.bs.modal\", function (event) {bdesign2022_modalMagic(\"shown\")});            },500);        })(jQuery);        <\/script>                    <div class=\"modal fade bdesign2022-modal is-product\" id=\"pci-lbox-20270\" tabindex=\"-1\" aria-hidden=\"true\" aria-labelledby=\"pci-lbox-20270-label\">\n                <div class=\"modal-dialog modal-dialog-scrollable modal-dialog-centered\">\n                    <div class=\"modal-content\">\n                        <div class=\"modal-header\">\n                        <h5 class=\"modal-title\" id=\"pci-lbox-20270-label\">Smart Plus Eiche Grau<\/h5>\n                        <button type=\"button\" class=\"btn-close\" data-bs-dismiss=\"modal\" aria-label=\"Close\"><\/button>\n                    <\/div>\n                    <div class=\"modal-body\">\n                        <div class=\"container\">\n                            <div class=\"row\">\n                                <div class=\"col-10 col-sm-6 offset-1 offset-sm-3\">\n                                    <div id=\"bdesign2022-productslider-20270\" class=\"carousel slide bdesign2022-productslider psi-is-wall\">\n                                        <div class=\"carousel-indicators\">\n                                            <button type=\"button\" data-bs-target=\"#bdesign2022-productslider-20270\" data-bs-slide-to=\"0\" class=\"active\" aria-current=\"true\" aria-label=\"Slide 0\"><\/button><button type=\"button\" data-bs-target=\"#bdesign2022-productslider-20270\" data-bs-slide-to=\"1\" aria-label=\"Slide 1\"><\/button>                                        <\/div>\n                                        <div class=\"carousel-inner\">\n                                            <div class=\"carousel-item active\"><img decoding=\"async\" class=\"img-fluid product-image\" src=\"https:\/\/www.bdesign-floors.com\/wp-content\/uploads\/2023\/02\/smart-Plus-eiche-grau-b-design-wall.jpg\" srcset=\"https:\/\/www.bdesign-floors.com\/wp-content\/uploads\/2023\/02\/smart-Plus-eiche-grau-b-design-wall.jpg 1024w, https:\/\/www.bdesign-floors.com\/wp-content\/uploads\/2023\/02\/smart-Plus-eiche-grau-b-design-wall-768x768.jpg 768w, https:\/\/www.bdesign-floors.com\/wp-content\/uploads\/2023\/02\/smart-Plus-eiche-grau-b-design-wall-300x300.jpg 300w\"><\/div><div class=\"carousel-item\"><img decoding=\"async\" class=\"img-fluid product-image\" src=\"https:\/\/www.bdesign-floors.com\/wp-content\/uploads\/2023\/02\/smart-plus-eiche-grau-wandverkleidung-b-design-wall.jpg.jpg\" srcset=\"https:\/\/www.bdesign-floors.com\/wp-content\/uploads\/2023\/02\/smart-plus-eiche-grau-wandverkleidung-b-design-wall.jpg.jpg 1024w, https:\/\/www.bdesign-floors.com\/wp-content\/uploads\/2023\/02\/smart-plus-eiche-grau-wandverkleidung-b-design-wall.jpg-768x768.jpg 768w, https:\/\/www.bdesign-floors.com\/wp-content\/uploads\/2023\/02\/smart-plus-eiche-grau-wandverkleidung-b-design-wall.jpg-300x300.jpg 300w\"><\/div>                                        <\/div>\n                                        <button class=\"carousel-control-prev\" type=\"button\" data-bs-target=\"#bdesign2022-productslider-20270\" data-bs-slide=\"prev\">\n                                            <span class=\"carousel-control-prev-icon\" aria-hidden=\"true\"><\/span>\n                                            <span class=\"visually-hidden\">Previous<\/span>\n                                        <\/button>\n                                        <button class=\"carousel-control-next\" type=\"button\" data-bs-target=\"#bdesign2022-productslider-20270\" data-bs-slide=\"next\">\n                                            <span class=\"carousel-control-next-icon\" aria-hidden=\"true\"><\/span>\n                                            <span class=\"visually-hidden\">Next<\/span>\n                                        <\/button>\n                                    <\/div>\n                                <\/div>\n                            <\/div>\n                        <\/div>\n                    <\/div>\n                <\/div>\n            <\/div>\n        <\/div>\n\n                <script>        (function ($) {            setTimeout(function(){                var myModalEl = document.getElementById(\"pci-lbox-20270\");                myModalEl.addEventListener(\"hidden.bs.modal\", function (event) {bdesign2022_modalMagic(\"hidden\")});                myModalEl.addEventListener(\"shown.bs.modal\", function (event) {bdesign2022_modalMagic(\"shown\")});            },500);        })(jQuery);        <\/script>                    <div class=\"modal fade bdesign2022-modal is-product\" id=\"pci-lbox-20271\" tabindex=\"-1\" aria-hidden=\"true\" aria-labelledby=\"pci-lbox-20271-label\">\n                <div class=\"modal-dialog modal-dialog-scrollable modal-dialog-centered\">\n                    <div class=\"modal-content\">\n                        <div class=\"modal-header\">\n                        <h5 class=\"modal-title\" id=\"pci-lbox-20271-label\">Smart Plus Eiche Hellbraun<\/h5>\n                        <button type=\"button\" class=\"btn-close\" data-bs-dismiss=\"modal\" aria-label=\"Close\"><\/button>\n                    <\/div>\n                    <div class=\"modal-body\">\n                        <div class=\"container\">\n                            <div class=\"row\">\n                                <div class=\"col-10 col-sm-6 offset-1 offset-sm-3\">\n                                    <div id=\"bdesign2022-productslider-20271\" class=\"carousel slide bdesign2022-productslider psi-is-wall\">\n                                        <div class=\"carousel-indicators\">\n                                            <button type=\"button\" data-bs-target=\"#bdesign2022-productslider-20271\" data-bs-slide-to=\"0\" class=\"active\" aria-current=\"true\" aria-label=\"Slide 0\"><\/button><button type=\"button\" data-bs-target=\"#bdesign2022-productslider-20271\" data-bs-slide-to=\"1\" aria-label=\"Slide 1\"><\/button>                                        <\/div>\n                                        <div class=\"carousel-inner\">\n                                            <div class=\"carousel-item active\"><img decoding=\"async\" class=\"img-fluid product-image\" src=\"https:\/\/www.bdesign-floors.com\/wp-content\/uploads\/2023\/02\/smart-plus-eiche-hellbraun-b-design-wall.jpg\" srcset=\"https:\/\/www.bdesign-floors.com\/wp-content\/uploads\/2023\/02\/smart-plus-eiche-hellbraun-b-design-wall.jpg 1024w, https:\/\/www.bdesign-floors.com\/wp-content\/uploads\/2023\/02\/smart-plus-eiche-hellbraun-b-design-wall-768x768.jpg 768w, https:\/\/www.bdesign-floors.com\/wp-content\/uploads\/2023\/02\/smart-plus-eiche-hellbraun-b-design-wall-300x300.jpg 300w\"><\/div><div class=\"carousel-item\"><img decoding=\"async\" class=\"img-fluid product-image\" src=\"https:\/\/www.bdesign-floors.com\/wp-content\/uploads\/2023\/02\/smart-plus-eiche-wandverkleidung-hellbraun-b-design-wall.jpg.jpg\" srcset=\"https:\/\/www.bdesign-floors.com\/wp-content\/uploads\/2023\/02\/smart-plus-eiche-wandverkleidung-hellbraun-b-design-wall.jpg.jpg 1024w, https:\/\/www.bdesign-floors.com\/wp-content\/uploads\/2023\/02\/smart-plus-eiche-wandverkleidung-hellbraun-b-design-wall.jpg-768x768.jpg 768w, https:\/\/www.bdesign-floors.com\/wp-content\/uploads\/2023\/02\/smart-plus-eiche-wandverkleidung-hellbraun-b-design-wall.jpg-300x300.jpg 300w\"><\/div>                                        <\/div>\n                                        <button class=\"carousel-control-prev\" type=\"button\" data-bs-target=\"#bdesign2022-productslider-20271\" data-bs-slide=\"prev\">\n                                            <span class=\"carousel-control-prev-icon\" aria-hidden=\"true\"><\/span>\n                                            <span class=\"visually-hidden\">Previous<\/span>\n                                        <\/button>\n                                        <button class=\"carousel-control-next\" type=\"button\" data-bs-target=\"#bdesign2022-productslider-20271\" data-bs-slide=\"next\">\n                                            <span class=\"carousel-control-next-icon\" aria-hidden=\"true\"><\/span>\n                                            <span class=\"visually-hidden\">Next<\/span>\n                                        <\/button>\n                                    <\/div>\n                                <\/div>\n                            <\/div>\n                        <\/div>\n                    <\/div>\n                <\/div>\n            <\/div>\n        <\/div>\n\n                <script>        (function ($) {            setTimeout(function(){                var myModalEl = document.getElementById(\"pci-lbox-20271\");                myModalEl.addEventListener(\"hidden.bs.modal\", function (event) {bdesign2022_modalMagic(\"hidden\")});                myModalEl.addEventListener(\"shown.bs.modal\", function (event) {bdesign2022_modalMagic(\"shown\")});            },500);        })(jQuery);        <\/script>                    <div class=\"modal fade bdesign2022-modal is-product\" id=\"pci-lbox-20266\" tabindex=\"-1\" aria-hidden=\"true\" aria-labelledby=\"pci-lbox-20266-label\">\n                <div class=\"modal-dialog modal-dialog-scrollable modal-dialog-centered\">\n                    <div class=\"modal-content\">\n                        <div class=\"modal-header\">\n                        <h5 class=\"modal-title\" id=\"pci-lbox-20266-label\">Prime Eiche Weiss<\/h5>\n                        <button type=\"button\" class=\"btn-close\" data-bs-dismiss=\"modal\" aria-label=\"Close\"><\/button>\n                    <\/div>\n                    <div class=\"modal-body\">\n                        <div class=\"container\">\n                            <div class=\"row\">\n                                <div class=\"col-10 col-sm-6 offset-1 offset-sm-3\">\n                                    <div id=\"bdesign2022-productslider-20266\" class=\"carousel slide bdesign2022-productslider psi-is-wall\">\n                                        <div class=\"carousel-indicators\">\n                                            <button type=\"button\" data-bs-target=\"#bdesign2022-productslider-20266\" data-bs-slide-to=\"0\" class=\"active\" aria-current=\"true\" aria-label=\"Slide 0\"><\/button><button type=\"button\" data-bs-target=\"#bdesign2022-productslider-20266\" data-bs-slide-to=\"1\" aria-label=\"Slide 1\"><\/button>                                        <\/div>\n                                        <div class=\"carousel-inner\">\n                                            <div class=\"carousel-item active\"><img decoding=\"async\" class=\"img-fluid product-image\" src=\"https:\/\/www.bdesign-floors.com\/wp-content\/uploads\/2023\/02\/prime-eiche-weiss-b-design-wall.jpg\" srcset=\"https:\/\/www.bdesign-floors.com\/wp-content\/uploads\/2023\/02\/prime-eiche-weiss-b-design-wall.jpg 1024w, https:\/\/www.bdesign-floors.com\/wp-content\/uploads\/2023\/02\/prime-eiche-weiss-b-design-wall-768x768.jpg 768w, https:\/\/www.bdesign-floors.com\/wp-content\/uploads\/2023\/02\/prime-eiche-weiss-b-design-wall-300x300.jpg 300w\"><\/div><div class=\"carousel-item\"><img decoding=\"async\" class=\"img-fluid product-image\" src=\"https:\/\/www.bdesign-floors.com\/wp-content\/uploads\/2023\/02\/prime-eiche-weiss-wandverkleidung-b-design-wall.jpg.jpg\" srcset=\"https:\/\/www.bdesign-floors.com\/wp-content\/uploads\/2023\/02\/prime-eiche-weiss-wandverkleidung-b-design-wall.jpg.jpg 1024w, https:\/\/www.bdesign-floors.com\/wp-content\/uploads\/2023\/02\/prime-eiche-weiss-wandverkleidung-b-design-wall.jpg-768x768.jpg 768w, https:\/\/www.bdesign-floors.com\/wp-content\/uploads\/2023\/02\/prime-eiche-weiss-wandverkleidung-b-design-wall.jpg-300x300.jpg 300w\"><\/div>                                        <\/div>\n                                        <button class=\"carousel-control-prev\" type=\"button\" data-bs-target=\"#bdesign2022-productslider-20266\" data-bs-slide=\"prev\">\n                                            <span class=\"carousel-control-prev-icon\" aria-hidden=\"true\"><\/span>\n                                            <span class=\"visually-hidden\">Previous<\/span>\n                                        <\/button>\n                                        <button class=\"carousel-control-next\" type=\"button\" data-bs-target=\"#bdesign2022-productslider-20266\" data-bs-slide=\"next\">\n                                            <span class=\"carousel-control-next-icon\" aria-hidden=\"true\"><\/span>\n                                            <span class=\"visually-hidden\">Next<\/span>\n                                        <\/button>\n                                    <\/div>\n                                <\/div>\n                            <\/div>\n                        <\/div>\n                    <\/div>\n                <\/div>\n            <\/div>\n        <\/div>\n\n                <script>        (function ($) {            setTimeout(function(){                var myModalEl = document.getElementById(\"pci-lbox-20266\");                myModalEl.addEventListener(\"hidden.bs.modal\", function (event) {bdesign2022_modalMagic(\"hidden\")});                myModalEl.addEventListener(\"shown.bs.modal\", function (event) {bdesign2022_modalMagic(\"shown\")});            },500);        })(jQuery);        <\/script>                    <div class=\"modal fade bdesign2022-modal is-product\" id=\"pci-lbox-19970\" tabindex=\"-1\" aria-hidden=\"true\" aria-labelledby=\"pci-lbox-19970-label\">\n                <div class=\"modal-dialog modal-dialog-scrollable modal-dialog-centered\">\n                    <div class=\"modal-content\">\n                        <div class=\"modal-header\">\n                        <h5 class=\"modal-title\" id=\"pci-lbox-19970-label\">Prime Eiche Hellbraun<\/h5>\n                        <button type=\"button\" class=\"btn-close\" data-bs-dismiss=\"modal\" aria-label=\"Close\"><\/button>\n                    <\/div>\n                    <div class=\"modal-body\">\n                        <div class=\"container\">\n                            <div class=\"row\">\n                                <div class=\"col-10 col-sm-6 offset-1 offset-sm-3\">\n                                    <div id=\"bdesign2022-productslider-19970\" class=\"carousel slide bdesign2022-productslider psi-is-wall\">\n                                        <div class=\"carousel-indicators\">\n                                            <button type=\"button\" data-bs-target=\"#bdesign2022-productslider-19970\" data-bs-slide-to=\"0\" class=\"active\" aria-current=\"true\" aria-label=\"Slide 0\"><\/button><button type=\"button\" data-bs-target=\"#bdesign2022-productslider-19970\" data-bs-slide-to=\"1\" aria-label=\"Slide 1\"><\/button>                                        <\/div>\n                                        <div class=\"carousel-inner\">\n                                            <div class=\"carousel-item active\"><img decoding=\"async\" class=\"img-fluid product-image\" src=\"https:\/\/www.bdesign-floors.com\/wp-content\/uploads\/2023\/02\/prime-eiche-hellbraun-b-design-wall_103-1.png\" srcset=\"https:\/\/www.bdesign-floors.com\/wp-content\/uploads\/2023\/02\/prime-eiche-hellbraun-b-design-wall_103-1.png 1024w, https:\/\/www.bdesign-floors.com\/wp-content\/uploads\/2023\/02\/prime-eiche-hellbraun-b-design-wall-768x768.jpg 768w, https:\/\/www.bdesign-floors.com\/wp-content\/uploads\/2023\/02\/prime-eiche-hellbraun-b-design-wall-300x300.jpg 300w\"><\/div><div class=\"carousel-item\"><img decoding=\"async\" class=\"img-fluid product-image\" src=\"https:\/\/www.bdesign-floors.com\/wp-content\/uploads\/2023\/02\/prime-eiche-hellbraun-wandverkleidung-b-design-wall-1.jpg\" srcset=\"https:\/\/www.bdesign-floors.com\/wp-content\/uploads\/2023\/02\/prime-eiche-hellbraun-wandverkleidung-b-design-wall-1.jpg 1024w, https:\/\/www.bdesign-floors.com\/wp-content\/uploads\/2023\/02\/prime-eiche-hellbraun-wandverkleidung-b-design-wall-1-768x768.jpg 768w, https:\/\/www.bdesign-floors.com\/wp-content\/uploads\/2023\/02\/prime-eiche-hellbraun-wandverkleidung-b-design-wall-1-300x300.jpg 300w\"><\/div>                                        <\/div>\n                                        <button class=\"carousel-control-prev\" type=\"button\" data-bs-target=\"#bdesign2022-productslider-19970\" data-bs-slide=\"prev\">\n                                            <span class=\"carousel-control-prev-icon\" aria-hidden=\"true\"><\/span>\n                                            <span class=\"visually-hidden\">Previous<\/span>\n                                        <\/button>\n                                        <button class=\"carousel-control-next\" type=\"button\" data-bs-target=\"#bdesign2022-productslider-19970\" data-bs-slide=\"next\">\n                                            <span class=\"carousel-control-next-icon\" aria-hidden=\"true\"><\/span>\n                                            <span class=\"visually-hidden\">Next<\/span>\n                                        <\/button>\n                                    <\/div>\n                                <\/div>\n                            <\/div>\n                        <\/div>\n                    <\/div>\n                <\/div>\n            <\/div>\n        <\/div>\n\n                <script>        (function ($) {            setTimeout(function(){                var myModalEl = document.getElementById(\"pci-lbox-19970\");                myModalEl.addEventListener(\"hidden.bs.modal\", function (event) {bdesign2022_modalMagic(\"hidden\")});                myModalEl.addEventListener(\"shown.bs.modal\", function (event) {bdesign2022_modalMagic(\"shown\")});            },500);        })(jQuery);        <\/script>                    <\/div>\n        <\/div>\n    <\/div>\n<\/div>\n\n\n<\/div>\n\n\n<div id=\"bdesign2022_video_block_46c1914e451b4f02cc366f2b9338bebd\" class=\"bdesign2022_block bdesign2022_block--bdesign2022_video\">\n    <div class=\"bdesign2022_block--wrapper\">\n        <div class=\"container\">\n            <div class=\"row video-row d-block d-sm-flex\">\n                <article role=\"article\" id=\"post_block_46c1914e451b4f02cc366f2b9338bebd\" class=\"video-item card col-12 col-sm-6 col-lg-6 col-xl-4 is-cc-schwarz\" data-video=\"https:\/\/www.youtube-nocookie.com\/embed\/vIzB8U9F9X0\">\n                    <div class=\"thumbnail\" data-bs-toggle=\"modal\" data-bs-target=\"#post_modal_block_46c1914e451b4f02cc366f2b9338bebd\">\n                        <img decoding=\"async\" class=\"img-fluid video\" src=\"https:\/\/www.bdesign-floors.com\/wp-content\/uploads\/2023\/02\/produktvideo-bdesign-wall-600x447.png\" srcset=\"https:\/\/www.bdesign-floors.com\/wp-content\/uploads\/2023\/02\/produktvideo-bdesign-wall-600x447.png 988w, https:\/\/www.bdesign-floors.com\/wp-content\/uploads\/2023\/02\/produktvideo-bdesign-wall-768x347.png 768w, https:\/\/www.bdesign-floors.com\/wp-content\/uploads\/2023\/02\/produktvideo-bdesign-wall-663x300.png 663w\">                    <\/div>\n                    <div class=\"card-body\" data-bs-toggle=\"modal\" data-bs-target=\"#post_modal_block_46c1914e451b4f02cc366f2b9338bebd\">\n                        <h5 class=\"card-title\">\n                            b!design Wall produktvideo                        <\/h5>\n                    <\/div>\n\n                    <div id=\"post_modal_block_46c1914e451b4f02cc366f2b9338bebd\" class=\"modal fade bdesign2022-modal is-video-modal\">\n                        <div class=\"modal-dialog modal-dialog-scrollable modal-dialog-centered modal-lg\">\n                            <div class=\"modal-content\">\n                                <div class=\"modal-header\">\n                                    <h5 class=\"modal-title\" id=\"pci-vbox-block_46c1914e451b4f02cc366f2b9338bebd-label\">b!design Wall produktvideo<\/h5>\n                                    <button type=\"button\" class=\"btn-close\" data-bs-dismiss=\"modal\" aria-label=\"Close\"><\/button>\n                                <\/div>\n                                <div class=\"modal-body\">\n                                    <div class=\"ratio ratio-16x9\">\n                                         <div class=\"brlbs-cmpnt-container brlbs-cmpnt-content-blocker brlbs-cmpnt-with-individual-styles\" data-borlabs-cookie-content-blocker-id=\"youtube-content-blocker\" data-borlabs-cookie-content=\"PGlmcmFtZSBzcmM9Imh0dHBzOi8vd3d3LnlvdXR1YmUtbm9jb29raWUuY29tL2VtYmVkL3ZJekI4VTlGOVgwP21vZGVzdGJyYW5kaW5nPTEmcmVsPTAmc2hvd2luZm89MCZodG1sNT0xJmVuYWJsZWpzYXBpPTEmdmVyc2lvbj0zJnBsYXllcmFwaWlkPXl0cGxheWVyIiBmcmFtZWJvcmRlcj0iMCIgYWxsb3c9ImFjY2VsZXJvbWV0ZXI7IGF1dG9wbGF5OyBlbmNyeXB0ZWQtbWVkaWE7IGd5cm9zY29wZTsgcGljdHVyZS1pbi1waWN0dXJlIiBhbGxvd2Z1bGxzY3JlZW4+PC9pZnJhbWU+\"><div class=\"brlbs-cmpnt-cb-preset-c brlbs-cmpnt-cb-youtube\"> <div class=\"brlbs-cmpnt-cb-thumbnail\" style=\"background-image: url('https:\/\/www.bdesign-floors.com\/wp-content\/uploads\/borlabs-cookie\/1\/yt_vIzB8U9F9X0_hqdefault.jpg')\"><\/div> <div class=\"brlbs-cmpnt-cb-main\"> <div class=\"brlbs-cmpnt-cb-play-button\"><\/div> <div class=\"brlbs-cmpnt-cb-content\"> <p class=\"brlbs-cmpnt-cb-description\">You are currently viewing a placeholder content from <strong>YouTube<\/strong>. To access the actual content, click the button below. Please note that doing so will share data with third-party providers.<\/p> <a class=\"brlbs-cmpnt-cb-provider-toggle\" href=\"#\" data-borlabs-cookie-show-provider-information role=\"button\">More Information<\/a> <\/div> <div class=\"brlbs-cmpnt-cb-buttons\"> <a class=\"brlbs-cmpnt-cb-btn\" href=\"#\" data-borlabs-cookie-unblock role=\"button\">Unblock content<\/a> <a class=\"brlbs-cmpnt-cb-btn\" href=\"#\" data-borlabs-cookie-accept-service role=\"button\" style=\"display: inherit\">Accept required service and unblock content<\/a> <\/div> <\/div> <\/div><\/div>                                    <\/div>\n                                <\/div>\n                            <\/div>\n                        <\/div>\n                    <\/div>\n\n                <\/article>\n            <\/div>\n        <\/div>\n    <\/div>\n<\/div>\n\n\n<div id=\"bdesign2022_badge_block_8cd53edc2e174bb7fb5bc2e6760ed127\" class=\"bdesign2022_block bdesign2022_block--bdesign2022_badge\">\n    <div class=\"badge-wrapper\">\n            <\/div>\n<\/div>\n\n\n<div id=\"bdesign2022_downloads_block_1ab0f21c2906f86a523abb00fa5cc665\" class=\"bdesign2022_block bdesign2022_block--bdesign2022_downloads\">\n\n    <div class=\"bdesign2022_block--wrapper\">\n        <div class=\"container\">\n            <div class=\"row downloads-row d-block d-sm-flex\">\n\n                \n                        <article role=\"article\" id=\"post_block_1ab0f21c2906f86a523abb00fa5cc665\" class=\"downloads-item card col-12 col-sm-4 card-is-dl\">\n                            <div class=\"thumbnail\">\n                                <img decoding=\"async\" class=\"img-fluid downloads\" src=\"https:\/\/www.bdesign-floors.com\/wp-content\/uploads\/2022\/08\/verlegeanleitung-downloads-b-design-600x600.jpg\" srcset=\"https:\/\/www.bdesign-floors.com\/wp-content\/uploads\/2022\/08\/verlegeanleitung-downloads-b-design-600x600.jpg 1110w, https:\/\/www.bdesign-floors.com\/wp-content\/uploads\/2022\/08\/verlegeanleitung-downloads-b-design-768x510.jpg 768w, https:\/\/www.bdesign-floors.com\/wp-content\/uploads\/2022\/08\/verlegeanleitung-downloads-b-design-452x300.jpg 452w\">                            <\/div>\n                            <div class=\"card-body\">\n                                <h5 class=\"card-title\">\n                                    Monteringsanvisning og garantibetingelser                                <\/h5>\n                            <\/div>\n                            <div class=\"card-footer\">\n                                                                    <a href=\"https:\/\/issuu.com\/hwz-international\/docs\/23-01_b_design.wall_montageanleitung_en?fr=sMzE0YTQyNjAyMDk\" target=\"_blank\" class=\"btn btn-bdesign2022 btn-primary\">Last ned<\/a>\n\n                                                            <\/div>\n                        <\/article>\n\n\n                        \n            <\/div>\n        <\/div>\n    <\/div>\n<\/div>\n\n\n<div id=\"bdesign2022_downloads_block_178d3026f73c0049b480167c944e8514\" class=\"bdesign2022_block bdesign2022_block--bdesign2022_downloads\">\n\n    <div class=\"bdesign2022_block--wrapper\">\n        <div class=\"container\">\n            <div class=\"row downloads-row d-block d-sm-flex\">\n\n                \n                        <article role=\"article\" id=\"post_block_178d3026f73c0049b480167c944e8514\" class=\"downloads-item card col-12 col-sm-4 card-is-dl\">\n                            <div class=\"thumbnail\">\n                                <img decoding=\"async\" class=\"img-fluid downloads\" src=\"https:\/\/www.bdesign-floors.com\/wp-content\/uploads\/2022\/08\/broschuere-downloads-b-design-600x600.jpg\" srcset=\"https:\/\/www.bdesign-floors.com\/wp-content\/uploads\/2022\/08\/broschuere-downloads-b-design-600x600.jpg 1110w, https:\/\/www.bdesign-floors.com\/wp-content\/uploads\/2022\/08\/broschuere-downloads-b-design-768x510.jpg 768w, https:\/\/www.bdesign-floors.com\/wp-content\/uploads\/2022\/08\/broschuere-downloads-b-design-452x300.jpg 452w\">                            <\/div>\n                            <div class=\"card-body\">\n                                <h5 class=\"card-title\">\n                                    brosjyre                                <\/h5>\n                            <\/div>\n                            <div class=\"card-footer\">\n                                                                    <a href=\"https:\/\/issuu.com\/hwz-international\/docs\/22-11_b_design.wall_brochure_de-en_2-d?fr=sZTVlNDQyNjAyMDk\" target=\"_blank\" class=\"btn btn-bdesign2022 btn-primary\">Last ned<\/a>\n\n                                                            <\/div>\n                        <\/article>\n\n\n                        \n            <\/div>\n        <\/div>\n    <\/div>\n<\/div>\n","protected":false},"excerpt":{"rendered":"","protected":false},"author":4,"featured_media":0,"parent":0,"menu_order":1,"comment_status":"closed","ping_status":"closed","template":"","meta":{"_acf_changed":false,"footnotes":""},"class_list":["post-19737","page","type-page","status-publish","hentry"],"acf":[],"yoast_head":"<!-- This site is optimized with the Yoast SEO plugin v24.2 - https:\/\/yoast.com\/wordpress\/plugins\/seo\/ -->\n<title>Stilige lameller i moderne stil | b!design<\/title>\n<meta name=\"description\" content=\"Oppfyll din m\u00f8bleringsdr\u00f8m med de enkle og tidl\u00f8se designene til b!design Veggpaneler!\" \/>\n<meta name=\"robots\" content=\"index, follow, max-snippet:-1, max-image-preview:large, max-video-preview:-1\" \/>\n<link rel=\"canonical\" href=\"https:\/\/www.bdesign-floors.com\/no\/vegg\/\" \/>\n<meta property=\"og:locale\" content=\"nb_NO\" \/>\n<meta property=\"og:type\" content=\"article\" \/>\n<meta property=\"og:title\" content=\"Stilige lameller i moderne stil | b!design\" \/>\n<meta property=\"og:description\" content=\"Oppfyll din m\u00f8bleringsdr\u00f8m med de enkle og tidl\u00f8se designene til b!design Veggpaneler!\" \/>\n<meta property=\"og:url\" content=\"https:\/\/www.bdesign-floors.com\/no\/vegg\/\" \/>\n<meta property=\"og:site_name\" content=\"b!design\" \/>\n<meta property=\"article:modified_time\" content=\"2023-07-05T12:15:06+00:00\" \/>\n<meta name=\"twitter:card\" content=\"summary_large_image\" \/>\n<script type=\"application\/ld+json\" class=\"yoast-schema-graph\">{\"@context\":\"https:\/\/schema.org\",\"@graph\":[{\"@type\":\"WebPage\",\"@id\":\"https:\/\/www.bdesign-floors.com\/no\/vegg\/\",\"url\":\"https:\/\/www.bdesign-floors.com\/no\/vegg\/\",\"name\":\"Stilige lameller i moderne stil | b!design\",\"isPartOf\":{\"@id\":\"https:\/\/bdesign.wp.factory.blim-dev.com\/#website\"},\"datePublished\":\"2023-07-05T12:15:04+00:00\",\"dateModified\":\"2023-07-05T12:15:06+00:00\",\"description\":\"Oppfyll din m\u00f8bleringsdr\u00f8m med de enkle og tidl\u00f8se designene til b!design Veggpaneler!\",\"breadcrumb\":{\"@id\":\"https:\/\/www.bdesign-floors.com\/no\/vegg\/#breadcrumb\"},\"inLanguage\":\"nb-NO\",\"potentialAction\":[{\"@type\":\"ReadAction\",\"target\":[\"https:\/\/www.bdesign-floors.com\/no\/vegg\/\"]}]},{\"@type\":\"BreadcrumbList\",\"@id\":\"https:\/\/www.bdesign-floors.com\/no\/vegg\/#breadcrumb\",\"itemListElement\":[{\"@type\":\"ListItem\",\"position\":1,\"name\":\"Home\",\"item\":\"https:\/\/www.bdesign-floors.com\/no\/\"},{\"@type\":\"ListItem\",\"position\":2,\"name\":\"vegg\"}]},{\"@type\":\"WebSite\",\"@id\":\"https:\/\/bdesign.wp.factory.blim-dev.com\/#website\",\"url\":\"https:\/\/bdesign.wp.factory.blim-dev.com\/\",\"name\":\"b!design\",\"description\":\"Just another WordPress site\",\"potentialAction\":[{\"@type\":\"SearchAction\",\"target\":{\"@type\":\"EntryPoint\",\"urlTemplate\":\"https:\/\/bdesign.wp.factory.blim-dev.com\/?s={search_term_string}\"},\"query-input\":{\"@type\":\"PropertyValueSpecification\",\"valueRequired\":true,\"valueName\":\"search_term_string\"}}],\"inLanguage\":\"nb-NO\"}]}<\/script>\n<!-- \/ Yoast SEO plugin. -->","yoast_head_json":{"title":"Stilige lameller i moderne stil | b!design","description":"Oppfyll din m\u00f8bleringsdr\u00f8m med de enkle og tidl\u00f8se designene til b!design Veggpaneler!","robots":{"index":"index","follow":"follow","max-snippet":"max-snippet:-1","max-image-preview":"max-image-preview:large","max-video-preview":"max-video-preview:-1"},"canonical":"https:\/\/www.bdesign-floors.com\/no\/vegg\/","og_locale":"nb_NO","og_type":"article","og_title":"Stilige lameller i moderne stil | b!design","og_description":"Oppfyll din m\u00f8bleringsdr\u00f8m med de enkle og tidl\u00f8se designene til b!design Veggpaneler!","og_url":"https:\/\/www.bdesign-floors.com\/no\/vegg\/","og_site_name":"b!design","article_modified_time":"2023-07-05T12:15:06+00:00","twitter_card":"summary_large_image","schema":{"@context":"https:\/\/schema.org","@graph":[{"@type":"WebPage","@id":"https:\/\/www.bdesign-floors.com\/no\/vegg\/","url":"https:\/\/www.bdesign-floors.com\/no\/vegg\/","name":"Stilige lameller i moderne stil | b!design","isPartOf":{"@id":"https:\/\/bdesign.wp.factory.blim-dev.com\/#website"},"datePublished":"2023-07-05T12:15:04+00:00","dateModified":"2023-07-05T12:15:06+00:00","description":"Oppfyll din m\u00f8bleringsdr\u00f8m med de enkle og tidl\u00f8se designene til b!design Veggpaneler!","breadcrumb":{"@id":"https:\/\/www.bdesign-floors.com\/no\/vegg\/#breadcrumb"},"inLanguage":"nb-NO","potentialAction":[{"@type":"ReadAction","target":["https:\/\/www.bdesign-floors.com\/no\/vegg\/"]}]},{"@type":"BreadcrumbList","@id":"https:\/\/www.bdesign-floors.com\/no\/vegg\/#breadcrumb","itemListElement":[{"@type":"ListItem","position":1,"name":"Home","item":"https:\/\/www.bdesign-floors.com\/no\/"},{"@type":"ListItem","position":2,"name":"vegg"}]},{"@type":"WebSite","@id":"https:\/\/bdesign.wp.factory.blim-dev.com\/#website","url":"https:\/\/bdesign.wp.factory.blim-dev.com\/","name":"b!design","description":"Just another WordPress site","potentialAction":[{"@type":"SearchAction","target":{"@type":"EntryPoint","urlTemplate":"https:\/\/bdesign.wp.factory.blim-dev.com\/?s={search_term_string}"},"query-input":{"@type":"PropertyValueSpecification","valueRequired":true,"valueName":"search_term_string"}}],"inLanguage":"nb-NO"}]}},"_links":{"self":[{"href":"https:\/\/www.bdesign-floors.com\/no\/wp-json\/wp\/v2\/pages\/19737","targetHints":{"allow":["GET"]}}],"collection":[{"href":"https:\/\/www.bdesign-floors.com\/no\/wp-json\/wp\/v2\/pages"}],"about":[{"href":"https:\/\/www.bdesign-floors.com\/no\/wp-json\/wp\/v2\/types\/page"}],"author":[{"embeddable":true,"href":"https:\/\/www.bdesign-floors.com\/no\/wp-json\/wp\/v2\/users\/4"}],"replies":[{"embeddable":true,"href":"https:\/\/www.bdesign-floors.com\/no\/wp-json\/wp\/v2\/comments?post=19737"}],"version-history":[{"count":5,"href":"https:\/\/www.bdesign-floors.com\/no\/wp-json\/wp\/v2\/pages\/19737\/revisions"}],"predecessor-version":[{"id":21311,"href":"https:\/\/www.bdesign-floors.com\/no\/wp-json\/wp\/v2\/pages\/19737\/revisions\/21311"}],"wp:attachment":[{"href":"https:\/\/www.bdesign-floors.com\/no\/wp-json\/wp\/v2\/media?parent=19737"}],"curies":[{"name":"wp","href":"https:\/\/api.w.org\/{rel}","templated":true}]}}