{"id":13809,"date":"2022-09-12T16:45:40","date_gmt":"2022-09-12T14:45:40","guid":{"rendered":"https:\/\/www.bdesign-floors.com\/veri-koruma\/"},"modified":"2022-10-17T10:49:34","modified_gmt":"2022-10-17T08:49:34","slug":"veri-koruma","status":"publish","type":"page","link":"https:\/\/www.bdesign-floors.com\/tr\/hakkimizda\/veri-koruma\/","title":{"rendered":"Veri koruma"},"content":{"rendered":"<div id=\"bdesign2022_spacer_block_63061d222b814\" class=\"bdesign2022_block bdesign2022_block--bdesign2022_spacer\">\n    <div class=\"bdesign2022_block--wrapper\">\n        <div class=\"spacer\" style=\"height: 100px\"><\/div>\n    <\/div>\n<\/div>\n<div id=\"bdesign2022_customcontent_block_63061cc72b813\" class=\"bdesign2022_block bdesign2022_block--bdesign2022_customcontent\">\n    <div class=\"bdesign2022_block--wrapper\">\n        <div class=\"container\">\n            <div class=\"row\">\n                \n                    <div class=\"col-0 col-sm-2\"><\/div>\n                    <div class=\"col-12 col-sm-10 my-4\">\n                        <h1>Gizlilik Politikas\u0131<\/h1>\n<p>Gizlili\u011finiz bizim i\u00e7in \u00f6nemlidir. Bizimle kendinizi g\u00fcvende hissetmenizi istiyoruz. Bu nedenle, biz ve veri koruma g\u00f6revlimiz, \u00f6zellikle Avrupa Veri Koruma Y\u00f6netmeli\u011fi (DSGVO) ve Alman Federal Veri Koruma Yasas\u0131 (BDSG) olmak \u00fczere veri koruma d\u00fczenlemelerine uyulmas\u0131n\u0131 sa\u011flar\u0131z. A\u015fa\u011f\u0131da, verilerinizin hangi ama\u00e7larla i\u015flendi\u011fi ve haklar\u0131n\u0131z\u0131 nas\u0131l kullanabilece\u011finiz hakk\u0131nda sizi bilgilendirmek istiyoruz. Veri koruma beyan\u0131na istedi\u011finiz zaman her sayfan\u0131n alt\u0131ndaki &#8220;Veri koruma&#8221; sekmesinden eri\u015febilirsiniz.<\/p>\n<h4>Sorumlu ki\u015finin ad\u0131 ve ileti\u015fim bilgileri<\/h4>\n<p>B! Tasar\u0131m BAUHAUS&#8217;tan bir tekliftir. M\u00fc\u015fteri hizmetleri, BAUHAUS \u015firketleri<a href=\"https:\/\/www.bauhaus.info\/gesellschaften\" target=\"_blank\" rel=\"noopener noreferrer\">(https:\/\/www.bauhaus.info\/gesellschaften)<\/a> taraf\u0131ndan Madde 26 Paragraf\u0131 anlam\u0131nda ortak sorumlu ki\u015filerle ilgili bir anla\u015fma temelinde sa\u011flan\u0131r. 1 P. 1 GDPR. M\u00fc\u015fterilerden veya veri sahiplerinden gelen veri koruma ile ilgili sorular i\u00e7in merkezi ileti\u015fim noktas\u0131<\/p>\n<p><strong>BAUHAUS AG<\/strong><br \/>\nMannheim \u015eubesi<br \/>\nGutenbergstra\u00dfe 21<br \/>\n68167 Mannheim<br \/>\nAlmanya<br \/>\nTelefon: 0800 3905 000<br \/>\nE-posta: <a href=\"mailto:datenschutz@bauhaus.info\">datenschutz@bauhaus.info.<\/a><\/p>\n<p>BAUHAUS AG, GDPR uyar\u0131nca veri sahibinin haklar\u0131n\u0131n yerine getirilmesini \u00fcstlenir (bkz. a\u015fa\u011f\u0131da veri sahibi haklar\u0131).<br \/>\nBAUHAUS \u015firketleri, m\u00fc\u015fterilerden ve \u00fc\u00e7\u00fcnc\u00fc taraflardan gelen veri koruma ile ilgili t\u00fcm sorular\u0131 BAUHAUS AG&#8217;ye iletir. Veri Koruma G\u00f6revlisine do\u011frudan yap\u0131lan talepler bundan etkilenmeyecektir. Madde 26 paragraf\u0131 anlam\u0131nda m\u00fc\u015ftereken sorumlu ki\u015filerin anla\u015fmas\u0131n\u0131n temel i\u00e7eri\u011fi. 1 S. 1 DSGVO \u015fu adreste bulunabilir: <a href=\"https:\/\/www.bauhaus.info\/gemeinsam_verantwortliche\" target=\"_blank\" rel=\"noopener noreferrer\">www.bauhaus.info\/gemeinsam_verantwortliche<\/a>.<\/p>\n<h4>Veri koruma g\u00f6revlisinin ileti\u015fim bilgileri<\/h4>\n<p>Bir veri sahibi olarak verilerinizin veri koruma kanunu kapsam\u0131nda ele al\u0131nmas\u0131yla ilgili sorular\u0131n\u0131z varsa, sorular\u0131n\u0131z\u0131 sorman\u0131z veya endi\u015felerinizi iletmeniz i\u00e7in iki yol vard\u0131r:<\/p>\n<ul>\n<li>Veri koruma ve veri sahibi haklar\u0131n\u0131n ileri s\u00fcr\u00fclmesi hakk\u0131nda bilgi talebi gibi genel sorular i\u00e7in l\u00fctfen datenschutz@bauhaus.info adresinden BAUHAUS Veri Koruma ile ileti\u015fime ge\u00e7in; ve<\/li>\n<li>\u00d6zel sorular\u0131n\u0131z i\u00e7in, istedi\u011finiz zaman <a href=\"mailto:datenschutzbeauftragter@bauhaus.info.\">datenschutzbeauftragter@bauhaus.info<\/a> adresinden do\u011frudan atanm\u0131\u015f veri koruma g\u00f6revlisi ile ileti\u015fime ge\u00e7ebilirsiniz.<\/li>\n<\/ul>\n<h4>Veri i\u015flemenin amac\u0131 ve yasal dayana\u011f\u0131<\/h4>\n<h6>Sunucu g\u00fcnl\u00fck dosyalar\u0131<\/h6>\n<p>www.bdesign-vinyl.de adresini ziyaret etti\u011finizde, web sunucusu bunu otomatik olarak sunucu g\u00fcnl\u00fck dosyalar\u0131 olarak adland\u0131r\u0131lan dosyalara kaydeder. Bu veriler kullan\u0131lan taray\u0131c\u0131y\u0131, i\u015fletim sistemini ve eri\u015fim s\u00fcresini i\u00e7erir. Bu veriler yaln\u0131zca istatistiksel de\u011ferlendirme amac\u0131yla ve g\u00fcvenlik nedenleriyle (\u00f6rn. k\u00f6t\u00fcye kullan\u0131m veya doland\u0131r\u0131c\u0131l\u0131k eylemlerini a\u00e7\u0131kl\u0131\u011fa kavu\u015fturmak i\u00e7in) ve web sitesini i\u015fletmek i\u00e7in kullan\u0131l\u0131r. Veri i\u015flemenin yasal dayana\u011f\u0131 Madde 6 paragraf\u0131d\u0131r. 1 S. 1 lit. f) GDPR. Me\u015fru menfaatimiz, web sitemizin i\u015fletilmesi ve sunumu ile istikrar ve i\u015flevselli\u011finin iyile\u015ftirilmesidir.<\/p>\n<p>Yukar\u0131da belirtilen ki\u015fisel verilerin taraf\u0131n\u0131zdan sa\u011flanmas\u0131 ne yasal ne de s\u00f6zle\u015fmesel olarak gereklidir. Ancak, sunucu g\u00fcnl\u00fck dosyalar\u0131n\u0131n i\u015flenmesi olmadan, web sitemizin hizmeti ve i\u015flevselli\u011fi garanti edilemez. Ayr\u0131ca, m\u00fcnferit hizmetler mevcut olmayabilir veya k\u0131s\u0131tlanm\u0131\u015f olabilir.<\/p>\n<h6>\u00c7erezlerin kullan\u0131m\u0131<\/h6>\n<p>Web sitemizi kulland\u0131\u011f\u0131n\u0131zda \u00e7erezler bilgisayar\u0131n\u0131zda saklan\u0131r. \u00c7erezler, sabit diskinizde depolanan, kulland\u0131\u011f\u0131n\u0131z taray\u0131c\u0131ya atanan ve belirli bilgilerin \u00e7erezi ayarlayan kurulu\u015fa akt\u0131\u011f\u0131 k\u00fc\u00e7\u00fck metin dosyalar\u0131d\u0131r.<\/p>\n<p>\u00c7erezler programlar\u0131 \u00e7al\u0131\u015ft\u0131ramaz veya bilgisayar\u0131n\u0131za vir\u00fcs bula\u015ft\u0131ramaz. \u0130nternet teklifini bir b\u00fct\u00fcn olarak daha kullan\u0131c\u0131 dostu ve etkili hale getirmeye hizmet ederler. Bu web sitesinde \u00e7erezler, \u00f6rne\u011fin web sitesindeki ziyaret\u00e7i davran\u0131\u015f\u0131n\u0131 de\u011ferlendirmek i\u00e7in kullan\u0131l\u0131r. Taray\u0131c\u0131 ayarlar\u0131n\u0131z\u0131 tercihlerinize g\u00f6re yap\u0131land\u0131rabilir ve \u00f6rne\u011fin \u00fc\u00e7\u00fcnc\u00fc taraf \u00e7erezlerini veya t\u00fcm \u00e7erezleri kabul etmeyi reddedebilirsiniz. Bu durumda bu web sitesinin t\u00fcm i\u015flevlerini kullanamayabilece\u011finizi l\u00fctfen unutmay\u0131n.<\/p>\n<h6>Google Analytics<\/h6>\n<p>Google Ireland Limited, Gordon House, Barrow Street, Dublin 4, \u0130rlanda (&#8220;Google&#8221;) taraf\u0131ndan sa\u011flanan bir web analiz hizmeti olan Google Analytics&#8217;i kullan\u0131yoruz. Google \u00e7erezleri kullan\u0131r. \u00c7evrimi\u00e7i teklifin kullan\u0131c\u0131 taraf\u0131ndan kullan\u0131m\u0131 hakk\u0131nda \u00e7erez taraf\u0131ndan olu\u015fturulan bilgiler genellikle ABD&#8217;deki bir Google sunucusuna iletilir ve orada saklan\u0131r.<\/p>\n<p>Google, Gizlilik Kalkan\u0131 kapsam\u0131nda sertifikal\u0131d\u0131r ve b\u00f6ylece Avrupa veri koruma yasas\u0131na<a href=\"https:\/\/www.privacyshield.gov\/participant?id=a2zt000000001L5AAI&amp;status=Active\" target=\"_blank\" rel=\"noopener noreferrer\">(https:\/\/www.privacyshield.gov\/participant?id=a2zt000000001L5AAI&amp;status=Active)<\/a> uygunluk garantisi sunar.<\/p>\n<p>Google bu bilgileri, web sitemizi kullan\u0131m\u0131n\u0131z\u0131 de\u011ferlendirmek, web sitesi operat\u00f6rleri i\u00e7in web sitesi etkinli\u011fi hakk\u0131nda raporlar derlemek ve web sitesi etkinli\u011fi ve internet kullan\u0131m\u0131yla ilgili di\u011fer hizmetleri sa\u011flamak amac\u0131yla bizim ad\u0131m\u0131za kullanacakt\u0131r. \u0130\u015flenen verilerden sahte kullan\u0131c\u0131 profilleri olu\u015fturulabilir. Veri i\u015fleme, Madde 6 paragraf\u0131na g\u00f6re izninize dayanmaktad\u0131r. 1 S. 1 lit. a) GDPR. Bunun i\u00e7in verdi\u011finiz onay\u0131 gelecekte ge\u00e7erli olmak \u00fczere istedi\u011finiz zaman iptal edebilirsiniz. A\u015fa\u011f\u0131da, bu ama\u00e7la kullanabilece\u011finiz iptal se\u00e7enekleri a\u00e7\u0131klanmaktad\u0131r.<\/p>\n<p>Google Analytics&#8217;i yaln\u0131zca IP anonimle\u015ftirme etkinle\u015ftirilmi\u015f olarak kullan\u0131yoruz. Bu, kullan\u0131c\u0131n\u0131n IP adresinin Google taraf\u0131ndan Avrupa Birli\u011fi \u00fcye \u00fclkelerinde veya Avrupa Ekonomik Alan\u0131 Anla\u015fmas\u0131&#8217;n\u0131n di\u011fer s\u00f6zle\u015fme \u00fclkelerinde k\u0131salt\u0131ld\u0131\u011f\u0131 anlam\u0131na gelir. Sadece istisnai durumlarda tam IP adresi ABD&#8217;deki bir Google sunucusuna aktar\u0131lacak ve orada k\u0131salt\u0131lacakt\u0131r.<\/p>\n<p>Kullan\u0131c\u0131n\u0131n taray\u0131c\u0131s\u0131 taraf\u0131ndan iletilen IP adresi, Google&#8217;\u0131n di\u011fer verileriyle birle\u015ftirilmez. Kullan\u0131c\u0131lar, taray\u0131c\u0131 yaz\u0131l\u0131mlar\u0131n\u0131 uygun \u015fekilde ayarlayarak \u00e7erezlerin depolanmas\u0131n\u0131 \u00f6nleyebilirler; kullan\u0131c\u0131lar ayr\u0131ca a\u015fa\u011f\u0131daki ba\u011flant\u0131da bulunan taray\u0131c\u0131 eklentisini indirip y\u00fckleyerek \u00e7erez taraf\u0131ndan olu\u015fturulan ve Google&#8217;a \u00e7evrimi\u00e7i teklifin kullan\u0131m\u0131yla ilgili verilerin toplanmas\u0131n\u0131 ve bu verilerin Google taraf\u0131ndan i\u015flenmesini \u00f6nleyebilirler:  <a href=\"http:\/\/tools.google.com\/dlpage\/gaoptout?hl=de\" target=\"_blank\" rel=\"noopener noreferrer\">http:\/\/tools.google.com\/dlpage\/gaoptout?hl=de.<\/a><\/p>\n<p>Google&#8217;\u0131n veri kullan\u0131m\u0131, ayarlar ve devre d\u0131\u015f\u0131 b\u0131rakma se\u00e7enekleri hakk\u0131nda daha fazla bilgi i\u00e7in l\u00fctfen Google&#8217;\u0131n gizlilik politikas\u0131na<a href=\"https:\/\/policies.google.com\/technologies\/ads\" target=\"_blank\" rel=\"noopener noreferrer\">(https:\/\/policies.google.com\/technologies\/ads)<\/a> ve Google taraf\u0131ndan reklamlar\u0131n g\u00f6sterilmesine ili\u015fkin ayarlara<a href=\"https:\/\/adssettings.google.com\/authenticated\" target=\"_blank\" rel=\"noopener noreferrer\">(https:\/\/adssettings.google.com\/authenticated<\/a>) bak\u0131n.<\/p>\n<p>Taray\u0131c\u0131 eklentisine alternatif olarak veya mobil cihazlardaki taray\u0131c\u0131larda, gelecekte bu web sitesinde Google Analytics taraf\u0131ndan toplanmas\u0131n\u0131 \u00f6nlemek i\u00e7in l\u00fctfen bu ba\u011flant\u0131y\u0131 t\u0131klay\u0131n:<\/p>\n<h6>Analytics Opt-Out<\/h6>\n<p>Bu, cihaz\u0131n\u0131za bir devre d\u0131\u015f\u0131 b\u0131rakma \u00e7erezi yerle\u015ftirir. \u00c7erezlerinizi silerseniz, bu ba\u011flant\u0131ya tekrar t\u0131klaman\u0131z gerekir.<br \/>\nYukar\u0131da belirtilen ki\u015fisel verilerin sa\u011flanmas\u0131 ne yasal ne de s\u00f6zle\u015fmesel olarak gerekli de\u011fildir. Ancak bu veriler olmadan \u00e7evrimi\u00e7i teklifimizin analizi, optimizasyonu ve ekonomik olarak i\u015fletilmesi m\u00fcmk\u00fcn de\u011fildir.<\/p>\n<h6>Borlabs \u00c7erez ile \u00e7erez onay\u0131<\/h6>\n<p>Web sitemiz, taray\u0131c\u0131n\u0131zda belirli \u00e7erezleri saklamak i\u00e7in onay\u0131n\u0131z\u0131 almak ve bunu veri koruma yasas\u0131na uygun olarak belgelemek i\u00e7in Borlabs Cookie&#8217;nin \u00e7erez onay teknolojisini kullan\u0131r. Bu teknolojinin sa\u011flay\u0131c\u0131s\u0131 Borlabs &#8211; Benjamin A. Bornschein, Georg-Wilhelm-Str. 17, 21107 Hamburg (bundan sonra Borlabs olarak an\u0131lacakt\u0131r).<br \/>\nWeb sitemize girdi\u011finizde, taray\u0131c\u0131n\u0131zda verdi\u011finiz onaylar\u0131 veya bu onaylar\u0131n iptalini saklayan bir Borlabs \u00e7erezi saklan\u0131r. Bu veriler Borlabs \u00e7erez sa\u011flay\u0131c\u0131s\u0131 ile payla\u015f\u0131lmaz.<br \/>\nToplanan veriler, siz bizden silmemizi veya Borlabs \u00e7erezini kendiniz silmemizi talep edene kadar veya verilerin saklanma amac\u0131 art\u0131k ge\u00e7erli olmayana kadar saklanacakt\u0131r. Zorunlu yasal saklama s\u00fcreleri bundan etkilenmez. Borlabs \u00c7erezinin veri i\u015flemesine ili\u015fkin ayr\u0131nt\u0131lar <a href=\"https:\/\/de.borlabs.io\/kb\/welche-daten-speichert-borlabs-cookie\/\">https:\/\/de.borlabs.io\/kb\/welche-daten-speichert-borlabs-cookie\/<\/a> adresinde bulunabilir.<br \/>\nBorlabs \u00e7erez onay teknolojisinin kullan\u0131m\u0131, \u00e7erezlerin kullan\u0131m\u0131 i\u00e7in yasal olarak gerekli onaylar\u0131 almak i\u00e7in yap\u0131l\u0131r. Bunun yasal dayana\u011f\u0131 Madde 6 paragraf\u0131d\u0131r. 1 S. 1 lit. c GDPR.<br \/>\n<span class=\"borlabs-cookie-open-dialog-preferences brlbs-cmpnt-container\" data-borlabs-cookie-title=\"\u00c7erez ayarlar\u0131n\u0131 de\u011fi\u015ftirme\" data-borlabs-cookie-type=\"button\" ><\/span><\/p>\n<h6>YouTube<\/h6>\n<p>Sitemiz, videolar\u0131n entegrasyonu i\u00e7in Google Inc. taraf\u0131ndan temsil edilen YouTube LLC , 901 Cherry Avenue, San Bruno, CA 94066, ABD, 1600 Amphitheatre Parkway, Mountain View, CA 94043, ABD sa\u011flay\u0131c\u0131s\u0131n\u0131 kullanmaktad\u0131r. Normalde, g\u00f6m\u00fcl\u00fc videolar i\u00e7eren bir sayfay\u0131 \u00e7a\u011f\u0131rd\u0131\u011f\u0131n\u0131zda, IP adresiniz zaten YouTube&#8217;a g\u00f6nderilir ve bilgisayar\u0131n\u0131za \u00e7erezler y\u00fcklenir.<\/p>\n<p>Bununla birlikte, YouTube videolar\u0131m\u0131z\u0131 geni\u015fletilmi\u015f veri koruma modu ile yerle\u015ftirdik (bu durumda, YouTube hala Google&#8217;\u0131n Double Klick hizmetiyle ileti\u015fim kurar, ancak Google&#8217;\u0131n gizlilik politikas\u0131na g\u00f6re, ki\u015fisel veriler bu s\u00fcre\u00e7te de\u011ferlendirilmez). Bu, YouTube&#8217;un art\u0131k videoyu izlemedikleri s\u00fcrece ziyaret\u00e7iler hakk\u0131nda bilgi depolamad\u0131\u011f\u0131 anlam\u0131na geliyor. Videoya t\u0131klad\u0131\u011f\u0131n\u0131zda IP adresiniz YouTube&#8217;a iletilir ve YouTube videoyu izledi\u011finizi \u00f6\u011frenir. YouTube&#8217;da oturum a\u00e7t\u0131ysan\u0131z, bu bilgiler kullan\u0131c\u0131 hesab\u0131n\u0131za da atanacakt\u0131r (videoyu izlemeden \u00f6nce YouTube&#8217;dan \u00e7\u0131k\u0131\u015f yaparak bunu \u00f6nleyebilirsiniz).<\/p>\n<p>YouTube taraf\u0131ndan veri toplama ve i\u015flemenin amac\u0131 ve kapsam\u0131 hakk\u0131nda daha fazla bilgi i\u00e7in l\u00fctfen gizlilik politikas\u0131na bak\u0131n. Burada ayr\u0131ca haklar\u0131n\u0131z ve gizlili\u011finizi korumaya y\u00f6nelik ayar se\u00e7enekleri hakk\u0131nda daha fazla bilgi bulabilirsiniz: <a href=\"https:\/\/www.google.de\/intl\/de\/policies\/privacy\" target=\"_blank\" rel=\"noopener noreferrer\">https:\/\/www.google.de\/intl\/de\/policies\/privacy<\/a>. Google ayr\u0131ca ki\u015fisel verilerinizi ABD&#8217;de i\u015flemektedir ve AB-ABD Gizlilik Kalkan\u0131&#8217;na ( <a href=\"https:\/\/www.privacyshield.gov\/EU-US-Framework\" target=\"_blank\" rel=\"noopener noreferrer\">https:\/\/www.privacyshield.gov\/EU-US-Framework) kat\u0131lm\u0131\u015ft\u0131r.&#8221;<\/a><\/p>\n<h6>Ki\u015fisel verilerin al\u0131c\u0131lar\u0131<\/h6>\n<p>Yasalar\u0131n izin verdi\u011fi \u015fekilde, ki\u015fisel verileriniz AB i\u00e7inde a\u015fa\u011f\u0131daki \u015firketlere if\u015fa edilecektir:<br \/>\nDi\u011fer BAUHAUS \u015firketleri<a href=\"https:\/\/www.bauhaus.info\/gesellschaften\" target=\"_blank\" rel=\"noopener noreferrer\">(https:\/\/www.bauhaus.info\/gesellschaften)<\/a> ve bunlar\u0131n sipari\u015f i\u015fleyicileri, gerekirse, daha fazla dan\u0131\u015fma, istenen s\u00f6zle\u015fmelerin imzalanmas\u0131 veya ba\u015fka bir hizmetin sa\u011flanmas\u0131 ve BT hizmetleri ve web sitesinin arka ucunun y\u00f6netimi i\u00e7in BAUHAUS AG&#8217;nin sipari\u015f i\u015fleyicileri i\u00e7in.<\/p>\n<h6>Veri depolama s\u00fcresi<\/h6>\n<p>Verilerinizi ilgili amac\u0131n gerektirdi\u011fi s\u00fcre boyunca saklar\u0131z:<\/p>\n<ul>\n<li>Sunucu g\u00fcnl\u00fck dosyalar\u0131: 30 g\u00fcn<\/li>\n<li>Google Analytics \u00c7erezi: 2. y\u0131l<\/li>\n<\/ul>\n<h4>Veri sahiplerinin haklar\u0131<\/h4>\n<p>Veri sahibi olarak haklar\u0131n\u0131z BAUHAUS \u015firketleri taraf\u0131ndan kapsaml\u0131 bir \u015fekilde g\u00fcvence alt\u0131na al\u0131nm\u0131\u015ft\u0131r.<\/p>\n<h6>R\u0131zan\u0131n geri \u00e7ekilmesi<\/h6>\n<p>Bu web sitesinin kullan\u0131m\u0131 ba\u011flam\u0131nda ki\u015fisel verilerin i\u015flenmesine r\u0131za g\u00f6stermi\u015f olman\u0131z halinde, bu r\u0131zay\u0131 Madde 7 Paragraf uyar\u0131nca geri \u00e7ekebilirsiniz. 3 DSGVO herhangi bir zamanda. \u0130ptal <a href=\"mailto:datenschutz@bauhaus.info\" target=\"_blank\" rel=\"noopener noreferrer\">datenschutz@bauhaus.info<\/a> adresine e-posta ile veya yukar\u0131daki adrese yaz\u0131l\u0131 olarak g\u00f6nderilebilir. \u0130ptalin etkileri, ilgili ki\u015fisel verilerin gelecekte art\u0131k i\u015flenmeyece\u011fi ger\u00e7e\u011fiyle s\u0131n\u0131rl\u0131d\u0131r. Bu nedenle b\u00f6yle bir iptal, bize ifade ettikten sonra ki\u015fisel verilerinizin i\u015flenmesine izin verilebilirli\u011fini etkiler. Ancak bu durumda, ilgili verilerin gelecekte i\u015flenmesinin art\u0131k m\u00fcmk\u00fcn olmayabilece\u011fini l\u00fctfen unutmay\u0131n.<\/p>\n<h6>Madde 6 paragraf\u0131 uyar\u0131nca i\u015flemeye itiraz etme hakk\u0131. 1 S. 1 lit. f) DSGVO<\/h6>\n<p>Madde 21 paragraf\u0131 uyar\u0131nca. 1 p. 1 DSGVO, \u00f6zel durumunuzdan kaynaklanan nedenlerle DSGVO Madde 6 (1) temelinde ki\u015fisel verilerinizin i\u015flenmesine her zaman itiraz etme hakk\u0131. 1 S. 1 lit. f) DSGVO.<\/p>\n<p>\u0130tiraz etmeniz halinde, \u00e7\u0131karlar\u0131n\u0131z\u0131, haklar\u0131n\u0131z\u0131 ve \u00f6zg\u00fcrl\u00fcklerinizi ge\u00e7ersiz k\u0131lan i\u015fleme i\u00e7in zorlay\u0131c\u0131 me\u015fru gerek\u00e7eler g\u00f6steremedi\u011fimiz veya i\u015flemenin yasal talepleri ileri s\u00fcrmeye, uygulamaya veya savunmaya hizmet etmedi\u011fi s\u00fcrece ki\u015fisel verilerinizi art\u0131k i\u015flemeyece\u011fiz.<\/p>\n<h6>Di\u011fer haklar<\/h6>\n<p>Denetleyiciye kar\u015f\u0131 ilgili \u00f6zel ko\u015fullar\u0131n yerine getirilmesi halinde i\u015flenen ki\u015fisel verilerinizle ilgili olarak a\u015fa\u011f\u0131daki di\u011fer haklara sahipsiniz:<\/p>\n<ul>\n<li>Veri sahibinin eri\u015fim hakk\u0131, GDPR Madde 15;<\/li>\n<li>D\u00fczeltme hakk\u0131, GDPR Madde 16;<\/li>\n<li>Silme hakk\u0131, Madde 17 DSGVO;<\/li>\n<li>\u0130\u015flemenin k\u0131s\u0131tlanmas\u0131 hakk\u0131, GDPR Madde 18; ve<\/li>\n<li>DSGVO Madde 20 uyar\u0131nca veri ta\u015f\u0131nabilirli\u011fi hakk\u0131.<\/li>\n<li>Ayr\u0131ca, sizinle ilgili ki\u015fisel verilerin i\u015flenmesinin GDPR&#8217;yi ihlal etti\u011fini d\u00fc\u015f\u00fcn\u00fcyorsan\u0131z, bir denetim makam\u0131na \u015fikayette bulunma hakk\u0131na da sahipsiniz.<\/li>\n<\/ul>\n<h6>G\u00fcncelleme ve de\u011fi\u015fiklik<\/h6>\n<p>Gizlilik politikas\u0131 zaman zaman ger\u00e7ek ko\u015fullara ve yasal duruma uyarlanmal\u0131d\u0131r. Olas\u0131 de\u011fi\u015fikliklerden veya g\u00fcncellemelerden haberdar olmak i\u00e7in teklifimizi kullanmadan \u00f6nce l\u00fctfen veri koruma beyan\u0131n\u0131 kontrol edin.<\/p>\n<p>Stand: 15.08.2019<\/p>\n                    <\/div>\n\n                                <\/div>\n        <\/div>\n    <\/div>\n<\/div>\n<div id=\"bdesign2022_spacer_block_630ccf3392a76\" class=\"bdesign2022_block bdesign2022_block--bdesign2022_spacer\">\n    <div class=\"bdesign2022_block--wrapper\">\n        <div class=\"spacer\" style=\"height: 100px\"><\/div>\n    <\/div>\n<\/div>\n","protected":false},"excerpt":{"rendered":"","protected":false},"author":8,"featured_media":0,"parent":13822,"menu_order":3,"comment_status":"closed","ping_status":"closed","template":"","meta":{"_acf_changed":false,"footnotes":""},"class_list":["post-13809","page","type-page","status-publish","hentry"],"acf":[],"yoast_head":"<!-- This site is optimized with the Yoast SEO plugin v24.2 - https:\/\/yoast.com\/wordpress\/plugins\/seo\/ -->\n<title>Gizlilik | b!design<\/title>\n<meta name=\"description\" content=\"Veri koruma - A\u015fa\u011f\u0131da, web sitemizi kullan\u0131rken ki\u015fisel verilerin toplanmas\u0131 hakk\u0131nda sizi bilgilendiriyoruz.\" \/>\n<meta name=\"robots\" content=\"index, follow, max-snippet:-1, max-image-preview:large, max-video-preview:-1\" \/>\n<link rel=\"canonical\" href=\"https:\/\/www.bdesign-floors.com\/tr\/hakkimizda\/veri-koruma\/\" \/>\n<meta property=\"og:locale\" content=\"tr_TR\" \/>\n<meta property=\"og:type\" content=\"article\" \/>\n<meta property=\"og:title\" content=\"Gizlilik | b!design\" \/>\n<meta property=\"og:description\" content=\"Veri koruma - A\u015fa\u011f\u0131da, web sitemizi kullan\u0131rken ki\u015fisel verilerin toplanmas\u0131 hakk\u0131nda sizi bilgilendiriyoruz.\" \/>\n<meta property=\"og:url\" content=\"https:\/\/www.bdesign-floors.com\/tr\/hakkimizda\/veri-koruma\/\" \/>\n<meta property=\"og:site_name\" content=\"b!design\" \/>\n<meta property=\"article:modified_time\" content=\"2022-10-17T08:49:34+00:00\" \/>\n<meta name=\"twitter:card\" content=\"summary_large_image\" \/>\n<script type=\"application\/ld+json\" class=\"yoast-schema-graph\">{\"@context\":\"https:\/\/schema.org\",\"@graph\":[{\"@type\":\"WebPage\",\"@id\":\"https:\/\/www.bdesign-floors.com\/tr\/hakkimizda\/veri-koruma\/\",\"url\":\"https:\/\/www.bdesign-floors.com\/tr\/hakkimizda\/veri-koruma\/\",\"name\":\"Gizlilik | b!design\",\"isPartOf\":{\"@id\":\"https:\/\/bdesign.wp.factory.blim-dev.com\/#website\"},\"datePublished\":\"2022-09-12T14:45:40+00:00\",\"dateModified\":\"2022-10-17T08:49:34+00:00\",\"description\":\"Veri koruma - A\u015fa\u011f\u0131da, web sitemizi kullan\u0131rken ki\u015fisel verilerin toplanmas\u0131 hakk\u0131nda sizi bilgilendiriyoruz.\",\"breadcrumb\":{\"@id\":\"https:\/\/www.bdesign-floors.com\/tr\/hakkimizda\/veri-koruma\/#breadcrumb\"},\"inLanguage\":\"tr\",\"potentialAction\":[{\"@type\":\"ReadAction\",\"target\":[\"https:\/\/www.bdesign-floors.com\/tr\/hakkimizda\/veri-koruma\/\"]}]},{\"@type\":\"BreadcrumbList\",\"@id\":\"https:\/\/www.bdesign-floors.com\/tr\/hakkimizda\/veri-koruma\/#breadcrumb\",\"itemListElement\":[{\"@type\":\"ListItem\",\"position\":1,\"name\":\"Home\",\"item\":\"https:\/\/www.bdesign-floors.com\/tr\/\"},{\"@type\":\"ListItem\",\"position\":2,\"name\":\"Hakk\u0131m\u0131zda\",\"item\":\"https:\/\/bdesign.wp.factory.blim-dev.com\/hakkimizda\/\"},{\"@type\":\"ListItem\",\"position\":3,\"name\":\"Veri koruma\"}]},{\"@type\":\"WebSite\",\"@id\":\"https:\/\/bdesign.wp.factory.blim-dev.com\/#website\",\"url\":\"https:\/\/bdesign.wp.factory.blim-dev.com\/\",\"name\":\"b!design\",\"description\":\"Just another WordPress site\",\"potentialAction\":[{\"@type\":\"SearchAction\",\"target\":{\"@type\":\"EntryPoint\",\"urlTemplate\":\"https:\/\/bdesign.wp.factory.blim-dev.com\/?s={search_term_string}\"},\"query-input\":{\"@type\":\"PropertyValueSpecification\",\"valueRequired\":true,\"valueName\":\"search_term_string\"}}],\"inLanguage\":\"tr\"}]}<\/script>\n<!-- \/ Yoast SEO plugin. -->","yoast_head_json":{"title":"Gizlilik | b!design","description":"Veri koruma - A\u015fa\u011f\u0131da, web sitemizi kullan\u0131rken ki\u015fisel verilerin toplanmas\u0131 hakk\u0131nda sizi bilgilendiriyoruz.","robots":{"index":"index","follow":"follow","max-snippet":"max-snippet:-1","max-image-preview":"max-image-preview:large","max-video-preview":"max-video-preview:-1"},"canonical":"https:\/\/www.bdesign-floors.com\/tr\/hakkimizda\/veri-koruma\/","og_locale":"tr_TR","og_type":"article","og_title":"Gizlilik | b!design","og_description":"Veri koruma - A\u015fa\u011f\u0131da, web sitemizi kullan\u0131rken ki\u015fisel verilerin toplanmas\u0131 hakk\u0131nda sizi bilgilendiriyoruz.","og_url":"https:\/\/www.bdesign-floors.com\/tr\/hakkimizda\/veri-koruma\/","og_site_name":"b!design","article_modified_time":"2022-10-17T08:49:34+00:00","twitter_card":"summary_large_image","schema":{"@context":"https:\/\/schema.org","@graph":[{"@type":"WebPage","@id":"https:\/\/www.bdesign-floors.com\/tr\/hakkimizda\/veri-koruma\/","url":"https:\/\/www.bdesign-floors.com\/tr\/hakkimizda\/veri-koruma\/","name":"Gizlilik | b!design","isPartOf":{"@id":"https:\/\/bdesign.wp.factory.blim-dev.com\/#website"},"datePublished":"2022-09-12T14:45:40+00:00","dateModified":"2022-10-17T08:49:34+00:00","description":"Veri koruma - A\u015fa\u011f\u0131da, web sitemizi kullan\u0131rken ki\u015fisel verilerin toplanmas\u0131 hakk\u0131nda sizi bilgilendiriyoruz.","breadcrumb":{"@id":"https:\/\/www.bdesign-floors.com\/tr\/hakkimizda\/veri-koruma\/#breadcrumb"},"inLanguage":"tr","potentialAction":[{"@type":"ReadAction","target":["https:\/\/www.bdesign-floors.com\/tr\/hakkimizda\/veri-koruma\/"]}]},{"@type":"BreadcrumbList","@id":"https:\/\/www.bdesign-floors.com\/tr\/hakkimizda\/veri-koruma\/#breadcrumb","itemListElement":[{"@type":"ListItem","position":1,"name":"Home","item":"https:\/\/www.bdesign-floors.com\/tr\/"},{"@type":"ListItem","position":2,"name":"Hakk\u0131m\u0131zda","item":"https:\/\/bdesign.wp.factory.blim-dev.com\/hakkimizda\/"},{"@type":"ListItem","position":3,"name":"Veri koruma"}]},{"@type":"WebSite","@id":"https:\/\/bdesign.wp.factory.blim-dev.com\/#website","url":"https:\/\/bdesign.wp.factory.blim-dev.com\/","name":"b!design","description":"Just another WordPress site","potentialAction":[{"@type":"SearchAction","target":{"@type":"EntryPoint","urlTemplate":"https:\/\/bdesign.wp.factory.blim-dev.com\/?s={search_term_string}"},"query-input":{"@type":"PropertyValueSpecification","valueRequired":true,"valueName":"search_term_string"}}],"inLanguage":"tr"}]}},"_links":{"self":[{"href":"https:\/\/www.bdesign-floors.com\/tr\/wp-json\/wp\/v2\/pages\/13809","targetHints":{"allow":["GET"]}}],"collection":[{"href":"https:\/\/www.bdesign-floors.com\/tr\/wp-json\/wp\/v2\/pages"}],"about":[{"href":"https:\/\/www.bdesign-floors.com\/tr\/wp-json\/wp\/v2\/types\/page"}],"author":[{"embeddable":true,"href":"https:\/\/www.bdesign-floors.com\/tr\/wp-json\/wp\/v2\/users\/8"}],"replies":[{"embeddable":true,"href":"https:\/\/www.bdesign-floors.com\/tr\/wp-json\/wp\/v2\/comments?post=13809"}],"version-history":[{"count":1,"href":"https:\/\/www.bdesign-floors.com\/tr\/wp-json\/wp\/v2\/pages\/13809\/revisions"}],"predecessor-version":[{"id":13810,"href":"https:\/\/www.bdesign-floors.com\/tr\/wp-json\/wp\/v2\/pages\/13809\/revisions\/13810"}],"up":[{"embeddable":true,"href":"https:\/\/www.bdesign-floors.com\/tr\/wp-json\/wp\/v2\/pages\/13822"}],"wp:attachment":[{"href":"https:\/\/www.bdesign-floors.com\/tr\/wp-json\/wp\/v2\/media?parent=13809"}],"curies":[{"name":"wp","href":"https:\/\/api.w.org\/{rel}","templated":true}]}}