{"id":19741,"date":"2023-07-05T14:17:04","date_gmt":"2023-07-05T12:17:04","guid":{"rendered":"https:\/\/www.bdesign-floors.com\/?page_id=19741"},"modified":"2023-07-05T14:17:05","modified_gmt":"2023-07-05T12:17:05","slug":"duvar","status":"publish","type":"page","link":"https:\/\/www.bdesign-floors.com\/tr\/duvar\/","title":{"rendered":"Duvar"},"content":{"rendered":"<div id=\"bdesign2022_pageheader_block_a678b6c2ec41f9e82b0225f2b5aa5197\" class=\"bdesign2022_block bdesign2022_block--bdesign2022_pageheader\">\n    <div class=\"bdesign2022_block--wrapper\">\n                                    <div class=\"bdesign2022_ph-wrap is-single\">\n                    <div class=\"bdesign2022_ph-slide slidestyle-is-black orig-is-siyah active\">\n                        <div class=\"slide-image\">\n                            <img decoding=\"async\" class=\"img-fluid logo\" src=\"https:\/\/www.bdesign-floors.com\/wp-content\/uploads\/2023\/02\/stilvolle-echtholz-wandverkleidung-b-design-wall.jpg\" srcset=\"https:\/\/www.bdesign-floors.com\/wp-content\/uploads\/2023\/02\/stilvolle-echtholz-wandverkleidung-b-design-wall.jpg 1110w, https:\/\/www.bdesign-floors.com\/wp-content\/uploads\/2023\/02\/stilvolle-echtholz-wandverkleidung-b-design-wall-768x521.jpg 768w, https:\/\/www.bdesign-floors.com\/wp-content\/uploads\/2023\/02\/stilvolle-echtholz-wandverkleidung-b-design-wall-442x300.jpg 442w\">                        <\/div>\n                        <div class=\"slide-area\">\n                            <div class=\"slide-area-wrapper\">\n                                <h1>Daha fazla ya\u015fam deneyimi i\u00e7in modern tasar\u0131m<\/h1>\n                                <h6>Modern tarzda \u015f\u0131k \u00e7\u0131talar<\/h6>\n                                                                    <a class=\"cta_first btn btn-bdesign2022 btn-primary\" href=\"https:\/\/www.bdesign-floors.com\/wo-kaufen\/\">nereden alinir<\/a>\n                                                                                            <\/div>\n                            <div class=\"slide-image-mobile d-md-none\">\n                                <img decoding=\"async\" class=\"img-fluid logo\" src=\"https:\/\/www.bdesign-floors.com\/wp-content\/uploads\/2023\/02\/stilvolle-echtholz-wandverkleidung-b-design-wall.jpg\" srcset=\"https:\/\/www.bdesign-floors.com\/wp-content\/uploads\/2023\/02\/stilvolle-echtholz-wandverkleidung-b-design-wall.jpg 1110w, https:\/\/www.bdesign-floors.com\/wp-content\/uploads\/2023\/02\/stilvolle-echtholz-wandverkleidung-b-design-wall-768x521.jpg 768w, https:\/\/www.bdesign-floors.com\/wp-content\/uploads\/2023\/02\/stilvolle-echtholz-wandverkleidung-b-design-wall-442x300.jpg 442w\">                            <\/div>\n                        <\/div>\n                    <\/div>\n                <\/div>\n                        <\/div>\n<\/div>\n\n\n<div id=\"bdesign2022_headline_block_635d46e7cb755cf63d83e9bb6f772b4d\" class=\"bdesign2022_block bdesign2022_block--bdesign2022_headline\">\n    <div class=\"bdesign2022_block--wrapper\">\n        <div class=\"container my-4\">\n            \n                                     <div class=\"row\">\n                        <div class=\"col-6 col-md-4 col-lg-3\">\n                        <img decoding=\"async\" class=\"img-fluid logo\" src=\"https:\/\/www.bdesign-floors.com\/wp-content\/uploads\/2023\/02\/logo_bdesign_wall.jpg\" srcset=\"https:\/\/www.bdesign-floors.com\/wp-content\/uploads\/2023\/02\/logo_bdesign_wall.jpg 375w, https:\/\/www.bdesign-floors.com\/wp-content\/uploads\/2023\/02\/logo_bdesign_wall.jpg 375w, https:\/\/www.bdesign-floors.com\/wp-content\/uploads\/2023\/02\/logo_bdesign_wall.jpg 375w\">                        <\/div>\n                    <\/div>\n                                                                    <h2 class=\"h2 metin-ba\u015flang\u0131\u00e7 mt-2 mb-4\">Modern tarzda \u015f\u0131k \u00e7\u0131talar<\/h2>\n                \n                    <\/div>\n    <\/div>\n<\/div>\n\n\n<div id=\"bdesign2022_2columntext_block_c81fe38274863b74772bde84b5863b01\" class=\"bdesign2022_block bdesign2022_block--bdesign2022_2columntext\">\n    <div class=\"bdesign2022_block--wrapper\">\n        <div class=\"container my-4\">\n            <div class=\"row align-items-start\">\n                <div class=\"col-12 col-xxl-4 offset-0 offset-xxl-2 my-3\">\n                    <p>Sade ve zamans\u0131z tasar\u0131mlar\u0131yla b!design Wall duvar panelleri, duvar alan\u0131nda k\u0131sa s\u00fcrede d\u00fcnyan\u0131n d\u00f6rt bir yan\u0131ndan mimarlar\u0131n g\u00f6zdesi haline geldi.<\/p>\n                <\/div>\n                <div class=\"c0l-12 col-xxl-4 xxl-3 my-3\">\n                    <p>ve tavan tasar\u0131m\u0131 olu\u015fturuldu. Hem akustik etkisi hem de f\u0131r\u00e7alanm\u0131\u015f ger\u00e7ek ah\u015fap kaplamas\u0131 ho\u015f ve sade bir atmosfer yarat\u0131r.<\/p>\n                <\/div>\n            <\/div>\n        <\/div>\n    <\/div>\n<\/div>\n\n\n<div id=\"bdesign2022_imagetext_block_d26fb9f772120ced6b4628563dbdcac9\" class=\"bdesign2022_block bdesign2022_block--bdesign2022_imagetext\">\n    <div class=\"bdesign2022_block--wrapper\">\n        <div class=\"container\">\n            <div class=\"row align-items-center align-items-xxl-start align-items-xxxl-center\">\n                <div class=\"d-block d-md-block col-md-7 col-xl-4 col-xxl-5 col-xxxl-7 col-type-is-image col-count-is-1\"><img decoding=\"async\" class=\"img-fluid col-img\" src=\"https:\/\/www.bdesign-floors.com\/wp-content\/uploads\/2023\/02\/smart-wandverkleidung-b-design-wall.jpg\" srcset=\"https:\/\/www.bdesign-floors.com\/wp-content\/uploads\/2023\/02\/smart-wandverkleidung-b-design-wall.jpg 1110w, https:\/\/www.bdesign-floors.com\/wp-content\/uploads\/2023\/02\/smart-wandverkleidung-b-design-wall-768x510.jpg 768w, https:\/\/www.bdesign-floors.com\/wp-content\/uploads\/2023\/02\/smart-wandverkleidung-b-design-wall-452x300.jpg 452w\"><\/div><div class=\"col-12 col-xl-7 col-xxl-6 col-xxxl-4 col-type-is-imagetext col-count-is-2\"><h3>Ak\u0131ll\u0131<\/h3><p>Smart koleksiyonu, ya\u015fam ortam\u0131n\u0131za ideal bir \u015fekilde uyum sa\u011flar. Tek tek ah\u015fap \u00e7\u0131talar\u0131n do\u011frudan duvara monte edilmesiyle arka plan g\u00f6r\u00fcn\u00fcr kal\u0131r ve hatta LED&#8217;lerle birle\u015ftirilebilir. Y\u00fcksek kaliteli, f\u0131r\u00e7alanm\u0131\u015f ger\u00e7ek ah\u015faptan yap\u0131lm\u0131\u015ft\u0131r, <sup>FSC\u00ae sertifikal\u0131d\u0131r<\/sup>(N001581) ve %100 geri d\u00f6n\u00fc\u015ft\u00fcr\u00fclebilir.<\/p>\n<\/div>            <\/div>\n        <\/div>\n    <\/div>\n<\/div>\n\n\n<div id=\"bdesign2022_imagetext_block_cba8c1411d1d19d639d3c5f12ad93a65\" class=\"bdesign2022_block bdesign2022_block--bdesign2022_imagetext\">\n    <div class=\"bdesign2022_block--wrapper\">\n        <div class=\"container\">\n            <div class=\"row align-items-center align-items-xxl-start align-items-xxxl-center\">\n                <div class=\"col-12 col-xl-7 col-xxl-6 col-xxxl-4 col-type-is-imagetext col-count-is-1\"><h3>Smart Plus<\/h3><p>Smart Plus duvar paneli ile modern ve do\u011fal bir g\u00f6r\u00fcn\u00fcmle m\u00fckemmel bir oda esteti\u011fi yarat\u0131n. Ah\u015fap \u00e7\u0131talar y\u00fcksek kaliteli, f\u0131r\u00e7alanm\u0131\u015f ger\u00e7ek ah\u015faptan yap\u0131lm\u0131\u015ft\u0131r, <sup>FSC\u00ae sertifikal\u0131d\u0131r<\/sup>(N001581) ve %100 geri d\u00f6n\u00fc\u015ft\u00fcr\u00fclebilir. Bunlar 3 mm siyah sabit HDF destek \u00fczerine monte edilmi\u015ftir.<\/p>\n<\/div><div class=\"d-block d-md-block col-md-7 col-xl-4 col-xxl-5 col-xxxl-7 col-type-is-image col-count-is-2\"><img decoding=\"async\" class=\"img-fluid col-img\" src=\"https:\/\/www.bdesign-floors.com\/wp-content\/uploads\/2023\/02\/smart-plus-wandverkleidung-b-design-wall.jpg\" srcset=\"https:\/\/www.bdesign-floors.com\/wp-content\/uploads\/2023\/02\/smart-plus-wandverkleidung-b-design-wall.jpg 1110w, https:\/\/www.bdesign-floors.com\/wp-content\/uploads\/2023\/02\/smart-plus-wandverkleidung-b-design-wall-768x510.jpg 768w, https:\/\/www.bdesign-floors.com\/wp-content\/uploads\/2023\/02\/smart-plus-wandverkleidung-b-design-wall-452x300.jpg 452w\"><\/div>            <\/div>\n        <\/div>\n    <\/div>\n<\/div>\n\n\n<div id=\"bdesign2022_imagetext_block_8ee6f7856932c03024ff16dba726a264\" class=\"bdesign2022_block bdesign2022_block--bdesign2022_imagetext\">\n    <div class=\"bdesign2022_block--wrapper\">\n        <div class=\"container\">\n            <div class=\"row align-items-center align-items-xxl-start align-items-xxxl-center\">\n                <div class=\"d-block d-md-block col-md-7 col-xl-4 col-xxl-5 col-xxxl-7 col-type-is-image col-count-is-1\"><img decoding=\"async\" class=\"img-fluid col-img\" src=\"https:\/\/www.bdesign-floors.com\/wp-content\/uploads\/2023\/02\/prime-wandverkleidung-b-design-wall.jpg\" srcset=\"https:\/\/www.bdesign-floors.com\/wp-content\/uploads\/2023\/02\/prime-wandverkleidung-b-design-wall.jpg 1110w, https:\/\/www.bdesign-floors.com\/wp-content\/uploads\/2023\/02\/prime-wandverkleidung-b-design-wall-768x510.jpg 768w, https:\/\/www.bdesign-floors.com\/wp-content\/uploads\/2023\/02\/prime-wandverkleidung-b-design-wall-452x300.jpg 452w\"><\/div><div class=\"col-12 col-xl-7 col-xxl-6 col-xxxl-4 col-type-is-imagetext col-count-is-2\"><h3>Prime<\/h3><p>Prime koleksiyonu ile t\u00fcm odalar\u0131n\u0131zda harika efektler yarat\u0131n. Y\u00fcksek kaliteli, f\u0131r\u00e7alanm\u0131\u015f ger\u00e7ek ah\u015fap y\u00fczey sayesinde ah\u015fap \u00e7\u0131talar sadece g\u00fczel g\u00f6r\u00fcnmekle kalmaz. Bunlar, etkili bir ses emici etkiye sahip olan gri ke\u00e7eden yap\u0131lm\u0131\u015f 4 mm kal\u0131nl\u0131\u011f\u0131nda akustik bir destek \u00fczerine monte edilmi\u015ftir.<\/p>\n<\/div>            <\/div>\n        <\/div>\n    <\/div>\n<\/div>\n\n\n<div id=\"bdesign2022_switchstyle_block_64de246fe70c485983ed470a03a1bb01\" class=\"bdesign2022_style bdesign2022_style--bdesign2022_switchstyle\" data-switchstyle=\"black\">\n\n\n<div id=\"bdesign2022_headline_block_16d276bc6f0800a82853a3b0579e3ad6\" class=\"bdesign2022_block bdesign2022_block--bdesign2022_headline\">\n    <div class=\"bdesign2022_block--wrapper\">\n        <div class=\"container my-4\">\n            \n                                                    <h2 class=\"h2 metin-ba\u015flang\u0131\u00e7 mt-2 mb-4\">Bir bak\u0131\u015fta avantajlar<\/h2>\n                                \n                        <\/div>\n    <\/div>\n<\/div>\n\n\n<div id=\"bdesign2022_customcontent_block_869203d9402ffa880f19edf7acd9a75e\" class=\"bdesign2022_block bdesign2022_block--bdesign2022_customcontent\">\n    <div class=\"bdesign2022_block--wrapper\">\n        <div class=\"container\">\n            <div class=\"row\">\n                \n                <div class=\"col-12 col-sm-10\" style=\"margin:0 auto;text-align: center;\">\n                    <div class=\"container-centered\">\n                        <div class=\"row\" style=\"text-align:left\">\n    <div class=\"col-12 col-lg-4 mb-3 mb-lg-0\">\n      <h3>Ak\u0131ll\u0131<\/h3>\n      <br>\n      \t<ul>\n \t<li><sup>FSC\u00ae<\/sup> sertifikal\u0131 (N001581)<\/li>\n \t<li>F\u0131r\u00e7alanm\u0131\u015f ger\u00e7ek ah\u015fap y\u00fczey<\/li>\n \t<li>100 geri d\u00f6n\u00fc\u015ft\u00fcr\u00fclebilir<\/li>\n \t<li><strong>Kendinden yap\u0131\u015fkanl\u0131 \u015feritler<\/strong><\/li>\n \t<li>\u0130deal olarak LED&#8217;ler ile kombine edilebilir<\/li>\n \t<li>Arka plan g\u00f6r\u00fcn\u00fcr kal\u0131r<\/li>\n \t<li>Tavan ve duvar i\u00e7in uygundur<\/li>\n    <li>34,5 mm geni\u015fli\u011finde \u00e7\u0131talar<\/li>\n    <li>Avrupa&#8217;da \u00fcretilmi\u015ftir<\/li>\n\t\t<\/ul>   \n    <\/div>\n    <div class=\"col-12 col-lg-4 mb-3 mb-lg-0\">\n            <h3>Smart Plus<\/h3>\n            <br>\n      <ul>\n \t<li><sup>FSC\u00ae<\/sup> sertifikal\u0131 (N001581)<\/li>\n \t<li>F\u0131r\u00e7alanm\u0131\u015f ger\u00e7ek ah\u015fap y\u00fczey<\/li>\n \t<li>100 geri d\u00f6n\u00fc\u015ft\u00fcr\u00fclebilir<\/li>\n \t<li>Montaj\u0131 kolay<\/li>\n \t<li><strong>3 mm HDF \u00e7ekirdek<\/strong><\/li>\n \t<li>34,5 mm geni\u015fli\u011finde \u00e7\u0131talar<\/li>\n    <li>\u00c7\u0131talar aras\u0131nda 15,5 mm mesafe<\/li>\n    <li>Avrupa&#8217;da \u00fcretilmi\u015ftir<\/li>\n<\/ul>     \n    <\/div>\n    <div class=\"col-12 col-lg-4\">\n                  <h3>Prime<\/h3>\n            <br>\n<ul>\n \t<li><sup>FSC\u00ae<\/sup> sertifikal\u0131 (N001581)<\/li>\n \t<li>F\u0131r\u00e7alanm\u0131\u015f ger\u00e7ek ah\u015fap y\u00fczey<\/li>\n \t<li>Montaj\u0131 kolay<\/li>\n \t<li><strong>4 mm ke\u00e7e akustik destek<\/strong><\/li>\n \t<li>Ekstra ses emici etki<\/li>\n \t<li>Tavan ve duvar i\u00e7in uygundur<\/li>\n   \t<li>34,5 mm geni\u015fli\u011finde \u00e7\u0131talar<\/li>\n    <li>\u00c7\u0131talar aras\u0131 25,5 mm mesafe<\/li>\n    <li>Avrupa&#8217;da \u00fcretilmi\u015ftir<\/li>\n<\/ul>\n    <\/div>\n<\/div>                    <\/div>\n                <\/div>\n\n                            <\/div>\n        <\/div>\n    <\/div>\n<\/div>\n\n\n<\/div>\n\n\n<div id=\"bdesign2022_switchstyle_block_eb1cae9c08c47e0cc2a27aabedde2ece\" class=\"bdesign2022_style bdesign2022_style--bdesign2022_switchstyle\" data-switchstyle=\"lightgray\">\n\n\n<div id=\"bdesign2022_headline_block_eb892d7a060d5c4a0a79485e13114ba8\" class=\"bdesign2022_block bdesign2022_block--bdesign2022_headline\">\n    <div class=\"bdesign2022_block--wrapper\">\n        <div class=\"container my-4\">\n            \n                                    <h5 class=\"h5 metin-ba\u015flang\u0131\u00e7 mt-5 mb-3\">b!design Duvar<\/h5>\n                                                    <h2 class=\"h2 metin-ba\u015flang\u0131\u00e7 mt-2 mb-4\">Bir bak\u0131\u015fta \u00fcr\u00fcnler<\/h2>\n                                \n                        <\/div>\n    <\/div>\n<\/div>\n\n\n<div id=\"bdesign2022_productslider_block_be584cc8d484930c970da13655a9a0c1\" class=\"bdesign2022_block bdesign2022_block--bdesign2022_productslider\">\n    <div class=\"bdesign2022_block--wrapper\">\n        <div class=\"container\">\n            <div class=\"row align-items-stretch\">\n                <div class=\"productslider-wrapper\"  id=\"productslider-wrapper-block_be584cc8d484930c970da13655a9a0c1\"><div class=\"container\"><div class=\"row\"><div class=\"productslider-carousel ps-is-lbox\" data-items=\"1,2,3,4\" data-interval=\"1000\" data-slide=\"1\" id=\"productslider-carousel-block_be584cc8d484930c970da13655a9a0c1\"><button class=\"btn btn-primary leftLst\"><\/button><button class=\"btn btn-primary rightLst\"><\/button><div class=\"carousel-inner\"><div class=\"productcontent-item\"><a class=\"pci-inside pci-is-duvar ps-type-is-lbox\" type=\"button\" data-bs-toggle=\"modal\" data-bs-target=\"#pci-lbox-21237\"><img decoding=\"async\" class=\"img-fluid logo\" src=\"https:\/\/www.bdesign-floors.com\/wp-content\/uploads\/2023\/02\/smart-eiche-weiss-b-design-wall.jpg\" srcset=\"https:\/\/www.bdesign-floors.com\/wp-content\/uploads\/2023\/02\/smart-eiche-weiss-b-design-wall.jpg 1024w, https:\/\/www.bdesign-floors.com\/wp-content\/uploads\/2023\/02\/smart-eiche-weiss-b-design-wall-768x768.jpg 768w, https:\/\/www.bdesign-floors.com\/wp-content\/uploads\/2023\/02\/smart-eiche-weiss-b-design-wall-300x300.jpg 300w\"><h4><\/h4><p>Ak\u0131ll\u0131 Me\u015fe Beyaz\u0131<\/p>\n<\/a><div class=\"row justify-content-start\"><div class=\"col-auto\"><a class=\"btn btn-bdesign2022 btn-shop\" href=\"https:\/\/www.bauhaus.info\/holzpaneele\/bdesign-wandpaneel-wall-smart\/p\/30366499\" target=\"_blank\">Ma\u011faza<\/a><\/div><\/div><\/div><div class=\"productcontent-item\"><a class=\"pci-inside pci-is-duvar ps-type-is-lbox\" type=\"button\" data-bs-toggle=\"modal\" data-bs-target=\"#pci-lbox-21217\"><img decoding=\"async\" class=\"img-fluid logo\" src=\"https:\/\/www.bdesign-floors.com\/wp-content\/uploads\/2023\/02\/smart-eiche-hellbraun-b-design-wall.jpg\" srcset=\"https:\/\/www.bdesign-floors.com\/wp-content\/uploads\/2023\/02\/smart-eiche-hellbraun-b-design-wall.jpg 1024w, https:\/\/www.bdesign-floors.com\/wp-content\/uploads\/2023\/02\/smart-eiche-hellbraun-b-design-wall-768x768.jpg 768w, https:\/\/www.bdesign-floors.com\/wp-content\/uploads\/2023\/02\/smart-eiche-hellbraun-b-design-wall-300x300.jpg 300w\"><h4><\/h4><p>Ak\u0131ll\u0131 Me\u015fe A\u00e7\u0131k Kahverengi<\/p>\n<\/a><div class=\"row justify-content-start\"><div class=\"col-auto\"><a class=\"btn btn-bdesign2022 btn-shop\" href=\"https:\/\/www.bauhaus.info\/holzpaneele\/bdesign-wandpaneel-wall-smart\/p\/30438352\" target=\"_blank\">Ma\u011faza<\/a><\/div><\/div><\/div><div class=\"productcontent-item\"><a class=\"pci-inside pci-is-duvar ps-type-is-lbox\" type=\"button\" data-bs-toggle=\"modal\" data-bs-target=\"#pci-lbox-21248\"><img decoding=\"async\" class=\"img-fluid logo\" src=\"https:\/\/www.bdesign-floors.com\/wp-content\/uploads\/2023\/02\/smart-Plus-eiche-grau-b-design-wall.jpg\" srcset=\"https:\/\/www.bdesign-floors.com\/wp-content\/uploads\/2023\/02\/smart-Plus-eiche-grau-b-design-wall.jpg 1024w, https:\/\/www.bdesign-floors.com\/wp-content\/uploads\/2023\/02\/smart-Plus-eiche-grau-b-design-wall-768x768.jpg 768w, https:\/\/www.bdesign-floors.com\/wp-content\/uploads\/2023\/02\/smart-Plus-eiche-grau-b-design-wall-300x300.jpg 300w\"><h4><\/h4><p>Smart Plus Me\u015fe Grisi<\/p>\n<\/a><div class=\"row justify-content-start\"><div class=\"col-auto\"><a class=\"btn btn-bdesign2022 btn-shop\" href=\"https:\/\/www.bauhaus.info\/akustikpaneele\/bdesign-wandpaneel-wall-smart-plus\/p\/30303690\" target=\"_blank\">Ma\u011faza<\/a><\/div><\/div><\/div><div class=\"productcontent-item\"><a class=\"pci-inside pci-is-duvar ps-type-is-lbox\" type=\"button\" data-bs-toggle=\"modal\" data-bs-target=\"#pci-lbox-21260\"><img decoding=\"async\" class=\"img-fluid logo\" src=\"https:\/\/www.bdesign-floors.com\/wp-content\/uploads\/2023\/02\/smart-plus-eiche-hellbraun-b-design-wall.jpg\" srcset=\"https:\/\/www.bdesign-floors.com\/wp-content\/uploads\/2023\/02\/smart-plus-eiche-hellbraun-b-design-wall.jpg 1024w, https:\/\/www.bdesign-floors.com\/wp-content\/uploads\/2023\/02\/smart-plus-eiche-hellbraun-b-design-wall-768x768.jpg 768w, https:\/\/www.bdesign-floors.com\/wp-content\/uploads\/2023\/02\/smart-plus-eiche-hellbraun-b-design-wall-300x300.jpg 300w\"><h4><\/h4><p>Smart Plus A\u00e7\u0131k Kahverengi Me\u015fe<\/p>\n<\/a><div class=\"row justify-content-start\"><div class=\"col-auto\"><a class=\"btn btn-bdesign2022 btn-shop\" href=\"https:\/\/www.bauhaus.info\/akustikpaneele\/bdesign-wandpaneel-wall-smart-plus\/p\/30303681\" target=\"_blank\">Ma\u011faza<\/a><\/div><\/div><\/div><div class=\"productcontent-item\"><a class=\"pci-inside pci-is-duvar ps-type-is-lbox\" type=\"button\" data-bs-toggle=\"modal\" data-bs-target=\"#pci-lbox-21206\"><img decoding=\"async\" class=\"img-fluid logo\" src=\"https:\/\/www.bdesign-floors.com\/wp-content\/uploads\/2023\/02\/prime-eiche-weiss-b-design-wall.jpg\" srcset=\"https:\/\/www.bdesign-floors.com\/wp-content\/uploads\/2023\/02\/prime-eiche-weiss-b-design-wall.jpg 1024w, https:\/\/www.bdesign-floors.com\/wp-content\/uploads\/2023\/02\/prime-eiche-weiss-b-design-wall-768x768.jpg 768w, https:\/\/www.bdesign-floors.com\/wp-content\/uploads\/2023\/02\/prime-eiche-weiss-b-design-wall-300x300.jpg 300w\"><h4><\/h4><p>Birinci S\u0131n\u0131f Beyaz Me\u015fe<\/p>\n<\/a><div class=\"row justify-content-start\"><div class=\"col-auto\"><a class=\"btn btn-bdesign2022 btn-shop\" href=\"https:\/\/www.bauhaus.info\/akustikpaneele\/bdesign-wandpaneel-wall-prime\/p\/30440719\" target=\"_blank\">Ma\u011faza<\/a><\/div><\/div><\/div><div class=\"productcontent-item\"><a class=\"pci-inside pci-is-duvar ps-type-is-lbox\" type=\"button\" data-bs-toggle=\"modal\" data-bs-target=\"#pci-lbox-21198\"><img decoding=\"async\" class=\"img-fluid logo\" src=\"https:\/\/www.bdesign-floors.com\/wp-content\/uploads\/2023\/02\/prime-eiche-hellbraun-b-design-wall_103-1.png\" srcset=\"https:\/\/www.bdesign-floors.com\/wp-content\/uploads\/2023\/02\/prime-eiche-hellbraun-b-design-wall_103-1.png 1024w, https:\/\/www.bdesign-floors.com\/wp-content\/uploads\/2023\/02\/prime-eiche-hellbraun-b-design-wall-768x768.jpg 768w, https:\/\/www.bdesign-floors.com\/wp-content\/uploads\/2023\/02\/prime-eiche-hellbraun-b-design-wall-300x300.jpg 300w\"><h4><\/h4><p>Prime Me\u015fe A\u00e7\u0131k Kahverengi<\/p>\n<\/a><div class=\"row justify-content-start\"><div class=\"col-auto\"><a class=\"btn btn-bdesign2022 btn-shop\" href=\"https:\/\/www.bauhaus.info\/akustikpaneele\/bdesign-wandpaneel-wall-prime\/p\/30440700\" target=\"_blank\">Ma\u011faza<\/a><\/div><\/div><\/div><\/div><\/div><\/div><\/div><\/div>            <div class=\"modal fade bdesign2022-modal is-product\" id=\"pci-lbox-20269\" tabindex=\"-1\" aria-hidden=\"true\" aria-labelledby=\"pci-lbox-20269-label\">\n                <div class=\"modal-dialog modal-dialog-scrollable modal-dialog-centered\">\n                    <div class=\"modal-content\">\n                        <div class=\"modal-header\">\n                        <h5 class=\"modal-title\" id=\"pci-lbox-20269-label\">Smart Eiche Wei\u00df<\/h5>\n                        <button type=\"button\" class=\"btn-close\" data-bs-dismiss=\"modal\" aria-label=\"Close\"><\/button>\n                    <\/div>\n                    <div class=\"modal-body\">\n                        <div class=\"container\">\n                            <div class=\"row\">\n                                <div class=\"col-10 col-sm-6 offset-1 offset-sm-3\">\n                                    <div id=\"bdesign2022-productslider-20269\" class=\"carousel slide bdesign2022-productslider psi-is-wall\">\n                                        <div class=\"carousel-indicators\">\n                                            <button type=\"button\" data-bs-target=\"#bdesign2022-productslider-20269\" data-bs-slide-to=\"0\" class=\"active\" aria-current=\"true\" aria-label=\"Slide 0\"><\/button><button type=\"button\" data-bs-target=\"#bdesign2022-productslider-20269\" data-bs-slide-to=\"1\" aria-label=\"Slide 1\"><\/button>                                        <\/div>\n                                        <div class=\"carousel-inner\">\n                                            <div class=\"carousel-item active\"><img decoding=\"async\" class=\"img-fluid product-image\" src=\"https:\/\/www.bdesign-floors.com\/wp-content\/uploads\/2023\/02\/smart-eiche-weiss-b-design-wall.jpg\" srcset=\"https:\/\/www.bdesign-floors.com\/wp-content\/uploads\/2023\/02\/smart-eiche-weiss-b-design-wall.jpg 1024w, https:\/\/www.bdesign-floors.com\/wp-content\/uploads\/2023\/02\/smart-eiche-weiss-b-design-wall-768x768.jpg 768w, https:\/\/www.bdesign-floors.com\/wp-content\/uploads\/2023\/02\/smart-eiche-weiss-b-design-wall-300x300.jpg 300w\"><\/div><div class=\"carousel-item\"><img decoding=\"async\" class=\"img-fluid product-image\" src=\"https:\/\/www.bdesign-floors.com\/wp-content\/uploads\/2023\/02\/smart-eiche-weiss-wandverkleidung-b-design-wall.jpg.jpg\" srcset=\"https:\/\/www.bdesign-floors.com\/wp-content\/uploads\/2023\/02\/smart-eiche-weiss-wandverkleidung-b-design-wall.jpg.jpg 1024w, https:\/\/www.bdesign-floors.com\/wp-content\/uploads\/2023\/02\/smart-eiche-weiss-wandverkleidung-b-design-wall.jpg-768x768.jpg 768w, https:\/\/www.bdesign-floors.com\/wp-content\/uploads\/2023\/02\/smart-eiche-weiss-wandverkleidung-b-design-wall.jpg-300x300.jpg 300w\"><\/div>                                        <\/div>\n                                        <button class=\"carousel-control-prev\" type=\"button\" data-bs-target=\"#bdesign2022-productslider-20269\" data-bs-slide=\"prev\">\n                                            <span class=\"carousel-control-prev-icon\" aria-hidden=\"true\"><\/span>\n                                            <span class=\"visually-hidden\">Previous<\/span>\n                                        <\/button>\n                                        <button class=\"carousel-control-next\" type=\"button\" data-bs-target=\"#bdesign2022-productslider-20269\" data-bs-slide=\"next\">\n                                            <span class=\"carousel-control-next-icon\" aria-hidden=\"true\"><\/span>\n                                            <span class=\"visually-hidden\">Next<\/span>\n                                        <\/button>\n                                    <\/div>\n                                <\/div>\n                            <\/div>\n                        <\/div>\n                    <\/div>\n                <\/div>\n            <\/div>\n        <\/div>\n\n                <script>        (function ($) {            setTimeout(function(){                var myModalEl = document.getElementById(\"pci-lbox-20269\");                myModalEl.addEventListener(\"hidden.bs.modal\", function (event) {bdesign2022_modalMagic(\"hidden\")});                myModalEl.addEventListener(\"shown.bs.modal\", function (event) {bdesign2022_modalMagic(\"shown\")});            },500);        })(jQuery);        <\/script>                    <div class=\"modal fade bdesign2022-modal is-product\" id=\"pci-lbox-20267\" tabindex=\"-1\" aria-hidden=\"true\" aria-labelledby=\"pci-lbox-20267-label\">\n                <div class=\"modal-dialog modal-dialog-scrollable modal-dialog-centered\">\n                    <div class=\"modal-content\">\n                        <div class=\"modal-header\">\n                        <h5 class=\"modal-title\" id=\"pci-lbox-20267-label\">Smart Eiche Hellbraun<\/h5>\n                        <button type=\"button\" class=\"btn-close\" data-bs-dismiss=\"modal\" aria-label=\"Close\"><\/button>\n                    <\/div>\n                    <div class=\"modal-body\">\n                        <div class=\"container\">\n                            <div class=\"row\">\n                                <div class=\"col-10 col-sm-6 offset-1 offset-sm-3\">\n                                    <div id=\"bdesign2022-productslider-20267\" class=\"carousel slide bdesign2022-productslider psi-is-wall\">\n                                        <div class=\"carousel-indicators\">\n                                            <button type=\"button\" data-bs-target=\"#bdesign2022-productslider-20267\" data-bs-slide-to=\"0\" class=\"active\" aria-current=\"true\" aria-label=\"Slide 0\"><\/button><button type=\"button\" data-bs-target=\"#bdesign2022-productslider-20267\" data-bs-slide-to=\"1\" aria-label=\"Slide 1\"><\/button>                                        <\/div>\n                                        <div class=\"carousel-inner\">\n                                            <div class=\"carousel-item active\"><img decoding=\"async\" class=\"img-fluid product-image\" src=\"https:\/\/www.bdesign-floors.com\/wp-content\/uploads\/2023\/02\/smart-eiche-hellbraun-b-design-wall.jpg\" srcset=\"https:\/\/www.bdesign-floors.com\/wp-content\/uploads\/2023\/02\/smart-eiche-hellbraun-b-design-wall.jpg 1024w, https:\/\/www.bdesign-floors.com\/wp-content\/uploads\/2023\/02\/smart-eiche-hellbraun-b-design-wall-768x768.jpg 768w, https:\/\/www.bdesign-floors.com\/wp-content\/uploads\/2023\/02\/smart-eiche-hellbraun-b-design-wall-300x300.jpg 300w\"><\/div><div class=\"carousel-item\"><img decoding=\"async\" class=\"img-fluid product-image\" src=\"https:\/\/www.bdesign-floors.com\/wp-content\/uploads\/2023\/02\/smart-eiche-hellbraun-wandverkleidung-b-design-wall.jpg.jpg\" srcset=\"https:\/\/www.bdesign-floors.com\/wp-content\/uploads\/2023\/02\/smart-eiche-hellbraun-wandverkleidung-b-design-wall.jpg.jpg 1024w, https:\/\/www.bdesign-floors.com\/wp-content\/uploads\/2023\/02\/smart-eiche-hellbraun-wandverkleidung-b-design-wall.jpg-768x768.jpg 768w, https:\/\/www.bdesign-floors.com\/wp-content\/uploads\/2023\/02\/smart-eiche-hellbraun-wandverkleidung-b-design-wall.jpg-300x300.jpg 300w\"><\/div>                                        <\/div>\n                                        <button class=\"carousel-control-prev\" type=\"button\" data-bs-target=\"#bdesign2022-productslider-20267\" data-bs-slide=\"prev\">\n                                            <span class=\"carousel-control-prev-icon\" aria-hidden=\"true\"><\/span>\n                                            <span class=\"visually-hidden\">Previous<\/span>\n                                        <\/button>\n                                        <button class=\"carousel-control-next\" type=\"button\" data-bs-target=\"#bdesign2022-productslider-20267\" data-bs-slide=\"next\">\n                                            <span class=\"carousel-control-next-icon\" aria-hidden=\"true\"><\/span>\n                                            <span class=\"visually-hidden\">Next<\/span>\n                                        <\/button>\n                                    <\/div>\n                                <\/div>\n                            <\/div>\n                        <\/div>\n                    <\/div>\n                <\/div>\n            <\/div>\n        <\/div>\n\n                <script>        (function ($) {            setTimeout(function(){                var myModalEl = document.getElementById(\"pci-lbox-20267\");                myModalEl.addEventListener(\"hidden.bs.modal\", function (event) {bdesign2022_modalMagic(\"hidden\")});                myModalEl.addEventListener(\"shown.bs.modal\", function (event) {bdesign2022_modalMagic(\"shown\")});            },500);        })(jQuery);        <\/script>                    <div class=\"modal fade bdesign2022-modal is-product\" id=\"pci-lbox-20270\" tabindex=\"-1\" aria-hidden=\"true\" aria-labelledby=\"pci-lbox-20270-label\">\n                <div class=\"modal-dialog modal-dialog-scrollable modal-dialog-centered\">\n                    <div class=\"modal-content\">\n                        <div class=\"modal-header\">\n                        <h5 class=\"modal-title\" id=\"pci-lbox-20270-label\">Smart Plus Eiche Grau<\/h5>\n                        <button type=\"button\" class=\"btn-close\" data-bs-dismiss=\"modal\" aria-label=\"Close\"><\/button>\n                    <\/div>\n                    <div class=\"modal-body\">\n                        <div class=\"container\">\n                            <div class=\"row\">\n                                <div class=\"col-10 col-sm-6 offset-1 offset-sm-3\">\n                                    <div id=\"bdesign2022-productslider-20270\" class=\"carousel slide bdesign2022-productslider psi-is-wall\">\n                                        <div class=\"carousel-indicators\">\n                                            <button type=\"button\" data-bs-target=\"#bdesign2022-productslider-20270\" data-bs-slide-to=\"0\" class=\"active\" aria-current=\"true\" aria-label=\"Slide 0\"><\/button><button type=\"button\" data-bs-target=\"#bdesign2022-productslider-20270\" data-bs-slide-to=\"1\" aria-label=\"Slide 1\"><\/button>                                        <\/div>\n                                        <div class=\"carousel-inner\">\n                                            <div class=\"carousel-item active\"><img decoding=\"async\" class=\"img-fluid product-image\" src=\"https:\/\/www.bdesign-floors.com\/wp-content\/uploads\/2023\/02\/smart-Plus-eiche-grau-b-design-wall.jpg\" srcset=\"https:\/\/www.bdesign-floors.com\/wp-content\/uploads\/2023\/02\/smart-Plus-eiche-grau-b-design-wall.jpg 1024w, https:\/\/www.bdesign-floors.com\/wp-content\/uploads\/2023\/02\/smart-Plus-eiche-grau-b-design-wall-768x768.jpg 768w, https:\/\/www.bdesign-floors.com\/wp-content\/uploads\/2023\/02\/smart-Plus-eiche-grau-b-design-wall-300x300.jpg 300w\"><\/div><div class=\"carousel-item\"><img decoding=\"async\" class=\"img-fluid product-image\" src=\"https:\/\/www.bdesign-floors.com\/wp-content\/uploads\/2023\/02\/smart-plus-eiche-grau-wandverkleidung-b-design-wall.jpg.jpg\" srcset=\"https:\/\/www.bdesign-floors.com\/wp-content\/uploads\/2023\/02\/smart-plus-eiche-grau-wandverkleidung-b-design-wall.jpg.jpg 1024w, https:\/\/www.bdesign-floors.com\/wp-content\/uploads\/2023\/02\/smart-plus-eiche-grau-wandverkleidung-b-design-wall.jpg-768x768.jpg 768w, https:\/\/www.bdesign-floors.com\/wp-content\/uploads\/2023\/02\/smart-plus-eiche-grau-wandverkleidung-b-design-wall.jpg-300x300.jpg 300w\"><\/div>                                        <\/div>\n                                        <button class=\"carousel-control-prev\" type=\"button\" data-bs-target=\"#bdesign2022-productslider-20270\" data-bs-slide=\"prev\">\n                                            <span class=\"carousel-control-prev-icon\" aria-hidden=\"true\"><\/span>\n                                            <span class=\"visually-hidden\">Previous<\/span>\n                                        <\/button>\n                                        <button class=\"carousel-control-next\" type=\"button\" data-bs-target=\"#bdesign2022-productslider-20270\" data-bs-slide=\"next\">\n                                            <span class=\"carousel-control-next-icon\" aria-hidden=\"true\"><\/span>\n                                            <span class=\"visually-hidden\">Next<\/span>\n                                        <\/button>\n                                    <\/div>\n                                <\/div>\n                            <\/div>\n                        <\/div>\n                    <\/div>\n                <\/div>\n            <\/div>\n        <\/div>\n\n                <script>        (function ($) {            setTimeout(function(){                var myModalEl = document.getElementById(\"pci-lbox-20270\");                myModalEl.addEventListener(\"hidden.bs.modal\", function (event) {bdesign2022_modalMagic(\"hidden\")});                myModalEl.addEventListener(\"shown.bs.modal\", function (event) {bdesign2022_modalMagic(\"shown\")});            },500);        })(jQuery);        <\/script>                    <div class=\"modal fade bdesign2022-modal is-product\" id=\"pci-lbox-20271\" tabindex=\"-1\" aria-hidden=\"true\" aria-labelledby=\"pci-lbox-20271-label\">\n                <div class=\"modal-dialog modal-dialog-scrollable modal-dialog-centered\">\n                    <div class=\"modal-content\">\n                        <div class=\"modal-header\">\n                        <h5 class=\"modal-title\" id=\"pci-lbox-20271-label\">Smart Plus Eiche Hellbraun<\/h5>\n                        <button type=\"button\" class=\"btn-close\" data-bs-dismiss=\"modal\" aria-label=\"Close\"><\/button>\n                    <\/div>\n                    <div class=\"modal-body\">\n                        <div class=\"container\">\n                            <div class=\"row\">\n                                <div class=\"col-10 col-sm-6 offset-1 offset-sm-3\">\n                                    <div id=\"bdesign2022-productslider-20271\" class=\"carousel slide bdesign2022-productslider psi-is-wall\">\n                                        <div class=\"carousel-indicators\">\n                                            <button type=\"button\" data-bs-target=\"#bdesign2022-productslider-20271\" data-bs-slide-to=\"0\" class=\"active\" aria-current=\"true\" aria-label=\"Slide 0\"><\/button><button type=\"button\" data-bs-target=\"#bdesign2022-productslider-20271\" data-bs-slide-to=\"1\" aria-label=\"Slide 1\"><\/button>                                        <\/div>\n                                        <div class=\"carousel-inner\">\n                                            <div class=\"carousel-item active\"><img decoding=\"async\" class=\"img-fluid product-image\" src=\"https:\/\/www.bdesign-floors.com\/wp-content\/uploads\/2023\/02\/smart-plus-eiche-hellbraun-b-design-wall.jpg\" srcset=\"https:\/\/www.bdesign-floors.com\/wp-content\/uploads\/2023\/02\/smart-plus-eiche-hellbraun-b-design-wall.jpg 1024w, https:\/\/www.bdesign-floors.com\/wp-content\/uploads\/2023\/02\/smart-plus-eiche-hellbraun-b-design-wall-768x768.jpg 768w, https:\/\/www.bdesign-floors.com\/wp-content\/uploads\/2023\/02\/smart-plus-eiche-hellbraun-b-design-wall-300x300.jpg 300w\"><\/div><div class=\"carousel-item\"><img decoding=\"async\" class=\"img-fluid product-image\" src=\"https:\/\/www.bdesign-floors.com\/wp-content\/uploads\/2023\/02\/smart-plus-eiche-wandverkleidung-hellbraun-b-design-wall.jpg.jpg\" srcset=\"https:\/\/www.bdesign-floors.com\/wp-content\/uploads\/2023\/02\/smart-plus-eiche-wandverkleidung-hellbraun-b-design-wall.jpg.jpg 1024w, https:\/\/www.bdesign-floors.com\/wp-content\/uploads\/2023\/02\/smart-plus-eiche-wandverkleidung-hellbraun-b-design-wall.jpg-768x768.jpg 768w, https:\/\/www.bdesign-floors.com\/wp-content\/uploads\/2023\/02\/smart-plus-eiche-wandverkleidung-hellbraun-b-design-wall.jpg-300x300.jpg 300w\"><\/div>                                        <\/div>\n                                        <button class=\"carousel-control-prev\" type=\"button\" data-bs-target=\"#bdesign2022-productslider-20271\" data-bs-slide=\"prev\">\n                                            <span class=\"carousel-control-prev-icon\" aria-hidden=\"true\"><\/span>\n                                            <span class=\"visually-hidden\">Previous<\/span>\n                                        <\/button>\n                                        <button class=\"carousel-control-next\" type=\"button\" data-bs-target=\"#bdesign2022-productslider-20271\" data-bs-slide=\"next\">\n                                            <span class=\"carousel-control-next-icon\" aria-hidden=\"true\"><\/span>\n                                            <span class=\"visually-hidden\">Next<\/span>\n                                        <\/button>\n                                    <\/div>\n                                <\/div>\n                            <\/div>\n                        <\/div>\n                    <\/div>\n                <\/div>\n            <\/div>\n        <\/div>\n\n                <script>        (function ($) {            setTimeout(function(){                var myModalEl = document.getElementById(\"pci-lbox-20271\");                myModalEl.addEventListener(\"hidden.bs.modal\", function (event) {bdesign2022_modalMagic(\"hidden\")});                myModalEl.addEventListener(\"shown.bs.modal\", function (event) {bdesign2022_modalMagic(\"shown\")});            },500);        })(jQuery);        <\/script>                    <div class=\"modal fade bdesign2022-modal is-product\" id=\"pci-lbox-20266\" tabindex=\"-1\" aria-hidden=\"true\" aria-labelledby=\"pci-lbox-20266-label\">\n                <div class=\"modal-dialog modal-dialog-scrollable modal-dialog-centered\">\n                    <div class=\"modal-content\">\n                        <div class=\"modal-header\">\n                        <h5 class=\"modal-title\" id=\"pci-lbox-20266-label\">Prime Eiche Weiss<\/h5>\n                        <button type=\"button\" class=\"btn-close\" data-bs-dismiss=\"modal\" aria-label=\"Close\"><\/button>\n                    <\/div>\n                    <div class=\"modal-body\">\n                        <div class=\"container\">\n                            <div class=\"row\">\n                                <div class=\"col-10 col-sm-6 offset-1 offset-sm-3\">\n                                    <div id=\"bdesign2022-productslider-20266\" class=\"carousel slide bdesign2022-productslider psi-is-wall\">\n                                        <div class=\"carousel-indicators\">\n                                            <button type=\"button\" data-bs-target=\"#bdesign2022-productslider-20266\" data-bs-slide-to=\"0\" class=\"active\" aria-current=\"true\" aria-label=\"Slide 0\"><\/button><button type=\"button\" data-bs-target=\"#bdesign2022-productslider-20266\" data-bs-slide-to=\"1\" aria-label=\"Slide 1\"><\/button>                                        <\/div>\n                                        <div class=\"carousel-inner\">\n                                            <div class=\"carousel-item active\"><img decoding=\"async\" class=\"img-fluid product-image\" src=\"https:\/\/www.bdesign-floors.com\/wp-content\/uploads\/2023\/02\/prime-eiche-weiss-b-design-wall.jpg\" srcset=\"https:\/\/www.bdesign-floors.com\/wp-content\/uploads\/2023\/02\/prime-eiche-weiss-b-design-wall.jpg 1024w, https:\/\/www.bdesign-floors.com\/wp-content\/uploads\/2023\/02\/prime-eiche-weiss-b-design-wall-768x768.jpg 768w, https:\/\/www.bdesign-floors.com\/wp-content\/uploads\/2023\/02\/prime-eiche-weiss-b-design-wall-300x300.jpg 300w\"><\/div><div class=\"carousel-item\"><img decoding=\"async\" class=\"img-fluid product-image\" src=\"https:\/\/www.bdesign-floors.com\/wp-content\/uploads\/2023\/02\/prime-eiche-weiss-wandverkleidung-b-design-wall.jpg.jpg\" srcset=\"https:\/\/www.bdesign-floors.com\/wp-content\/uploads\/2023\/02\/prime-eiche-weiss-wandverkleidung-b-design-wall.jpg.jpg 1024w, https:\/\/www.bdesign-floors.com\/wp-content\/uploads\/2023\/02\/prime-eiche-weiss-wandverkleidung-b-design-wall.jpg-768x768.jpg 768w, https:\/\/www.bdesign-floors.com\/wp-content\/uploads\/2023\/02\/prime-eiche-weiss-wandverkleidung-b-design-wall.jpg-300x300.jpg 300w\"><\/div>                                        <\/div>\n                                        <button class=\"carousel-control-prev\" type=\"button\" data-bs-target=\"#bdesign2022-productslider-20266\" data-bs-slide=\"prev\">\n                                            <span class=\"carousel-control-prev-icon\" aria-hidden=\"true\"><\/span>\n                                            <span class=\"visually-hidden\">Previous<\/span>\n                                        <\/button>\n                                        <button class=\"carousel-control-next\" type=\"button\" data-bs-target=\"#bdesign2022-productslider-20266\" data-bs-slide=\"next\">\n                                            <span class=\"carousel-control-next-icon\" aria-hidden=\"true\"><\/span>\n                                            <span class=\"visually-hidden\">Next<\/span>\n                                        <\/button>\n                                    <\/div>\n                                <\/div>\n                            <\/div>\n                        <\/div>\n                    <\/div>\n                <\/div>\n            <\/div>\n        <\/div>\n\n                <script>        (function ($) {            setTimeout(function(){                var myModalEl = document.getElementById(\"pci-lbox-20266\");                myModalEl.addEventListener(\"hidden.bs.modal\", function (event) {bdesign2022_modalMagic(\"hidden\")});                myModalEl.addEventListener(\"shown.bs.modal\", function (event) {bdesign2022_modalMagic(\"shown\")});            },500);        })(jQuery);        <\/script>                    <div class=\"modal fade bdesign2022-modal is-product\" id=\"pci-lbox-19970\" tabindex=\"-1\" aria-hidden=\"true\" aria-labelledby=\"pci-lbox-19970-label\">\n                <div class=\"modal-dialog modal-dialog-scrollable modal-dialog-centered\">\n                    <div class=\"modal-content\">\n                        <div class=\"modal-header\">\n                        <h5 class=\"modal-title\" id=\"pci-lbox-19970-label\">Prime Eiche Hellbraun<\/h5>\n                        <button type=\"button\" class=\"btn-close\" data-bs-dismiss=\"modal\" aria-label=\"Close\"><\/button>\n                    <\/div>\n                    <div class=\"modal-body\">\n                        <div class=\"container\">\n                            <div class=\"row\">\n                                <div class=\"col-10 col-sm-6 offset-1 offset-sm-3\">\n                                    <div id=\"bdesign2022-productslider-19970\" class=\"carousel slide bdesign2022-productslider psi-is-wall\">\n                                        <div class=\"carousel-indicators\">\n                                            <button type=\"button\" data-bs-target=\"#bdesign2022-productslider-19970\" data-bs-slide-to=\"0\" class=\"active\" aria-current=\"true\" aria-label=\"Slide 0\"><\/button><button type=\"button\" data-bs-target=\"#bdesign2022-productslider-19970\" data-bs-slide-to=\"1\" aria-label=\"Slide 1\"><\/button>                                        <\/div>\n                                        <div class=\"carousel-inner\">\n                                            <div class=\"carousel-item active\"><img decoding=\"async\" class=\"img-fluid product-image\" src=\"https:\/\/www.bdesign-floors.com\/wp-content\/uploads\/2023\/02\/prime-eiche-hellbraun-b-design-wall_103-1.png\" srcset=\"https:\/\/www.bdesign-floors.com\/wp-content\/uploads\/2023\/02\/prime-eiche-hellbraun-b-design-wall_103-1.png 1024w, https:\/\/www.bdesign-floors.com\/wp-content\/uploads\/2023\/02\/prime-eiche-hellbraun-b-design-wall-768x768.jpg 768w, https:\/\/www.bdesign-floors.com\/wp-content\/uploads\/2023\/02\/prime-eiche-hellbraun-b-design-wall-300x300.jpg 300w\"><\/div><div class=\"carousel-item\"><img decoding=\"async\" class=\"img-fluid product-image\" src=\"https:\/\/www.bdesign-floors.com\/wp-content\/uploads\/2023\/02\/prime-eiche-hellbraun-wandverkleidung-b-design-wall-1.jpg\" srcset=\"https:\/\/www.bdesign-floors.com\/wp-content\/uploads\/2023\/02\/prime-eiche-hellbraun-wandverkleidung-b-design-wall-1.jpg 1024w, https:\/\/www.bdesign-floors.com\/wp-content\/uploads\/2023\/02\/prime-eiche-hellbraun-wandverkleidung-b-design-wall-1-768x768.jpg 768w, https:\/\/www.bdesign-floors.com\/wp-content\/uploads\/2023\/02\/prime-eiche-hellbraun-wandverkleidung-b-design-wall-1-300x300.jpg 300w\"><\/div>                                        <\/div>\n                                        <button class=\"carousel-control-prev\" type=\"button\" data-bs-target=\"#bdesign2022-productslider-19970\" data-bs-slide=\"prev\">\n                                            <span class=\"carousel-control-prev-icon\" aria-hidden=\"true\"><\/span>\n                                            <span class=\"visually-hidden\">Previous<\/span>\n                                        <\/button>\n                                        <button class=\"carousel-control-next\" type=\"button\" data-bs-target=\"#bdesign2022-productslider-19970\" data-bs-slide=\"next\">\n                                            <span class=\"carousel-control-next-icon\" aria-hidden=\"true\"><\/span>\n                                            <span class=\"visually-hidden\">Next<\/span>\n                                        <\/button>\n                                    <\/div>\n                                <\/div>\n                            <\/div>\n                        <\/div>\n                    <\/div>\n                <\/div>\n            <\/div>\n        <\/div>\n\n                <script>        (function ($) {            setTimeout(function(){                var myModalEl = document.getElementById(\"pci-lbox-19970\");                myModalEl.addEventListener(\"hidden.bs.modal\", function (event) {bdesign2022_modalMagic(\"hidden\")});                myModalEl.addEventListener(\"shown.bs.modal\", function (event) {bdesign2022_modalMagic(\"shown\")});            },500);        })(jQuery);        <\/script>                    <\/div>\n        <\/div>\n    <\/div>\n<\/div>\n\n\n<\/div>\n\n\n<div id=\"bdesign2022_video_block_e01519d4699f92a423faa0eb6016236e\" class=\"bdesign2022_block bdesign2022_block--bdesign2022_video\">\n    <div class=\"bdesign2022_block--wrapper\">\n        <div class=\"container\">\n            <div class=\"row video-row d-block d-sm-flex\">\n                <article role=\"article\" id=\"post_block_e01519d4699f92a423faa0eb6016236e\" class=\"video-item card col-12 col-sm-6 col-lg-6 col-xl-4 is-cc-schwarz\" data-video=\"https:\/\/www.youtube-nocookie.com\/embed\/vIzB8U9F9X0\">\n                    <div class=\"thumbnail\" data-bs-toggle=\"modal\" data-bs-target=\"#post_modal_block_e01519d4699f92a423faa0eb6016236e\">\n                        <img decoding=\"async\" class=\"img-fluid video\" src=\"https:\/\/www.bdesign-floors.com\/wp-content\/uploads\/2023\/02\/produktvideo-bdesign-wall-600x447.png\" srcset=\"https:\/\/www.bdesign-floors.com\/wp-content\/uploads\/2023\/02\/produktvideo-bdesign-wall-600x447.png 988w, https:\/\/www.bdesign-floors.com\/wp-content\/uploads\/2023\/02\/produktvideo-bdesign-wall-768x347.png 768w, https:\/\/www.bdesign-floors.com\/wp-content\/uploads\/2023\/02\/produktvideo-bdesign-wall-663x300.png 663w\">                    <\/div>\n                    <div class=\"card-body\" data-bs-toggle=\"modal\" data-bs-target=\"#post_modal_block_e01519d4699f92a423faa0eb6016236e\">\n                        <h5 class=\"card-title\">\n                            b!design Duvar \u00fcr\u00fcn videosu                        <\/h5>\n                    <\/div>\n\n                    <div id=\"post_modal_block_e01519d4699f92a423faa0eb6016236e\" class=\"modal fade bdesign2022-modal is-video-modal\">\n                        <div class=\"modal-dialog modal-dialog-scrollable modal-dialog-centered modal-lg\">\n                            <div class=\"modal-content\">\n                                <div class=\"modal-header\">\n                                    <h5 class=\"modal-title\" id=\"pci-vbox-block_e01519d4699f92a423faa0eb6016236e-label\">b!design Duvar \u00fcr\u00fcn videosu<\/h5>\n                                    <button type=\"button\" class=\"btn-close\" data-bs-dismiss=\"modal\" aria-label=\"Close\"><\/button>\n                                <\/div>\n                                <div class=\"modal-body\">\n                                    <div class=\"ratio ratio-16x9\">\n                                         <div class=\"brlbs-cmpnt-container brlbs-cmpnt-content-blocker brlbs-cmpnt-with-individual-styles\" data-borlabs-cookie-content-blocker-id=\"youtube-content-blocker\" data-borlabs-cookie-content=\"PGlmcmFtZSBzcmM9Imh0dHBzOi8vd3d3LnlvdXR1YmUtbm9jb29raWUuY29tL2VtYmVkL3ZJekI4VTlGOVgwP21vZGVzdGJyYW5kaW5nPTEmcmVsPTAmc2hvd2luZm89MCZodG1sNT0xJmVuYWJsZWpzYXBpPTEmdmVyc2lvbj0zJnBsYXllcmFwaWlkPXl0cGxheWVyIiBmcmFtZWJvcmRlcj0iMCIgYWxsb3c9ImFjY2VsZXJvbWV0ZXI7IGF1dG9wbGF5OyBlbmNyeXB0ZWQtbWVkaWE7IGd5cm9zY29wZTsgcGljdHVyZS1pbi1waWN0dXJlIiBhbGxvd2Z1bGxzY3JlZW4+PC9pZnJhbWU+\"><div class=\"brlbs-cmpnt-cb-preset-c brlbs-cmpnt-cb-youtube\"> <div class=\"brlbs-cmpnt-cb-thumbnail\" style=\"background-image: url('https:\/\/www.bdesign-floors.com\/wp-content\/uploads\/borlabs-cookie\/1\/yt_vIzB8U9F9X0_hqdefault.jpg')\"><\/div> <div class=\"brlbs-cmpnt-cb-main\"> <div class=\"brlbs-cmpnt-cb-play-button\"><\/div> <div class=\"brlbs-cmpnt-cb-content\"> <p class=\"brlbs-cmpnt-cb-description\">You are currently viewing a placeholder content from <strong>YouTube<\/strong>. To access the actual content, click the button below. Please note that doing so will share data with third-party providers.<\/p> <a class=\"brlbs-cmpnt-cb-provider-toggle\" href=\"#\" data-borlabs-cookie-show-provider-information role=\"button\">More Information<\/a> <\/div> <div class=\"brlbs-cmpnt-cb-buttons\"> <a class=\"brlbs-cmpnt-cb-btn\" href=\"#\" data-borlabs-cookie-unblock role=\"button\">Unblock content<\/a> <a class=\"brlbs-cmpnt-cb-btn\" href=\"#\" data-borlabs-cookie-accept-service role=\"button\" style=\"display: inherit\">Accept required service and unblock content<\/a> <\/div> <\/div> <\/div><\/div>                                    <\/div>\n                                <\/div>\n                            <\/div>\n                        <\/div>\n                    <\/div>\n\n                <\/article>\n            <\/div>\n        <\/div>\n    <\/div>\n<\/div>\n\n\n<div id=\"bdesign2022_badge_block_9279dfa123a4f4d35e5ff452a49f7140\" class=\"bdesign2022_block bdesign2022_block--bdesign2022_badge\">\n    <div class=\"badge-wrapper\">\n            <\/div>\n<\/div>\n\n\n<div id=\"bdesign2022_downloads_block_269ac9dbdacbfef1455d53280f125189\" class=\"bdesign2022_block bdesign2022_block--bdesign2022_downloads\">\n\n    <div class=\"bdesign2022_block--wrapper\">\n        <div class=\"container\">\n            <div class=\"row downloads-row d-block d-sm-flex\">\n\n                \n                        <article role=\"article\" id=\"post_block_269ac9dbdacbfef1455d53280f125189\" class=\"downloads-item card col-12 col-sm-4 card-is-dl\">\n                            <div class=\"thumbnail\">\n                                <img decoding=\"async\" class=\"img-fluid downloads\" src=\"https:\/\/www.bdesign-floors.com\/wp-content\/uploads\/2022\/08\/verlegeanleitung-downloads-b-design-600x600.jpg\" srcset=\"https:\/\/www.bdesign-floors.com\/wp-content\/uploads\/2022\/08\/verlegeanleitung-downloads-b-design-600x600.jpg 1110w, https:\/\/www.bdesign-floors.com\/wp-content\/uploads\/2022\/08\/verlegeanleitung-downloads-b-design-768x510.jpg 768w, https:\/\/www.bdesign-floors.com\/wp-content\/uploads\/2022\/08\/verlegeanleitung-downloads-b-design-452x300.jpg 452w\">                            <\/div>\n                            <div class=\"card-body\">\n                                <h5 class=\"card-title\">\n                                    Montaj talimatlar\u0131 ve garanti ko\u015fullar\u0131                                <\/h5>\n                            <\/div>\n                            <div class=\"card-footer\">\n                                                                    <a href=\"https:\/\/issuu.com\/hwz-international\/docs\/23-01_b_design.wall_montageanleitung_en?fr=sMzE0YTQyNjAyMDk\" target=\"_blank\" class=\"btn btn-bdesign2022 btn-primary\">\u0130ndir<\/a>\n\n                                                            <\/div>\n                        <\/article>\n\n\n                        \n            <\/div>\n        <\/div>\n    <\/div>\n<\/div>\n\n\n<div id=\"bdesign2022_downloads_block_21652e2a8d5c3e69189e20312a7b1456\" class=\"bdesign2022_block bdesign2022_block--bdesign2022_downloads\">\n\n    <div class=\"bdesign2022_block--wrapper\">\n        <div class=\"container\">\n            <div class=\"row downloads-row d-block d-sm-flex\">\n\n                \n                        <article role=\"article\" id=\"post_block_21652e2a8d5c3e69189e20312a7b1456\" class=\"downloads-item card col-12 col-sm-4 card-is-dl\">\n                            <div class=\"thumbnail\">\n                                <img decoding=\"async\" class=\"img-fluid downloads\" src=\"https:\/\/www.bdesign-floors.com\/wp-content\/uploads\/2022\/08\/broschuere-downloads-b-design-600x600.jpg\" srcset=\"https:\/\/www.bdesign-floors.com\/wp-content\/uploads\/2022\/08\/broschuere-downloads-b-design-600x600.jpg 1110w, https:\/\/www.bdesign-floors.com\/wp-content\/uploads\/2022\/08\/broschuere-downloads-b-design-768x510.jpg 768w, https:\/\/www.bdesign-floors.com\/wp-content\/uploads\/2022\/08\/broschuere-downloads-b-design-452x300.jpg 452w\">                            <\/div>\n                            <div class=\"card-body\">\n                                <h5 class=\"card-title\">\n                                    Bro\u015f\u00fcr                                <\/h5>\n                            <\/div>\n                            <div class=\"card-footer\">\n                                                                    <a href=\"https:\/\/issuu.com\/hwz-international\/docs\/22-11_b_design.wall_brochure_de-en_2-d?fr=sZTVlNDQyNjAyMDk\" target=\"_blank\" class=\"btn btn-bdesign2022 btn-primary\">\u0130ndir<\/a>\n\n                                                            <\/div>\n                        <\/article>\n\n\n                        \n            <\/div>\n        <\/div>\n    <\/div>\n<\/div>\n","protected":false},"excerpt":{"rendered":"","protected":false},"author":4,"featured_media":0,"parent":0,"menu_order":1,"comment_status":"closed","ping_status":"closed","template":"","meta":{"_acf_changed":false,"footnotes":""},"class_list":["post-19741","page","type-page","status-publish","hentry"],"acf":[],"yoast_head":"<!-- This site is optimized with the Yoast SEO plugin v24.2 - https:\/\/yoast.com\/wordpress\/plugins\/seo\/ -->\n<title>Modern tarzda \u015f\u0131k \u00e7\u0131talar | b!design<\/title>\n<meta name=\"description\" content=\"\u0130\u00e7 tasar\u0131m hayalinizi b!design Duvar panellerinin sade ve zamans\u0131z tasar\u0131mlar\u0131yla ger\u00e7e\u011fe d\u00f6n\u00fc\u015ft\u00fcr\u00fcn!\" \/>\n<meta name=\"robots\" content=\"index, follow, max-snippet:-1, max-image-preview:large, max-video-preview:-1\" \/>\n<link rel=\"canonical\" href=\"https:\/\/www.bdesign-floors.com\/tr\/duvar\/\" \/>\n<meta property=\"og:locale\" content=\"tr_TR\" \/>\n<meta property=\"og:type\" content=\"article\" \/>\n<meta property=\"og:title\" content=\"Modern tarzda \u015f\u0131k \u00e7\u0131talar | b!design\" \/>\n<meta property=\"og:description\" content=\"\u0130\u00e7 tasar\u0131m hayalinizi b!design Duvar panellerinin sade ve zamans\u0131z tasar\u0131mlar\u0131yla ger\u00e7e\u011fe d\u00f6n\u00fc\u015ft\u00fcr\u00fcn!\" \/>\n<meta property=\"og:url\" content=\"https:\/\/www.bdesign-floors.com\/tr\/duvar\/\" \/>\n<meta property=\"og:site_name\" content=\"b!design\" \/>\n<meta property=\"article:modified_time\" content=\"2023-07-05T12:17:05+00:00\" \/>\n<meta name=\"twitter:card\" content=\"summary_large_image\" \/>\n<script type=\"application\/ld+json\" class=\"yoast-schema-graph\">{\"@context\":\"https:\/\/schema.org\",\"@graph\":[{\"@type\":\"WebPage\",\"@id\":\"https:\/\/www.bdesign-floors.com\/tr\/duvar\/\",\"url\":\"https:\/\/www.bdesign-floors.com\/tr\/duvar\/\",\"name\":\"Modern tarzda \u015f\u0131k \u00e7\u0131talar | b!design\",\"isPartOf\":{\"@id\":\"https:\/\/bdesign.wp.factory.blim-dev.com\/#website\"},\"datePublished\":\"2023-07-05T12:17:04+00:00\",\"dateModified\":\"2023-07-05T12:17:05+00:00\",\"description\":\"\u0130\u00e7 tasar\u0131m hayalinizi b!design Duvar panellerinin sade ve zamans\u0131z tasar\u0131mlar\u0131yla ger\u00e7e\u011fe d\u00f6n\u00fc\u015ft\u00fcr\u00fcn!\",\"breadcrumb\":{\"@id\":\"https:\/\/www.bdesign-floors.com\/tr\/duvar\/#breadcrumb\"},\"inLanguage\":\"tr\",\"potentialAction\":[{\"@type\":\"ReadAction\",\"target\":[\"https:\/\/www.bdesign-floors.com\/tr\/duvar\/\"]}]},{\"@type\":\"BreadcrumbList\",\"@id\":\"https:\/\/www.bdesign-floors.com\/tr\/duvar\/#breadcrumb\",\"itemListElement\":[{\"@type\":\"ListItem\",\"position\":1,\"name\":\"Home\",\"item\":\"https:\/\/www.bdesign-floors.com\/tr\/\"},{\"@type\":\"ListItem\",\"position\":2,\"name\":\"Duvar\"}]},{\"@type\":\"WebSite\",\"@id\":\"https:\/\/bdesign.wp.factory.blim-dev.com\/#website\",\"url\":\"https:\/\/bdesign.wp.factory.blim-dev.com\/\",\"name\":\"b!design\",\"description\":\"Just another WordPress site\",\"potentialAction\":[{\"@type\":\"SearchAction\",\"target\":{\"@type\":\"EntryPoint\",\"urlTemplate\":\"https:\/\/bdesign.wp.factory.blim-dev.com\/?s={search_term_string}\"},\"query-input\":{\"@type\":\"PropertyValueSpecification\",\"valueRequired\":true,\"valueName\":\"search_term_string\"}}],\"inLanguage\":\"tr\"}]}<\/script>\n<!-- \/ Yoast SEO plugin. -->","yoast_head_json":{"title":"Modern tarzda \u015f\u0131k \u00e7\u0131talar | b!design","description":"\u0130\u00e7 tasar\u0131m hayalinizi b!design Duvar panellerinin sade ve zamans\u0131z tasar\u0131mlar\u0131yla ger\u00e7e\u011fe d\u00f6n\u00fc\u015ft\u00fcr\u00fcn!","robots":{"index":"index","follow":"follow","max-snippet":"max-snippet:-1","max-image-preview":"max-image-preview:large","max-video-preview":"max-video-preview:-1"},"canonical":"https:\/\/www.bdesign-floors.com\/tr\/duvar\/","og_locale":"tr_TR","og_type":"article","og_title":"Modern tarzda \u015f\u0131k \u00e7\u0131talar | b!design","og_description":"\u0130\u00e7 tasar\u0131m hayalinizi b!design Duvar panellerinin sade ve zamans\u0131z tasar\u0131mlar\u0131yla ger\u00e7e\u011fe d\u00f6n\u00fc\u015ft\u00fcr\u00fcn!","og_url":"https:\/\/www.bdesign-floors.com\/tr\/duvar\/","og_site_name":"b!design","article_modified_time":"2023-07-05T12:17:05+00:00","twitter_card":"summary_large_image","schema":{"@context":"https:\/\/schema.org","@graph":[{"@type":"WebPage","@id":"https:\/\/www.bdesign-floors.com\/tr\/duvar\/","url":"https:\/\/www.bdesign-floors.com\/tr\/duvar\/","name":"Modern tarzda \u015f\u0131k \u00e7\u0131talar | b!design","isPartOf":{"@id":"https:\/\/bdesign.wp.factory.blim-dev.com\/#website"},"datePublished":"2023-07-05T12:17:04+00:00","dateModified":"2023-07-05T12:17:05+00:00","description":"\u0130\u00e7 tasar\u0131m hayalinizi b!design Duvar panellerinin sade ve zamans\u0131z tasar\u0131mlar\u0131yla ger\u00e7e\u011fe d\u00f6n\u00fc\u015ft\u00fcr\u00fcn!","breadcrumb":{"@id":"https:\/\/www.bdesign-floors.com\/tr\/duvar\/#breadcrumb"},"inLanguage":"tr","potentialAction":[{"@type":"ReadAction","target":["https:\/\/www.bdesign-floors.com\/tr\/duvar\/"]}]},{"@type":"BreadcrumbList","@id":"https:\/\/www.bdesign-floors.com\/tr\/duvar\/#breadcrumb","itemListElement":[{"@type":"ListItem","position":1,"name":"Home","item":"https:\/\/www.bdesign-floors.com\/tr\/"},{"@type":"ListItem","position":2,"name":"Duvar"}]},{"@type":"WebSite","@id":"https:\/\/bdesign.wp.factory.blim-dev.com\/#website","url":"https:\/\/bdesign.wp.factory.blim-dev.com\/","name":"b!design","description":"Just another WordPress site","potentialAction":[{"@type":"SearchAction","target":{"@type":"EntryPoint","urlTemplate":"https:\/\/bdesign.wp.factory.blim-dev.com\/?s={search_term_string}"},"query-input":{"@type":"PropertyValueSpecification","valueRequired":true,"valueName":"search_term_string"}}],"inLanguage":"tr"}]}},"_links":{"self":[{"href":"https:\/\/www.bdesign-floors.com\/tr\/wp-json\/wp\/v2\/pages\/19741","targetHints":{"allow":["GET"]}}],"collection":[{"href":"https:\/\/www.bdesign-floors.com\/tr\/wp-json\/wp\/v2\/pages"}],"about":[{"href":"https:\/\/www.bdesign-floors.com\/tr\/wp-json\/wp\/v2\/types\/page"}],"author":[{"embeddable":true,"href":"https:\/\/www.bdesign-floors.com\/tr\/wp-json\/wp\/v2\/users\/4"}],"replies":[{"embeddable":true,"href":"https:\/\/www.bdesign-floors.com\/tr\/wp-json\/wp\/v2\/comments?post=19741"}],"version-history":[{"count":5,"href":"https:\/\/www.bdesign-floors.com\/tr\/wp-json\/wp\/v2\/pages\/19741\/revisions"}],"predecessor-version":[{"id":21320,"href":"https:\/\/www.bdesign-floors.com\/tr\/wp-json\/wp\/v2\/pages\/19741\/revisions\/21320"}],"wp:attachment":[{"href":"https:\/\/www.bdesign-floors.com\/tr\/wp-json\/wp\/v2\/media?parent=19741"}],"curies":[{"name":"wp","href":"https:\/\/api.w.org\/{rel}","templated":true}]}}